{"id":16795,"date":"2017-07-03T17:03:05","date_gmt":"2017-07-03T15:03:05","guid":{"rendered":"https:\/\/www.tourisme-aveyron-segala.fr\/?page_id=16795\/"},"modified":"2017-07-03T17:03:05","modified_gmt":"2017-07-03T15:03:05","slug":"hotels","status":"publish","type":"page","link":"https:\/\/www.tourisme-aveyron-segala.fr\/en\/nesting\/hotels\/","title":{"rendered":"Hotels"},"content":{"rendered":"<div class=\"navigation-oit-container\" id=\"topListe\">\n\t\t<div class=\"navigation-oit\">\n\t\t\t<h2>H\u00f4tel-Restaurant Le S\u00e9n\u00e9chal<\/h2>\n\t\t\t<a href=\"#topListe\" class=\"onlyListe actif\"><span class=\"label\">List<\/span><\/a>\n\t\t\t<a href=\"#topListe\" class=\"listeMap\"><span class=\"label\">List and map<\/span><\/a>\n\t\t\t<a href=\"#topListe\" class=\"onlyMap\"><span class=\"label\">Map<\/span><\/a>\n\t\t<\/div>\n\t<\/div><ul class=\"fiches-oi\" id=\"liste-fiches\"><li data-tn_identifier=\"12056-HOT-20131214162005535\" data-counterTxt=\"01\" data-tn_code=|02.01.05|02.01.05.01.02 ><a href=\"https:\/\/www.tourisme-aveyron-segala.fr\/en\/oit\/hotel-authentic-by-balladins-rodez-le-segala-2\/?lis_id=26\" title=\"Read more...\"><span class=\"symbole imageNid\"><\/span><span class=\"vignette\" style=\"background-image:url(https:\/\/www.tourisme-aveyron-segala.fr\/wp-content\/uploads\/2022\/03\/600-499.webp);\"><\/span><span class=\"counter\">01<\/span><span class=\"picto\"><img src=\"https:\/\/www.tourisme-aveyron-segala.fr\/wp-content\/plugins\/sc_travelnode\/im\/clairs\/pictoNid.png\"><\/span><h4 class=\"titreFiche\">H\u00f4tel Authentic by Balladins Rodez \/ Le S\u00e9gala<\/h4><span class=\"commmune\">Baraqueville<\/span><span class=\"criteres\">47 Room, 89 Person, 300 Number of seats, 30 Couvert en terrasse, 2 Flat, 4 Room, Unclassified, Balladins, ERP\/SDIS compliance<\/span><\/a><\/li><li data-tn_identifier=\"12056-HOT-20080902163651529\" data-counterTxt=\"02\" data-tn_code=|02.01.05|02.01.05.01.02 ><a href=\"https:\/\/www.tourisme-aveyron-segala.fr\/en\/oit\/hotel-restaurant-le-palous-2\/?lis_id=26\" title=\"Read more...\"><span class=\"symbole imageNid\"><\/span><span class=\"vignette\" style=\"background-image:url(https:\/\/www.tourisme-aveyron-segala.fr\/wp-content\/uploads\/2022\/03\/600-465.webp);\"><\/span><span class=\"counter\">02<\/span><span class=\"picto\"><img src=\"https:\/\/www.tourisme-aveyron-segala.fr\/wp-content\/plugins\/sc_travelnode\/im\/clairs\/pictoNid.png\"><\/span><h4 class=\"titreFiche\">H\u00f4tel-Restaurant Le Palous<\/h4><span class=\"commmune\">Baraqueville<\/span><span class=\"criteres\">16 Room, 37 Person, 40 Couvert en terrasse, 100 Number of seats, Unclassified, ERP\/SDIS compliance<\/span><\/a><\/li><li data-tn_identifier=\"12021-HOT-20130528125555555\" data-counterTxt=\"03\" data-tn_code=|02.01.05|02.01.05.01.02 ><a href=\"https:\/\/www.tourisme-aveyron-segala.fr\/en\/oit\/hotel-souyri-2\/?lis_id=26\" title=\"Read more...\"><span class=\"symbole imageNid\"><\/span><span class=\"vignette\" style=\"background-image:url(https:\/\/www.tourisme-aveyron-segala.fr\/wp-content\/uploads\/2017\/06\/600-550.webp);\"><\/span><span class=\"counter\">03<\/span><span class=\"picto\"><img src=\"https:\/\/www.tourisme-aveyron-segala.fr\/wp-content\/plugins\/sc_travelnode\/im\/clairs\/pictoNid.png\"><\/span><h4 class=\"titreFiche\">H\u00f4tel Souyri<\/h4><span class=\"commmune\">Le Bas S\u00e9gala<\/span><span class=\"criteres\">12 Person, 5 Room, Unclassified, ERP\/SDIS compliance<\/span><\/a><\/li><li data-tn_identifier=\"12169-HOT-20131206013226696\" data-counterTxt=\"04\" data-tn_code=|02.01.05|02.01.05.01.02 ><a href=\"https:\/\/www.tourisme-aveyron-segala.fr\/en\/oit\/hotel-le-flambadou-2\/?lis_id=26\" title=\"Read more...\"><span class=\"symbole imageNid\"><\/span><span class=\"vignette\" style=\"background-image:url(https:\/\/www.tourisme-aveyron-segala.fr\/wp-content\/uploads\/2022\/03\/600-1128.webp);\"><\/span><span class=\"counter\">04<\/span><span class=\"picto\"><img src=\"https:\/\/www.tourisme-aveyron-segala.fr\/wp-content\/plugins\/sc_travelnode\/im\/clairs\/pictoNid.png\"><\/span><h4 class=\"titreFiche\">H\u00f4tel-Restaurant Le Flambadou<\/h4><span class=\"commmune\">Naucelle<\/span><span class=\"criteres\">7 Room, 15 Person, 100 Number of seats, 40 Couvert en terrasse, Unclassified, ERP\/SDIS compliance<\/span><\/a><\/li><li data-tn_identifier=\"12198-HOT-2014011220304062\" data-counterTxt=\"05\" data-tn_code=|02.01.05|02.01.05.01.02 ><a href=\"https:\/\/www.tourisme-aveyron-segala.fr\/en\/oit\/hotel-du-commerce-2\/?lis_id=26\" title=\"Read more...\"><span class=\"symbole imageNid\"><\/span><span class=\"vignette\" style=\"background-image:url(https:\/\/www.tourisme-aveyron-segala.fr\/wp-content\/uploads\/2017\/06\/600-867.webp);\"><\/span><span class=\"counter\">05<\/span><span class=\"picto\"><img src=\"https:\/\/www.tourisme-aveyron-segala.fr\/wp-content\/plugins\/sc_travelnode\/im\/clairs\/pictoNid.png\"><\/span><h4 class=\"titreFiche\">H\u00f4tel du Commerce<\/h4><span class=\"commmune\">Rieupeyroux<\/span><span class=\"criteres\">22 Room, 45 Person, 120 Number of seats, 90 Couvert en terrasse, 3 stars, ERP\/SDIS compliance, Ma\u00eetre-Restaurateur<\/span><\/a><\/li><li data-tn_identifier=\"12262-HOT-20110323144127673\" data-counterTxt=\"06\" data-tn_code=|02.01.05|02.01.05.01.02 ><a href=\"https:\/\/www.tourisme-aveyron-segala.fr\/en\/oit\/hotel-restaurant-le-senechal-2\/?lis_id=26\" title=\"Read more...\"><span class=\"symbole imageNid\"><\/span><span class=\"vignette\" style=\"background-image:url(https:\/\/www.tourisme-aveyron-segala.fr\/wp-content\/uploads\/2022\/03\/600-1565.webp);\"><\/span><span class=\"counter\">06<\/span><span class=\"picto\"><img src=\"https:\/\/www.tourisme-aveyron-segala.fr\/wp-content\/plugins\/sc_travelnode\/im\/clairs\/pictoNid.png\"><\/span><h4 class=\"titreFiche\">H\u00f4tel-Restaurant Le S\u00e9n\u00e9chal<\/h4><span class=\"commmune\">Sauveterre-de-Rouergue<\/span><span class=\"criteres\">11 Room, 22 Person, 30 Number of seats, 20 Couvert en terrasse, 4 stars, H\u00f4tellerie de charme et de caract\u00e8re en Midi-Pyr\u00e9n\u00e9es, ERP\/SDIS compliance<\/span><\/a><\/li><\/ul>\n\t<script type=\"text\/javascript\">\n\t\/* <![CDATA[ *\/\n\t\tvar sc_page = {};\n\t\tsc_page.fichesPage = [\"12056-HOT-20131214162005535\",\"12056-HOT-20080902163651529\",\"12021-HOT-20130528125555555\",\"12169-HOT-20131206013226696\",\"12198-HOT-2014011220304062\",\"12262-HOT-20110323144127673\"];\n\t\tsc_page.zoom = 11;\n\t\tsc_page.lis_id = 26;\n\t\tsc_page.current_tn_identifier = \"\";\n\t\tsc_page.current_counter_text = \"\";\n\t\/* ]]> *\/\n\t<\/script>\n\t<div id=\"carto\"><\/div>\n","protected":false},"excerpt":{"rendered":"<p> [&#8230;]<\/p>\n<p><a class=\"btn btn-secondary understrap-read-more-link\" href=\"https:\/\/www.tourisme-aveyron-segala.fr\/en\/oit\/hotel-restaurant-le-senechal-2\/\">Read More&#8230;<\/a><\/p>\n","protected":false},"author":5,"featured_media":15736,"parent":14414,"menu_order":1,"comment_status":"closed","ping_status":"closed","template":"page-templates\/page-listeOI.php","meta":[],"_links":{"self":[{"href":"https:\/\/www.tourisme-aveyron-segala.fr\/en\/wp-json\/wp\/v2\/pages\/16795"}],"collection":[{"href":"https:\/\/www.tourisme-aveyron-segala.fr\/en\/wp-json\/wp\/v2\/pages"}],"about":[{"href":"https:\/\/www.tourisme-aveyron-segala.fr\/en\/wp-json\/wp\/v2\/types\/page"}],"author":[{"embeddable":true,"href":"https:\/\/www.tourisme-aveyron-segala.fr\/en\/wp-json\/wp\/v2\/users\/5"}],"replies":[{"embeddable":true,"href":"https:\/\/www.tourisme-aveyron-segala.fr\/en\/wp-json\/wp\/v2\/comments?post=16795"}],"version-history":[{"count":1,"href":"https:\/\/www.tourisme-aveyron-segala.fr\/en\/wp-json\/wp\/v2\/pages\/16795\/revisions"}],"predecessor-version":[{"id":16796,"href":"https:\/\/www.tourisme-aveyron-segala.fr\/en\/wp-json\/wp\/v2\/pages\/16795\/revisions\/16796"}],"up":[{"embeddable":true,"href":"https:\/\/www.tourisme-aveyron-segala.fr\/en\/wp-json\/wp\/v2\/pages\/14414"}],"wp:featuredmedia":[{"embeddable":true,"href":"https:\/\/www.tourisme-aveyron-segala.fr\/en\/wp-json\/wp\/v2\/media\/15736"}],"wp:attachment":[{"href":"https:\/\/www.tourisme-aveyron-segala.fr\/en\/wp-json\/wp\/v2\/media?parent=16795"}],"curies":[{"name":"wp","href":"https:\/\/api.w.org\/{rel}","templated":true}]}}