{"id":15265,"date":"2017-06-22T09:13:48","date_gmt":"2017-06-22T07:13:48","guid":{"rendered":"https:\/\/www.tourisme-aveyron-segala.fr\/?page_id=15265\/"},"modified":"2017-06-22T17:15:18","modified_gmt":"2017-06-22T15:15:18","slug":"festivals","status":"publish","type":"page","link":"https:\/\/www.tourisme-aveyron-segala.fr\/en\/agenda\/festivals\/","title":{"rendered":"Festivals"},"content":{"rendered":"<div class=\"navigation-oit-container\" id=\"topListe\">\n\t\t<div class=\"navigation-oit\">\n\t\t\t<h2>Festivals<\/h2>\n\t\t\t<a href=\"#topListe\" class=\"onlyListe actif\"><span class=\"label\">List<\/span><\/a>\n\t\t\t<a href=\"#topListe\" class=\"listeMap\"><span class=\"label\">List and map<\/span><\/a>\n\t\t\t<a href=\"#topListe\" class=\"onlyMap\"><span class=\"label\">Map<\/span><\/a>\n\t\t<\/div>\n\t<\/div><ul class=\"fiches-oi\" id=\"liste-fiches\"><li data-tn_identifier=\"12021-FMA-20210502085323245\" data-counterTxt=\"01\" data-tn_code=|02.01.03|02.01.03.01.23|02.01.03.05.04|02.01.03.05.05|02.01.03.05.03|02.01.03.03.62|02.01.03.04.12|02.01.03.04.14|02.01.03.04.10 ><a href=\"https:\/\/www.tourisme-aveyron-segala.fr\/en\/oit\/visite-et-martelage-du-cuivre-aux-martinets-du-lezert-2\/?lis_id=17\" title=\"Read more...\"><span class=\"symbole imageAgenda\"><\/span><span class=\"vignette\" style=\"background-image:url(https:\/\/www.tourisme-aveyron-segala.fr\/wp-content\/uploads\/2026\/02\/600-156.webp);\"><\/span><span class=\"counter\">01<\/span><span class=\"picto\"><img src=\"https:\/\/www.tourisme-aveyron-segala.fr\/wp-content\/plugins\/sc_travelnode\/im\/clairs\/pictoAgenda.png\"><\/span><h4 class=\"titreFiche\">Visite et martelage du cuivre aux Martinets du L\u00e9zert<\/h4><span class=\"commmune\">Le Bas S\u00e9gala<\/span><span class=\"criteres\"><span class=\"periode\">- From Friday 01\/05\/2026 to Tuesday 30\/06\/2026<\/span><span class=\"jour\"> - Sunday from 15:00 to 18:00<\/span><span class=\"jour\"> - Bank holidays from [...]<br><\/span><\/a><\/li><li data-tn_identifier=\"12056-FMA-20190423123123250\" data-counterTxt=\"02\" data-tn_code=|02.01.03|02.01.03.01.11|02.01.03.04.10 ><a href=\"https:\/\/www.tourisme-aveyron-segala.fr\/en\/oit\/foire-agricole-de-baraqueville-2\/?lis_id=17\" title=\"Read more...\"><span class=\"symbole imageAgenda\"><\/span><span class=\"vignette\" style=\"background-image:url(https:\/\/www.tourisme-aveyron-segala.fr\/wp-content\/uploads\/2026\/04\/600-108.webp);\"><\/span><span class=\"counter\">02<\/span><span class=\"picto\"><img src=\"https:\/\/www.tourisme-aveyron-segala.fr\/wp-content\/plugins\/sc_travelnode\/im\/clairs\/pictoAgenda.png\"><\/span><h4 class=\"titreFiche\">Foire agricole de Baraqueville<\/h4><span class=\"commmune\">Baraqueville<\/span><span class=\"criteres\"><span class=\"periode\">- From Saturday 02\/05\/2026 to Sunday 03\/05\/2026<\/span>  <br><\/span><\/a><\/li><li data-tn_identifier=\"12278-FMA-20260423091055809\" data-counterTxt=\"03\" data-tn_code=|02.01.03|02.01.03.01.12|02.01.03.01.22|02.01.03.01.23|02.01.03.05.04|02.01.03.05.05|02.01.03.03.64|02.01.03.04.14|02.01.03.04.10 ><a href=\"https:\/\/www.tourisme-aveyron-segala.fr\/en\/oit\/les-guinguettes-paysannes-2\/?lis_id=17\" title=\"Read more...\"><span class=\"symbole imageAgenda\"><\/span><span class=\"vignette\" style=\"background-image:url(https:\/\/www.tourisme-aveyron-segala.fr\/wp-content\/uploads\/2026\/04\/600-110.webp);\"><\/span><span class=\"counter\">03<\/span><span class=\"picto\"><img src=\"https:\/\/www.tourisme-aveyron-segala.fr\/wp-content\/plugins\/sc_travelnode\/im\/clairs\/pictoAgenda.png\"><\/span><h4 class=\"titreFiche\">Les guinguettes paysannes<\/h4><span class=\"commmune\">Tayrac<\/span><span class=\"criteres\"><span class=\"periode\">- Wednesday 06\/05\/2026<\/span><span class=\"comment\"> De 16h \u00e0 19h.<\/span> <span class=\"periode\">- Wednesday 03\/06\/2026<\/span><span class=\"comment\"> De 16h \u00e0 19h.<\/span> <span class=\"periode\">- [...]<br><\/span><\/a><\/li><li data-tn_identifier=\"12144-FMA-20260417111700941\" data-counterTxt=\"04\" data-tn_code=|02.01.03|02.01.03.01.12|02.01.03.01.22|02.01.03.01.19|02.01.03.05.04 ><a href=\"https:\/\/www.tourisme-aveyron-segala.fr\/en\/oit\/soiree-anniversaire-du-lou-meljacol-2\/?lis_id=17\" title=\"Read more...\"><span class=\"symbole imageAgenda\"><\/span><span class=\"vignette\" style=\"background-image:url(https:\/\/www.tourisme-aveyron-segala.fr\/wp-content\/uploads\/2026\/04\/600-104.webp);\"><\/span><span class=\"counter\">04<\/span><span class=\"picto\"><img src=\"https:\/\/www.tourisme-aveyron-segala.fr\/wp-content\/plugins\/sc_travelnode\/im\/clairs\/pictoAgenda.png\"><\/span><h4 class=\"titreFiche\">Soir\u00e9e anniversaire du Lou Meljacol<\/h4><span class=\"commmune\">Meljac<\/span><span class=\"criteres\"><span class=\"periode\">- Friday 08\/05\/2026<\/span><span class=\"comment\"> \u00c0 partir de 16h<\/span>  <br><\/span><\/a><\/li><li data-tn_identifier=\"12258-FMA-20241211111832266\" data-counterTxt=\"05\" data-tn_code=|02.01.03|02.01.03.01.24|02.01.03.01.25|02.01.03.01.01|02.01.03.01.10|02.01.03.01.22|02.01.03.01.19|02.01.03.01.20|02.01.03.05.04|02.01.03.03.12|02.01.03.04.12|02.01.03.04.02 ><a href=\"https:\/\/www.tourisme-aveyron-segala.fr\/en\/oit\/festival-la-salvetat-en-rue-libre-4-2\/?lis_id=17\" title=\"Read more...\"><span class=\"symbole imageAgenda\"><\/span><span class=\"vignette\" style=\"background-image:url(https:\/\/www.tourisme-aveyron-segala.fr\/wp-content\/uploads\/2026\/01\/600-119.webp);\"><\/span><span class=\"counter\">05<\/span><span class=\"picto\"><img src=\"https:\/\/www.tourisme-aveyron-segala.fr\/wp-content\/plugins\/sc_travelnode\/im\/clairs\/pictoAgenda.png\"><\/span><h4 class=\"titreFiche\">Festival La Salvetat en rue libre #4<\/h4><span class=\"commmune\">La Salvetat-Peyral\u00e8s<\/span><span class=\"criteres\"><span class=\"periode\">- From Friday 22\/05\/2026 to Sunday 24\/05\/2026<\/span><span class=\"jour\"> - Sunday<\/span><span class=\"jour\"> - Friday<\/span><span class=\"jour\"> - Saturday<\/span>  <br><\/span><\/a><\/li><li data-tn_identifier=\"12021-FMA-20260122143222631\" data-counterTxt=\"06\" data-tn_code=|02.01.03|02.01.03.01.22|02.01.03.01.19|02.01.03.05.04 ><a href=\"https:\/\/www.tourisme-aveyron-segala.fr\/en\/oit\/repas-et-spectacle-madame-cece-la-bastide-leveque-2\/?lis_id=17\" title=\"Read more...\"><span class=\"symbole imageAgenda\"><\/span><span class=\"vignette\" style=\"background-image:url(https:\/\/www.tourisme-aveyron-segala.fr\/wp-content\/uploads\/2026\/01\/600-123.webp);\"><\/span><span class=\"counter\">06<\/span><span class=\"picto\"><img src=\"https:\/\/www.tourisme-aveyron-segala.fr\/wp-content\/plugins\/sc_travelnode\/im\/clairs\/pictoAgenda.png\"><\/span><h4 class=\"titreFiche\">Repas et Spectacle \"Madame C\u00e9c\u00e9\" - La Bastide l'Ev\u00eaque<\/h4><span class=\"commmune\">Le Bas S\u00e9gala<\/span><span class=\"criteres\"><span class=\"periode\">- Saturday 23\/05\/2026<\/span><span class=\"comment\"> 12h paella,<br \/>\n15h spectacle<\/span>  <br><\/span><\/a><\/li><li data-tn_identifier=\"12162-FMA-20250509102327314\" data-counterTxt=\"07\" data-tn_code=|02.01.03|02.01.03.01.22|02.01.03.05.04|02.01.03.03.38|02.01.03.03.69|02.01.03.04.12|02.01.03.04.14|02.01.03.04.09 ><a href=\"https:\/\/www.tourisme-aveyron-segala.fr\/en\/oit\/rando-gourmande-3\/?lis_id=17\" title=\"Read more...\"><span class=\"symbole imageAgenda\"><\/span><span class=\"vignette\" style=\"background-image:url(https:\/\/www.tourisme-aveyron-segala.fr\/wp-content\/uploads\/2026\/04\/600-116.webp);\"><\/span><span class=\"counter\">07<\/span><span class=\"picto\"><img src=\"https:\/\/www.tourisme-aveyron-segala.fr\/wp-content\/plugins\/sc_travelnode\/im\/clairs\/pictoAgenda.png\"><\/span><h4 class=\"titreFiche\">Rando gourmande<\/h4><span class=\"commmune\">Moyraz\u00e8s<\/span><span class=\"criteres\"><span class=\"periode\">- Saturday 30\/05\/2026<\/span><span class=\"comment\"> \u00c0 partir de 08h<\/span>  <br><\/span><\/a><\/li><li data-tn_identifier=\"12021-FMA-20240118090403539\" data-counterTxt=\"08\" data-tn_code=|02.01.03|02.01.03.01.05|02.01.03.01.22 ><a href=\"https:\/\/www.tourisme-aveyron-segala.fr\/en\/oit\/soiree-brasucade-a-vabre-tizac-2\/?lis_id=17\" title=\"Read more...\"><span class=\"symbole imageAgenda\"><\/span><span class=\"vignette\" style=\"background-image:url(https:\/\/www.tourisme-aveyron-segala.fr\/wp-content\/uploads\/2025\/11\/600-3.webp);\"><\/span><span class=\"counter\">08<\/span><span class=\"picto\"><img src=\"https:\/\/www.tourisme-aveyron-segala.fr\/wp-content\/plugins\/sc_travelnode\/im\/clairs\/pictoAgenda.png\"><\/span><h4 class=\"titreFiche\">Soir\u00e9e brasucade \u00e0 Vabre-Tizac<\/h4><span class=\"commmune\">Le Bas S\u00e9gala<\/span><span class=\"criteres\"><span class=\"periode\">- Saturday 06\/06\/2026<\/span>  <br><\/span><\/a><\/li><li data-tn_identifier=\"12278-FMA-20250407105441794\" data-counterTxt=\"09\" data-tn_code=|02.01.03|02.01.03.01.25|02.01.03.01.26|02.01.03.01.30|02.01.03.01.22|02.01.03.05.04|02.01.03.03.68|02.01.03.03.38 ><a href=\"https:\/\/www.tourisme-aveyron-segala.fr\/en\/oit\/fete-de-la-saint-medard-2\/?lis_id=17\" title=\"Read more...\"><span class=\"symbole imageAgenda\"><\/span><span class=\"vignette\" style=\"background-image:url(https:\/\/www.tourisme-aveyron-segala.fr\/wp-content\/uploads\/2026\/03\/600-32.webp);\"><\/span><span class=\"counter\">09<\/span><span class=\"picto\"><img src=\"https:\/\/www.tourisme-aveyron-segala.fr\/wp-content\/plugins\/sc_travelnode\/im\/clairs\/pictoAgenda.png\"><\/span><h4 class=\"titreFiche\">F\u00eate de la Saint M\u00e9dard<\/h4><span class=\"commmune\">Tayrac<\/span><span class=\"criteres\"><span class=\"periode\">- From Saturday 13\/06\/2026 to Sunday 14\/06\/2026<\/span><span class=\"jour\"> - Sunday<\/span><span class=\"jour\"> - Saturday<\/span>  <br><\/span><\/a><\/li><li data-tn_identifier=\"12258-FMA-20260209151730374\" data-counterTxt=\"10\" data-tn_code=|02.01.03|02.01.03.01.26|02.01.03.01.22|02.01.03.05.04|02.01.03.05.05|02.01.03.03.38|02.01.03.04.12|02.01.03.04.14|02.01.03.04.09 ><a href=\"https:\/\/www.tourisme-aveyron-segala.fr\/en\/oit\/la-fete-du-viaur-2\/?lis_id=17\" title=\"Read more...\"><span class=\"symbole imageAgenda\"><\/span><span class=\"vignette\" style=\"background-image:url(https:\/\/www.tourisme-aveyron-segala.fr\/wp-content\/uploads\/2026\/02\/600-75.webp);\"><\/span><span class=\"counter\">10<\/span><span class=\"picto\"><img src=\"https:\/\/www.tourisme-aveyron-segala.fr\/wp-content\/plugins\/sc_travelnode\/im\/clairs\/pictoAgenda.png\"><\/span><h4 class=\"titreFiche\">La f\u00eate du Viaur<\/h4><span class=\"commmune\">La Salvetat-Peyral\u00e8s<\/span><span class=\"criteres\"><span class=\"periode\">- Sunday 14\/06\/2026<\/span>  <br><\/span><\/a><\/li><li data-tn_identifier=\"12258-FMA-20260209153707719\" data-counterTxt=\"11\" data-tn_code=|02.01.03|02.01.03.01.22|02.01.03.05.04|02.01.03.05.05|02.01.03.03.38 ><a href=\"https:\/\/www.tourisme-aveyron-segala.fr\/en\/oit\/soiree-concert-2\/?lis_id=17\" title=\"Read more...\"><span class=\"symbole imageAgenda\"><\/span><span class=\"vignette indisponible\">No photo<\/span><span class=\"counter\">11<\/span><span class=\"picto\"><img src=\"https:\/\/www.tourisme-aveyron-segala.fr\/wp-content\/plugins\/sc_travelnode\/im\/clairs\/pictoAgenda.png\"><\/span><h4 class=\"titreFiche\">Soir\u00e9e concert<\/h4><span class=\"commmune\">La Salvetat-Peyral\u00e8s<\/span><span class=\"criteres\"><span class=\"periode\">- Saturday 27\/06\/2026<\/span>  <br><\/span><\/a><\/li><li data-tn_identifier=\"12021-FMA-20240118091335672\" data-counterTxt=\"12\" data-tn_code=|02.01.03|02.01.03.01.12|02.01.03.01.22|02.01.03.01.23|02.01.03.05.04|02.01.03.05.05|02.01.03.05.03|02.01.03.03.64|02.01.03.03.62|02.01.03.03.38|02.01.03.04.14 ><a href=\"https:\/\/www.tourisme-aveyron-segala.fr\/en\/oit\/journee-du-patrimoine-de-pays-a-la-bastide-leveque-2\/?lis_id=17\" title=\"Read more...\"><span class=\"symbole imageAgenda\"><\/span><span class=\"vignette\" style=\"background-image:url(https:\/\/www.tourisme-aveyron-segala.fr\/wp-content\/uploads\/2025\/12\/600-2.webp);\"><\/span><span class=\"counter\">12<\/span><span class=\"picto\"><img src=\"https:\/\/www.tourisme-aveyron-segala.fr\/wp-content\/plugins\/sc_travelnode\/im\/clairs\/pictoAgenda.png\"><\/span><h4 class=\"titreFiche\">Journ\u00e9e du patrimoine de pays \u00e0 La Bastide l'Ev\u00eaque<\/h4><span class=\"commmune\">Le Bas S\u00e9gala<\/span><span class=\"criteres\"><span class=\"periode\">- Sunday 28\/06\/2026<\/span><span class=\"comment\"> 8h30-18h<\/span>  <br><\/span><\/a><\/li><li data-tn_identifier=\"12198-FMA-20240206143312847\" data-counterTxt=\"13\" data-tn_code=|02.01.03|02.01.03.01.22|02.01.03.03.38|02.01.03.04.09 ><a href=\"https:\/\/www.tourisme-aveyron-segala.fr\/en\/oit\/rando-vtt-et-pedestre-la-rieupeyrousaine-2\/?lis_id=17\" title=\"Read more...\"><span class=\"symbole imageAgenda\"><\/span><span class=\"vignette\" style=\"background-image:url(https:\/\/www.tourisme-aveyron-segala.fr\/wp-content\/uploads\/2026\/03\/600-67.webp);\"><\/span><span class=\"counter\">13<\/span><span class=\"picto\"><img src=\"https:\/\/www.tourisme-aveyron-segala.fr\/wp-content\/plugins\/sc_travelnode\/im\/clairs\/pictoAgenda.png\"><\/span><h4 class=\"titreFiche\">Rando VTT et p\u00e9destre \"La Rieupeyrousaine\"<\/h4><span class=\"commmune\">Rieupeyroux<\/span><span class=\"criteres\"><span class=\"periode\">- Sunday 28\/06\/2026<\/span><span class=\"comment\"> d\u00e8s 8h<\/span>  <br><\/span><\/a><\/li><li data-tn_identifier=\"12021-FMA-20210525145629875\" data-counterTxt=\"14\" data-tn_code=|02.01.03|02.01.03.01.23|02.01.03.03.62|02.01.03.04.10 ><a href=\"https:\/\/www.tourisme-aveyron-segala.fr\/en\/oit\/balade-musicale-occitan-francais-a-la-bastide-leveque-2\/?lis_id=17\" title=\"Read more...\"><span class=\"symbole imageAgenda\"><\/span><span class=\"vignette\" style=\"background-image:url(https:\/\/www.tourisme-aveyron-segala.fr\/wp-content\/uploads\/2026\/02\/600-154.webp);\"><\/span><span class=\"counter\">14<\/span><span class=\"picto\"><img src=\"https:\/\/www.tourisme-aveyron-segala.fr\/wp-content\/plugins\/sc_travelnode\/im\/clairs\/pictoAgenda.png\"><\/span><h4 class=\"titreFiche\">Balade musicale occitan-fran\u00e7ais \u00e0 La Bastide l'Ev\u00eaque<\/h4><span class=\"commmune\">Le Bas S\u00e9gala<\/span><span class=\"criteres\"><span class=\"periode\">- Saturday 04\/07\/2026<\/span><span class=\"comment\"> 10h<\/span> <span class=\"periode\">- Saturday 12\/09\/2026<\/span><span class=\"comment\"> 10h<\/span>  <br><\/span><\/a><\/li><li data-tn_identifier=\"12021-FMA-20240118092628858\" data-counterTxt=\"15\" data-tn_code=|02.01.03|02.01.03.01.05|02.01.03.01.10|02.01.03.01.22|02.01.03.01.19|02.01.03.04.12 ><a href=\"https:\/\/www.tourisme-aveyron-segala.fr\/en\/oit\/festival-les-detours-metaphoniques-a-saint-salvadou-2\/?lis_id=17\" title=\"Read more...\"><span class=\"symbole imageAgenda\"><\/span><span class=\"vignette\" style=\"background-image:url(https:\/\/www.tourisme-aveyron-segala.fr\/wp-content\/uploads\/2025\/12\/600-43.webp);\"><\/span><span class=\"counter\">15<\/span><span class=\"picto\"><img src=\"https:\/\/www.tourisme-aveyron-segala.fr\/wp-content\/plugins\/sc_travelnode\/im\/clairs\/pictoAgenda.png\"><\/span><h4 class=\"titreFiche\">Festival \"Les d\u00e9tours m\u00e9taphoniques\" \u00e0 Saint-Salvadou<\/h4><span class=\"commmune\">Le Bas S\u00e9gala<\/span><span class=\"criteres\"><span class=\"periode\">- From Friday 10\/07\/2026 to Sunday 12\/07\/2026<\/span><span class=\"jour\"> - Sunday<\/span><span class=\"jour\"> - Friday<\/span><span class=\"jour\"> - Saturday<\/span>  <br><\/span><\/a><\/li><li data-tn_identifier=\"12258-FMA-20260119162512333\" data-counterTxt=\"16\" data-tn_code=|02.01.03|02.01.03.01.25|02.01.03.01.05|02.01.03.05.04|02.01.03.05.05|02.01.03.04.02 ><a href=\"https:\/\/www.tourisme-aveyron-segala.fr\/en\/oit\/apero-concert-dansant-venez-valser-2\/?lis_id=17\" title=\"Read more...\"><span class=\"symbole imageAgenda\"><\/span><span class=\"vignette\" style=\"background-image:url(https:\/\/www.tourisme-aveyron-segala.fr\/wp-content\/uploads\/2026\/01\/600-77.webp);\"><\/span><span class=\"counter\">16<\/span><span class=\"picto\"><img src=\"https:\/\/www.tourisme-aveyron-segala.fr\/wp-content\/plugins\/sc_travelnode\/im\/clairs\/pictoAgenda.png\"><\/span><h4 class=\"titreFiche\">Ap\u00e9ro-concert dansant - \"venez valser !\"<\/h4><span class=\"commmune\">La Salvetat-Peyral\u00e8s<\/span><span class=\"criteres\"><span class=\"periode\">- Saturday 11\/07\/2026<\/span><span class=\"comment\"> 12h<\/span>  <br><\/span><\/a><\/li><li data-tn_identifier=\"12021-FMA-20171122095837442\" data-counterTxt=\"17\" data-tn_code=|02.01.03|02.01.03.01.26|02.01.03.01.22|02.01.03.03.16 ><a href=\"https:\/\/www.tourisme-aveyron-segala.fr\/en\/oit\/soiree-du-13-juillet-a-vabre-tizac-2\/?lis_id=17\" title=\"Read more...\"><span class=\"symbole imageAgenda\"><\/span><span class=\"vignette\" style=\"background-image:url(https:\/\/www.tourisme-aveyron-segala.fr\/wp-content\/uploads\/2025\/11\/600-76.webp);\"><\/span><span class=\"counter\">17<\/span><span class=\"picto\"><img src=\"https:\/\/www.tourisme-aveyron-segala.fr\/wp-content\/plugins\/sc_travelnode\/im\/clairs\/pictoAgenda.png\"><\/span><h4 class=\"titreFiche\">Soir\u00e9e du 13 juillet \u00e0 Vabre-Tizac<\/h4><span class=\"commmune\">Le Bas S\u00e9gala<\/span><span class=\"criteres\"><span class=\"periode\">- Monday 13\/07\/2026<\/span><span class=\"comment\"> d\u00e8s 19h<\/span>  <br><\/span><\/a><\/li><li data-tn_identifier=\"12198-FMA-20250610154613223\" data-counterTxt=\"18\" data-tn_code=|02.01.03|02.01.03.01.25|02.01.03.01.22|02.01.03.05.04|02.01.03.05.05|02.01.03.03.16 ><a href=\"https:\/\/www.tourisme-aveyron-segala.fr\/en\/oit\/soiree-des-pompiers-soiree-du-13-juillet-2\/?lis_id=17\" title=\"Read more...\"><span class=\"symbole imageAgenda\"><\/span><span class=\"vignette indisponible\">No photo<\/span><span class=\"counter\">18<\/span><span class=\"picto\"><img src=\"https:\/\/www.tourisme-aveyron-segala.fr\/wp-content\/plugins\/sc_travelnode\/im\/clairs\/pictoAgenda.png\"><\/span><h4 class=\"titreFiche\">Soir\u00e9e des pompiers, soir\u00e9e du 13 juillet<\/h4><span class=\"commmune\">Rieupeyroux<\/span><span class=\"criteres\"><span class=\"periode\">- Monday 13\/07\/2026<\/span>  <br><\/span><\/a><\/li><li data-tn_identifier=\"12021-FMA-20171109163838785\" data-counterTxt=\"19\" data-tn_code=|02.01.03|02.01.03.01.25|02.01.03.01.05|02.01.03.01.26|02.01.03.01.22|02.01.03.05.04|02.01.03.05.05|02.01.03.03.68|02.01.03.03.38|02.01.03.04.12|02.01.03.04.11|02.01.03.04.10 ><a href=\"https:\/\/www.tourisme-aveyron-segala.fr\/en\/oit\/la-bastide-leveque-en-fete-2\/?lis_id=17\" title=\"Read more...\"><span class=\"symbole imageAgenda\"><\/span><span class=\"vignette\" style=\"background-image:url(https:\/\/www.tourisme-aveyron-segala.fr\/wp-content\/uploads\/2025\/11\/600-58.webp);\"><\/span><span class=\"counter\">19<\/span><span class=\"picto\"><img src=\"https:\/\/www.tourisme-aveyron-segala.fr\/wp-content\/plugins\/sc_travelnode\/im\/clairs\/pictoAgenda.png\"><\/span><h4 class=\"titreFiche\">La Bastide l'Ev\u00eaque en f\u00eate<\/h4><span class=\"commmune\">Le Bas S\u00e9gala<\/span><span class=\"criteres\"><span class=\"periode\">- From Thursday 16\/07\/2026 to Sunday 19\/07\/2026<\/span><span class=\"jour\"> - Sunday<\/span><span class=\"jour\"> - Thirsday<\/span><span class=\"jour\"> - Friday<\/span><span class=\"jour\"> - Saturday<\/span> [...]<br><\/span><\/a><\/li><li data-tn_identifier=\"12198-FMA-20220307091832296\" data-counterTxt=\"20\" data-tn_code=|02.01.03|02.01.03.01.25|02.01.03.01.05|02.01.03.01.26|02.01.03.01.22|02.01.03.01.19|02.01.03.03.38|02.01.03.04.11 ><a href=\"https:\/\/www.tourisme-aveyron-segala.fr\/en\/oit\/le-theron-en-fete-2\/?lis_id=17\" title=\"Read more...\"><span class=\"symbole imageAgenda\"><\/span><span class=\"vignette indisponible\">No photo<\/span><span class=\"counter\">20<\/span><span class=\"picto\"><img src=\"https:\/\/www.tourisme-aveyron-segala.fr\/wp-content\/plugins\/sc_travelnode\/im\/clairs\/pictoAgenda.png\"><\/span><h4 class=\"titreFiche\">Le Th\u00e9ron en f\u00eate<\/h4><span class=\"commmune\">Rieupeyroux<\/span><span class=\"criteres\"><span class=\"periode\">- From Saturday 18\/07\/2026 to Sunday 19\/07\/2026<\/span><span class=\"jour\"> - Sunday<\/span><span class=\"jour\"> - Saturday<\/span>  <br><\/span><\/a><\/li><li data-tn_identifier=\"12021-FMA-20171109164106330\" data-counterTxt=\"21\" data-tn_code=|02.01.03|02.01.03.01.25|02.01.03.01.26|02.01.03.01.22|02.01.03.05.04|02.01.03.05.05 ><a href=\"https:\/\/www.tourisme-aveyron-segala.fr\/en\/oit\/tizac-en-fete-2\/?lis_id=17\" title=\"Read more...\"><span class=\"symbole imageAgenda\"><\/span><span class=\"vignette\" style=\"background-image:url(https:\/\/www.tourisme-aveyron-segala.fr\/wp-content\/uploads\/2025\/11\/600-57.webp);\"><\/span><span class=\"counter\">21<\/span><span class=\"picto\"><img src=\"https:\/\/www.tourisme-aveyron-segala.fr\/wp-content\/plugins\/sc_travelnode\/im\/clairs\/pictoAgenda.png\"><\/span><h4 class=\"titreFiche\">Tizac en f\u00eate<\/h4><span class=\"commmune\">Le Bas S\u00e9gala<\/span><span class=\"criteres\"><span class=\"periode\">- Saturday 18\/07\/2026<\/span>  <br><\/span><\/a><\/li><li data-tn_identifier=\"12258-FMA-20260119162830397\" data-counterTxt=\"22\" data-tn_code=|02.01.03|02.01.03.01.25|02.01.03.01.05|02.01.03.05.04|02.01.03.05.05|02.01.03.04.02 ><a href=\"https:\/\/www.tourisme-aveyron-segala.fr\/en\/oit\/apero-concert-petites-et-grandes-heroines-2\/?lis_id=17\" title=\"Read more...\"><span class=\"symbole imageAgenda\"><\/span><span class=\"vignette\" style=\"background-image:url(https:\/\/www.tourisme-aveyron-segala.fr\/wp-content\/uploads\/2026\/01\/600-78.webp);\"><\/span><span class=\"counter\">22<\/span><span class=\"picto\"><img src=\"https:\/\/www.tourisme-aveyron-segala.fr\/wp-content\/plugins\/sc_travelnode\/im\/clairs\/pictoAgenda.png\"><\/span><h4 class=\"titreFiche\">Ap\u00e9ro-concert  - \"Petites et grandes h\u00e9ro\u00efnes\"<\/h4><span class=\"commmune\">La Salvetat-Peyral\u00e8s<\/span><span class=\"criteres\"><span class=\"periode\">- Saturday 18\/07\/2026<\/span><span class=\"comment\"> 12h<\/span>  <br><\/span><\/a><\/li><li data-tn_identifier=\"12258-FMA-20260209153511271\" data-counterTxt=\"23\" data-tn_code=|02.01.03|02.01.03.01.22|02.01.03.05.04|02.01.03.05.05|02.01.03.03.38 ><a href=\"https:\/\/www.tourisme-aveyron-segala.fr\/en\/oit\/rando-pizza-2\/?lis_id=17\" title=\"Read more...\"><span class=\"symbole imageAgenda\"><\/span><span class=\"vignette indisponible\">No photo<\/span><span class=\"counter\">23<\/span><span class=\"picto\"><img src=\"https:\/\/www.tourisme-aveyron-segala.fr\/wp-content\/plugins\/sc_travelnode\/im\/clairs\/pictoAgenda.png\"><\/span><h4 class=\"titreFiche\">Rando Pizza<\/h4><span class=\"commmune\">La Salvetat-Peyral\u00e8s<\/span><span class=\"criteres\"><span class=\"periode\">- Sunday 19\/07\/2026<\/span>  <br><\/span><\/a><\/li><li data-tn_identifier=\"12198-FMA-20220513155300950\" data-counterTxt=\"24\" data-tn_code=|02.01.03|02.01.03.01.29|02.01.03.01.22|02.01.03.05.04|02.01.03.05.05|02.01.03.03.64 ><a href=\"https:\/\/www.tourisme-aveyron-segala.fr\/en\/oit\/marches-gourmands-2\/?lis_id=17\" title=\"Read more...\"><span class=\"symbole imageAgenda\"><\/span><span class=\"vignette indisponible\">No photo<\/span><span class=\"counter\">24<\/span><span class=\"picto\"><img src=\"https:\/\/www.tourisme-aveyron-segala.fr\/wp-content\/plugins\/sc_travelnode\/im\/clairs\/pictoAgenda.png\"><\/span><h4 class=\"titreFiche\">March\u00e9s gourmands<\/h4><span class=\"commmune\">Rieupeyroux<\/span><span class=\"criteres\"><span class=\"periode\">- Tuesday 21\/07\/2026<\/span> <span class=\"periode\">- Tuesday 28\/07\/2026<\/span> <span class=\"periode\">- Tuesday 11\/08\/2026<\/span> <span class=\"periode\">- Tuesday 18\/08\/2026<\/span>  <br><\/span><\/a><\/li><li data-tn_identifier=\"12258-FMA-20260119163307238\" data-counterTxt=\"25\" data-tn_code=|02.01.03|02.01.03.01.25|02.01.03.01.05|02.01.03.05.04|02.01.03.05.05|02.01.03.04.02 ><a href=\"https:\/\/www.tourisme-aveyron-segala.fr\/en\/oit\/apero-concert-fostival-2\/?lis_id=17\" title=\"Read more...\"><span class=\"symbole imageAgenda\"><\/span><span class=\"vignette\" style=\"background-image:url(https:\/\/www.tourisme-aveyron-segala.fr\/wp-content\/uploads\/2026\/01\/600-79.webp);\"><\/span><span class=\"counter\">25<\/span><span class=\"picto\"><img src=\"https:\/\/www.tourisme-aveyron-segala.fr\/wp-content\/plugins\/sc_travelnode\/im\/clairs\/pictoAgenda.png\"><\/span><h4 class=\"titreFiche\">Ap\u00e9ro-concert  - Fos'tival<\/h4><span class=\"commmune\">La Salvetat-Peyral\u00e8s<\/span><span class=\"criteres\"><span class=\"periode\">- Saturday 25\/07\/2026<\/span><span class=\"comment\"> 18h30<\/span>  <br><\/span><\/a><\/li><li data-tn_identifier=\"12198-FMA-20220307095307931\" data-counterTxt=\"26\" data-tn_code=|02.01.03|02.01.03.01.26|02.01.03.01.12|02.01.03.01.22|02.01.03.03.38 ><a href=\"https:\/\/www.tourisme-aveyron-segala.fr\/en\/oit\/fete-de-la-pomme-de-terre-et-du-veau-daveyron-2\/?lis_id=17\" title=\"Read more...\"><span class=\"symbole imageAgenda\"><\/span><span class=\"vignette\" style=\"background-image:url(https:\/\/www.tourisme-aveyron-segala.fr\/wp-content\/uploads\/2026\/04\/600-127.webp);\"><\/span><span class=\"counter\">26<\/span><span class=\"picto\"><img src=\"https:\/\/www.tourisme-aveyron-segala.fr\/wp-content\/plugins\/sc_travelnode\/im\/clairs\/pictoAgenda.png\"><\/span><h4 class=\"titreFiche\">F\u00eate de la pomme de terre et du veau d'Aveyron<\/h4><span class=\"commmune\">Rieupeyroux<\/span><span class=\"criteres\"><span class=\"periode\">- Sunday 02\/08\/2026<\/span>  <br><\/span><\/a><\/li><li data-tn_identifier=\"12021-FMA-20180104155519784\" data-counterTxt=\"27\" data-tn_code=|02.01.03|02.01.03.01.25|02.01.03.01.05|02.01.03.01.26|02.01.03.01.29|02.01.03.01.30|02.01.03.01.22|02.01.03.05.04|02.01.03.05.05|02.01.03.03.68 ><a href=\"https:\/\/www.tourisme-aveyron-segala.fr\/en\/oit\/saint-salvadou-en-fete-2\/?lis_id=17\" title=\"Read more...\"><span class=\"symbole imageAgenda\"><\/span><span class=\"vignette\" style=\"background-image:url(https:\/\/www.tourisme-aveyron-segala.fr\/wp-content\/uploads\/2025\/11\/600-60.webp);\"><\/span><span class=\"counter\">27<\/span><span class=\"picto\"><img src=\"https:\/\/www.tourisme-aveyron-segala.fr\/wp-content\/plugins\/sc_travelnode\/im\/clairs\/pictoAgenda.png\"><\/span><h4 class=\"titreFiche\">Saint-Salvadou en f\u00eate<\/h4><span class=\"commmune\">Le Bas S\u00e9gala<\/span><span class=\"criteres\"><span class=\"periode\">- From Friday 07\/08\/2026 to Sunday 09\/08\/2026<\/span><span class=\"jour\"> - Sunday<\/span><span class=\"jour\"> - Friday<\/span><span class=\"jour\"> - Saturday<\/span>  <br><\/span><\/a><\/li><li data-tn_identifier=\"12021-FMA-20230117145555486\" data-counterTxt=\"28\" data-tn_code=|02.01.03|02.01.03.01.26|02.01.03.05.04|02.01.03.05.05 ><a href=\"https:\/\/www.tourisme-aveyron-segala.fr\/en\/oit\/exposition-de-retrocyclettes-a-saint-salvadou-2\/?lis_id=17\" title=\"Read more...\"><span class=\"symbole imageAgenda\"><\/span><span class=\"vignette\" style=\"background-image:url(https:\/\/www.tourisme-aveyron-segala.fr\/wp-content\/uploads\/2025\/11\/600-59.webp);\"><\/span><span class=\"counter\">28<\/span><span class=\"picto\"><img src=\"https:\/\/www.tourisme-aveyron-segala.fr\/wp-content\/plugins\/sc_travelnode\/im\/clairs\/pictoAgenda.png\"><\/span><h4 class=\"titreFiche\">Exposition de r\u00e9trocyclettes \u00e0 Saint-Salvadou<\/h4><span class=\"commmune\">Le Bas S\u00e9gala<\/span><span class=\"criteres\"><span class=\"periode\">- Sunday 09\/08\/2026<\/span>  <br><\/span><\/a><\/li><li data-tn_identifier=\"12021-FMA-20210204095919875\" data-counterTxt=\"29\" data-tn_code=|02.01.03|02.01.03.01.05|02.01.03.01.26|02.01.03.01.29|02.01.03.01.22|02.01.03.05.04|02.01.03.05.05|02.01.03.03.66|02.01.03.04.02 ><a href=\"https:\/\/www.tourisme-aveyron-segala.fr\/en\/oit\/vabre-tizac-en-fete-2\/?lis_id=17\" title=\"Read more...\"><span class=\"symbole imageAgenda\"><\/span><span class=\"vignette\" style=\"background-image:url(https:\/\/www.tourisme-aveyron-segala.fr\/wp-content\/uploads\/2025\/11\/600-75.webp);\"><\/span><span class=\"counter\">29<\/span><span class=\"picto\"><img src=\"https:\/\/www.tourisme-aveyron-segala.fr\/wp-content\/plugins\/sc_travelnode\/im\/clairs\/pictoAgenda.png\"><\/span><h4 class=\"titreFiche\">Vabre-Tizac en f\u00eate<\/h4><span class=\"commmune\">Le Bas S\u00e9gala<\/span><span class=\"criteres\"><span class=\"periode\">- From Friday 28\/08\/2026 to Sunday 30\/08\/2026<\/span><span class=\"jour\"> - Sunday<\/span><span class=\"jour\"> - Friday<\/span><span class=\"jour\"> - Saturday<\/span>  <br><\/span><\/a><\/li><li data-tn_identifier=\"12021-FMA-20210204100053939\" data-counterTxt=\"30\" data-tn_code=|02.01.03|02.01.03.05.04|02.01.03.05.05|02.01.03.04.10 ><a href=\"https:\/\/www.tourisme-aveyron-segala.fr\/en\/oit\/rando-tracteurs-anciens-a-la-bastide-leveque-2\/?lis_id=17\" title=\"Read more...\"><span class=\"symbole imageAgenda\"><\/span><span class=\"vignette\" style=\"background-image:url(https:\/\/www.tourisme-aveyron-segala.fr\/wp-content\/uploads\/2025\/11\/600-61.webp);\"><\/span><span class=\"counter\">30<\/span><span class=\"picto\"><img src=\"https:\/\/www.tourisme-aveyron-segala.fr\/wp-content\/plugins\/sc_travelnode\/im\/clairs\/pictoAgenda.png\"><\/span><h4 class=\"titreFiche\">Rando tracteurs anciens \u00e0 La Bastide l'Ev\u00eaque<\/h4><span class=\"commmune\">Le Bas S\u00e9gala<\/span><span class=\"criteres\"><span class=\"periode\">- Sunday 06\/09\/2026<\/span><span class=\"comment\"> 8h30<\/span>  <br><\/span><\/a><\/li><li data-tn_identifier=\"12198-FMA-20210814112223844\" data-counterTxt=\"31\" data-tn_code=|02.01.03|02.01.03.01.05|02.01.03.01.06|02.01.03.01.34|02.01.03.01.10|02.01.03.01.22|02.01.03.01.19|02.01.03.05.04|02.01.03.03.11|02.01.03.04.12 ><a href=\"https:\/\/www.tourisme-aveyron-segala.fr\/en\/oit\/festival-de-cinema-rencontres-a-la-campagne-2\/?lis_id=17\" title=\"Read more...\"><span class=\"symbole imageAgenda\"><\/span><span class=\"vignette\" style=\"background-image:url(https:\/\/www.tourisme-aveyron-segala.fr\/wp-content\/uploads\/2026\/02\/600-50.webp);\"><\/span><span class=\"counter\">31<\/span><span class=\"picto\"><img src=\"https:\/\/www.tourisme-aveyron-segala.fr\/wp-content\/plugins\/sc_travelnode\/im\/clairs\/pictoAgenda.png\"><\/span><h4 class=\"titreFiche\">Festival de cin\u00e9ma Rencontres...\u00e0 la campagne<\/h4><span class=\"commmune\">Rieupeyroux<\/span><span class=\"criteres\"><span class=\"periode\">- From Wednesday 09\/09\/2026 to Sunday 13\/09\/2026<\/span><span class=\"jour\"> - Sunday<\/span><span class=\"jour\"> - Wednesday<\/span><span class=\"jour\"> - Thirsday<\/span><span class=\"jour\"> - Friday<\/span><span [...]<br><\/span><\/a><\/li><li data-tn_identifier=\"12021-FMA-20190212110511927\" data-counterTxt=\"32\" data-tn_code=|02.01.03|02.01.03.05.04|02.01.03.05.05|02.01.03.03.61|02.01.03.04.10 ><a href=\"https:\/\/www.tourisme-aveyron-segala.fr\/en\/oit\/rassemblement-motos-ancetres-a-saint-salvadou-2\/?lis_id=17\" title=\"Read more...\"><span class=\"symbole imageAgenda\"><\/span><span class=\"vignette\" style=\"background-image:url(https:\/\/www.tourisme-aveyron-segala.fr\/wp-content\/uploads\/2025\/11\/600-62.webp);\"><\/span><span class=\"counter\">32<\/span><span class=\"picto\"><img src=\"https:\/\/www.tourisme-aveyron-segala.fr\/wp-content\/plugins\/sc_travelnode\/im\/clairs\/pictoAgenda.png\"><\/span><h4 class=\"titreFiche\">Rassemblement motos \"anc\u00eatres\" \u00e0 Saint-Salvadou<\/h4><span class=\"commmune\">Le Bas S\u00e9gala<\/span><span class=\"criteres\"><span class=\"periode\">- From Saturday 03\/10\/2026 to Sunday 04\/10\/2026<\/span><span class=\"jour\"> - Sunday<\/span><span class=\"jour\"> - Saturday<\/span>  <br><\/span><\/a><\/li><li data-tn_identifier=\"12021-FMA-20251201095645678\" data-counterTxt=\"33\" data-tn_code=|02.01.03|02.01.03.01.22|02.01.03.05.04 ><a href=\"https:\/\/www.tourisme-aveyron-segala.fr\/en\/oit\/repas-fritons-de-canards-vabre-tizac-3\/?lis_id=17\" title=\"Read more...\"><span class=\"symbole imageAgenda\"><\/span><span class=\"vignette\" style=\"background-image:url(https:\/\/www.tourisme-aveyron-segala.fr\/wp-content\/uploads\/2025\/12\/600-1.webp);\"><\/span><span class=\"counter\">33<\/span><span class=\"picto\"><img src=\"https:\/\/www.tourisme-aveyron-segala.fr\/wp-content\/plugins\/sc_travelnode\/im\/clairs\/pictoAgenda.png\"><\/span><h4 class=\"titreFiche\">Repas fritons de canards - Vabre-Tizac<\/h4><span class=\"commmune\">Le Bas S\u00e9gala<\/span><span class=\"criteres\"><span class=\"periode\">- Saturday 14\/11\/2026<\/span><span class=\"comment\"> en soir\u00e9e<\/span>  <br><\/span><\/a><\/li><li data-tn_identifier=\"12021-FMA-2023011715090994\" data-counterTxt=\"34\" data-tn_code=|02.01.03|02.01.03.01.25|02.01.03.01.22|02.01.03.05.04|02.01.03.05.05 ><a href=\"https:\/\/www.tourisme-aveyron-segala.fr\/en\/oit\/soiree-beaujolais-fritons-de-canards-a-saint-salvadou-2\/?lis_id=17\" title=\"Read more...\"><span class=\"symbole imageAgenda\"><\/span><span class=\"vignette\" style=\"background-image:url(https:\/\/www.tourisme-aveyron-segala.fr\/wp-content\/uploads\/2025\/02\/600-33.webp);\"><\/span><span class=\"counter\">34<\/span><span class=\"picto\"><img src=\"https:\/\/www.tourisme-aveyron-segala.fr\/wp-content\/plugins\/sc_travelnode\/im\/clairs\/pictoAgenda.png\"><\/span><h4 class=\"titreFiche\">Soir\u00e9e beaujolais\/fritons de canards \u00e0 Saint-Salvadou<\/h4><span class=\"commmune\">Le Bas S\u00e9gala<\/span><span class=\"criteres\"><span class=\"periode\">- Friday 20\/11\/2026<\/span><span class=\"comment\"> 20h<\/span>  <br><\/span><\/a><\/li><\/ul>\n\t<script type=\"text\/javascript\">\n\t\/* <![CDATA[ *\/\n\t\tvar sc_page = {};\n\t\tsc_page.fichesPage = [\"12021-FMA-20210502085323245\",\"12056-FMA-20190423123123250\",\"12278-FMA-20260423091055809\",\"12144-FMA-20260417111700941\",\"12258-FMA-20241211111832266\",\"12021-FMA-20260122143222631\",\"12162-FMA-20250509102327314\",\"12021-FMA-20240118090403539\",\"12278-FMA-20250407105441794\",\"12258-FMA-20260209151730374\",\"12258-FMA-20260209153707719\",\"12021-FMA-20240118091335672\",\"12198-FMA-20240206143312847\",\"12021-FMA-20210525145629875\",\"12021-FMA-20240118092628858\",\"12258-FMA-20260119162512333\",\"12021-FMA-20171122095837442\",\"12198-FMA-20250610154613223\",\"12021-FMA-20171109163838785\",\"12198-FMA-20220307091832296\",\"12021-FMA-20171109164106330\",\"12258-FMA-20260119162830397\",\"12258-FMA-20260209153511271\",\"12198-FMA-20220513155300950\",\"12258-FMA-20260119163307238\",\"12198-FMA-20220307095307931\",\"12021-FMA-20180104155519784\",\"12021-FMA-20230117145555486\",\"12021-FMA-20210204095919875\",\"12021-FMA-20210204100053939\",\"12198-FMA-20210814112223844\",\"12021-FMA-20190212110511927\",\"12021-FMA-20251201095645678\",\"12021-FMA-2023011715090994\"];\n\t\tsc_page.zoom = 11;\n\t\tsc_page.lis_id = 17;\n\t\tsc_page.current_tn_identifier = \"\";\n\t\tsc_page.current_counter_text = \"\";\n\t\/* ]]> *\/\n\t<\/script>\n\t<div id=\"carto\"><\/div>\n","protected":false},"excerpt":{"rendered":"<p> [&#8230;]<\/p>\n<p><a class=\"btn btn-secondary understrap-read-more-link\" href=\"https:\/\/www.tourisme-aveyron-segala.fr\/en\/agenda\/festivals\/\">Read More&#8230;<\/a><\/p>\n","protected":false},"author":1,"featured_media":15391,"parent":15250,"menu_order":0,"comment_status":"closed","ping_status":"closed","template":"page-templates\/page-listeAgenda.php","meta":[],"_links":{"self":[{"href":"https:\/\/www.tourisme-aveyron-segala.fr\/en\/wp-json\/wp\/v2\/pages\/15265"}],"collection":[{"href":"https:\/\/www.tourisme-aveyron-segala.fr\/en\/wp-json\/wp\/v2\/pages"}],"about":[{"href":"https:\/\/www.tourisme-aveyron-segala.fr\/en\/wp-json\/wp\/v2\/types\/page"}],"author":[{"embeddable":true,"href":"https:\/\/www.tourisme-aveyron-segala.fr\/en\/wp-json\/wp\/v2\/users\/1"}],"replies":[{"embeddable":true,"href":"https:\/\/www.tourisme-aveyron-segala.fr\/en\/wp-json\/wp\/v2\/comments?post=15265"}],"version-history":[{"count":1,"href":"https:\/\/www.tourisme-aveyron-segala.fr\/en\/wp-json\/wp\/v2\/pages\/15265\/revisions"}],"predecessor-version":[{"id":15266,"href":"https:\/\/www.tourisme-aveyron-segala.fr\/en\/wp-json\/wp\/v2\/pages\/15265\/revisions\/15266"}],"up":[{"embeddable":true,"href":"https:\/\/www.tourisme-aveyron-segala.fr\/en\/wp-json\/wp\/v2\/pages\/15250"}],"wp:featuredmedia":[{"embeddable":true,"href":"https:\/\/www.tourisme-aveyron-segala.fr\/en\/wp-json\/wp\/v2\/media\/15391"}],"wp:attachment":[{"href":"https:\/\/www.tourisme-aveyron-segala.fr\/en\/wp-json\/wp\/v2\/media?parent=15265"}],"curies":[{"name":"wp","href":"https:\/\/api.w.org\/{rel}","templated":true}]}}