{"id":15252,"date":"2017-06-21T10:38:34","date_gmt":"2017-06-21T08:38:34","guid":{"rendered":"https:\/\/www.tourisme-aveyron-segala.fr\/?page_id=15252\/"},"modified":"2017-06-22T17:18:21","modified_gmt":"2017-06-22T15:18:21","slug":"events-for-the-kids","status":"publish","type":"page","link":"https:\/\/www.tourisme-aveyron-segala.fr\/en\/agenda\/events-for-the-kids\/","title":{"rendered":"Events for the kids"},"content":{"rendered":"<div class=\"navigation-oit-container\" id=\"topListe\">\n\t\t<div class=\"navigation-oit\">\n\t\t\t<h2>Events for the kids<\/h2>\n\t\t\t<a href=\"#topListe\" class=\"onlyListe actif\"><span class=\"label\">List<\/span><\/a>\n\t\t\t<a href=\"#topListe\" class=\"listeMap\"><span class=\"label\">List and map<\/span><\/a>\n\t\t\t<a href=\"#topListe\" class=\"onlyMap\"><span class=\"label\">Map<\/span><\/a>\n\t\t<\/div>\n\t<\/div><ul class=\"fiches-oi\" id=\"liste-fiches\"><li data-tn_identifier=\"12021-FMA-20260220084958688\" data-counterTxt=\"01\" data-tn_code=|02.01.03|02.01.03.01.33|02.01.03.05.04|02.01.03.04.12 ><a href=\"https:\/\/www.tourisme-aveyron-segala.fr\/en\/oit\/les-nouveaux-rendez-vous-de-cot-cot-a-la-bastide-leveque-2\/?lis_id=14\" title=\"Read more...\"><span class=\"symbole imageAgenda\"><\/span><span class=\"vignette\" style=\"background-image:url(https:\/\/www.tourisme-aveyron-segala.fr\/wp-content\/uploads\/2026\/02\/600-27.webp);\"><\/span><span class=\"counter\">01<\/span><span class=\"picto\"><img src=\"https:\/\/www.tourisme-aveyron-segala.fr\/wp-content\/plugins\/sc_travelnode\/im\/clairs\/pictoAgenda.png\"><\/span><h4 class=\"titreFiche\">Lectures musicales de CotCot et Morgane \u00e0 La Bastide l'Ev\u00eaque<\/h4><span class=\"commmune\">Le Bas S\u00e9gala<\/span><span class=\"criteres\"><span class=\"periode\">- Saturday 27\/06\/2026<\/span><span class=\"comment\"> 10h30 \u00e0 11h15<\/span>  <br><\/span><\/a><\/li><li data-tn_identifier=\"12021-FMA-20210502085323245\" data-counterTxt=\"02\" data-tn_code=|02.01.03|02.01.03.01.23|02.01.03.05.04|02.01.03.05.05|02.01.03.05.03|02.01.03.03.62|02.01.03.04.12|02.01.03.04.14|02.01.03.04.10 ><a href=\"https:\/\/www.tourisme-aveyron-segala.fr\/en\/oit\/visite-et-martelage-du-cuivre-aux-martinets-du-lezert-2\/?lis_id=14\" title=\"Read more...\"><span class=\"symbole imageAgenda\"><\/span><span class=\"vignette\" style=\"background-image:url(https:\/\/www.tourisme-aveyron-segala.fr\/wp-content\/uploads\/2026\/02\/600-156.webp);\"><\/span><span class=\"counter\">02<\/span><span class=\"picto\"><img src=\"https:\/\/www.tourisme-aveyron-segala.fr\/wp-content\/plugins\/sc_travelnode\/im\/clairs\/pictoAgenda.png\"><\/span><h4 class=\"titreFiche\">Visite et martelage du cuivre aux Martinets du L\u00e9zert<\/h4><span class=\"commmune\">Le Bas S\u00e9gala<\/span><span class=\"criteres\"><span class=\"periode\">- From Friday 01\/05\/2026 to Tuesday 30\/06\/2026<\/span><span class=\"jour\"> - Sunday from 15:00 to 18:00<\/span><span class=\"jour\"> - Bank holidays from [...]<br><\/span><\/a><\/li><li data-tn_identifier=\"12021-FMA-20260424165518120\" data-counterTxt=\"03\" data-tn_code=|02.01.03|02.01.03.05.04|02.01.03.03.61|02.01.03.03.62|02.01.03.04.12 ><a href=\"https:\/\/www.tourisme-aveyron-segala.fr\/en\/oit\/exposition-lenvers-des-images-la-bastide-leveque-2\/?lis_id=14\" title=\"Read more...\"><span class=\"symbole imageAgenda\"><\/span><span class=\"vignette\" style=\"background-image:url(https:\/\/www.tourisme-aveyron-segala.fr\/wp-content\/uploads\/2026\/04\/600-115.webp);\"><\/span><span class=\"counter\">03<\/span><span class=\"picto\"><img src=\"https:\/\/www.tourisme-aveyron-segala.fr\/wp-content\/plugins\/sc_travelnode\/im\/clairs\/pictoAgenda.png\"><\/span><h4 class=\"titreFiche\">Exposition \"L'envers des images\" - La Bastide l'Ev\u00eaque<\/h4><span class=\"commmune\">Le Bas S\u00e9gala<\/span><span class=\"criteres\"><span class=\"periode\">- From Saturday 09\/05\/2026 to Wednesday 30\/09\/2026<\/span><span class=\"comment\"> tox horaires d'ouverture de l'office de tourisme et m\u00e9diath\u00e8que<\/span>  <br><\/span><\/a><\/li><li data-tn_identifier=\"12258-FMA-20241211111832266\" data-counterTxt=\"04\" data-tn_code=|02.01.03|02.01.03.01.24|02.01.03.01.25|02.01.03.01.01|02.01.03.01.10|02.01.03.01.22|02.01.03.01.19|02.01.03.01.20|02.01.03.05.04|02.01.03.03.12|02.01.03.04.12|02.01.03.04.02 ><a href=\"https:\/\/www.tourisme-aveyron-segala.fr\/en\/oit\/festival-la-salvetat-en-rue-libre-4-2\/?lis_id=14\" title=\"Read more...\"><span class=\"symbole imageAgenda\"><\/span><span class=\"vignette\" style=\"background-image:url(https:\/\/www.tourisme-aveyron-segala.fr\/wp-content\/uploads\/2026\/01\/600-119.webp);\"><\/span><span class=\"counter\">04<\/span><span class=\"picto\"><img src=\"https:\/\/www.tourisme-aveyron-segala.fr\/wp-content\/plugins\/sc_travelnode\/im\/clairs\/pictoAgenda.png\"><\/span><h4 class=\"titreFiche\">Festival La Salvetat en rue libre #4<\/h4><span class=\"commmune\">La Salvetat-Peyral\u00e8s<\/span><span class=\"criteres\"><span class=\"periode\">- From Friday 22\/05\/2026 to Sunday 24\/05\/2026<\/span><span class=\"jour\"> - Sunday<\/span><span class=\"jour\"> - Friday<\/span><span class=\"jour\"> - Saturday<\/span>  <br><\/span><\/a><\/li><li data-tn_identifier=\"12190-FMA-20260424141536330\" data-counterTxt=\"05\" data-tn_code=|02.01.03|02.01.03.01.24|02.01.03.05.04|02.01.03.04.12|02.01.03.04.14 ><a href=\"https:\/\/www.tourisme-aveyron-segala.fr\/en\/oit\/atelier-decouverte-de-la-riviere-et-de-la-peche-2\/?lis_id=14\" title=\"Read more...\"><span class=\"symbole imageAgenda\"><\/span><span class=\"vignette\" style=\"background-image:url(https:\/\/www.tourisme-aveyron-segala.fr\/wp-content\/uploads\/2026\/04\/600-114.webp);\"><\/span><span class=\"counter\">05<\/span><span class=\"picto\"><img src=\"https:\/\/www.tourisme-aveyron-segala.fr\/wp-content\/plugins\/sc_travelnode\/im\/clairs\/pictoAgenda.png\"><\/span><h4 class=\"titreFiche\">Atelier d\u00e9couverte de la rivi\u00e8re et de la p\u00eache<\/h4><span class=\"commmune\">Pr\u00e9vinqui\u00e8res<\/span><span class=\"criteres\"><span class=\"periode\">- Wednesday 27\/05\/2026<\/span><span class=\"comment\"> 15h-17h30<\/span>  <br><\/span><\/a><\/li><li data-tn_identifier=\"12198-FMA-20230314182010294\" data-counterTxt=\"06\" data-tn_code=|02.01.03|02.01.03.05.05|02.01.03.03.21|02.01.03.04.12 ><a href=\"https:\/\/www.tourisme-aveyron-segala.fr\/en\/oit\/les-lectures-avec-cotcot-2\/?lis_id=14\" title=\"Read more...\"><span class=\"symbole imageAgenda\"><\/span><span class=\"vignette\" style=\"background-image:url(https:\/\/www.tourisme-aveyron-segala.fr\/wp-content\/uploads\/2025\/12\/600-111.webp);\"><\/span><span class=\"counter\">06<\/span><span class=\"picto\"><img src=\"https:\/\/www.tourisme-aveyron-segala.fr\/wp-content\/plugins\/sc_travelnode\/im\/clairs\/pictoAgenda.png\"><\/span><h4 class=\"titreFiche\">Les lectures avec CotCot<\/h4><span class=\"commmune\">Rieupeyroux<\/span><span class=\"criteres\"><span class=\"periode\">- Friday 29\/05\/2026<\/span><span class=\"comment\"> 10h<\/span> <span class=\"periode\">- Friday 19\/06\/2026<\/span><span class=\"comment\"> 10h<\/span>  <br><\/span><\/a><\/li><li data-tn_identifier=\"12169-FMA-20260303155003327\" data-counterTxt=\"07\" data-tn_code=|02.01.03|02.01.03.01.12|02.01.03.05.04|02.01.03.04.12 ><a href=\"https:\/\/www.tourisme-aveyron-segala.fr\/en\/oit\/fete-des-meres-au-marche-de-naucelle-2\/?lis_id=14\" title=\"Read more...\"><span class=\"symbole imageAgenda\"><\/span><span class=\"vignette\" style=\"background-image:url(https:\/\/www.tourisme-aveyron-segala.fr\/wp-content\/uploads\/2026\/03\/600-2.webp);\"><\/span><span class=\"counter\">07<\/span><span class=\"picto\"><img src=\"https:\/\/www.tourisme-aveyron-segala.fr\/wp-content\/plugins\/sc_travelnode\/im\/clairs\/pictoAgenda.png\"><\/span><h4 class=\"titreFiche\">F\u00eate des m\u00e8res au march\u00e9 de Naucelle<\/h4><span class=\"commmune\">Naucelle<\/span><span class=\"criteres\"><span class=\"periode\">- Saturday 30\/05\/2026<\/span><span class=\"comment\"> The matin<\/span>  <br><\/span><\/a><\/li><li data-tn_identifier=\"12258-FMA-20260416162528661\" data-counterTxt=\"08\" data-tn_code=|02.01.03|02.01.03.05.04|02.01.03.03.21|02.01.03.04.12 ><a href=\"https:\/\/www.tourisme-aveyron-segala.fr\/en\/oit\/les-lectures-musicales-de-cotcot-et-morgane-2\/?lis_id=14\" title=\"Read more...\"><span class=\"symbole imageAgenda\"><\/span><span class=\"vignette\" style=\"background-image:url(https:\/\/www.tourisme-aveyron-segala.fr\/wp-content\/uploads\/2026\/04\/600-101.webp);\"><\/span><span class=\"counter\">08<\/span><span class=\"picto\"><img src=\"https:\/\/www.tourisme-aveyron-segala.fr\/wp-content\/plugins\/sc_travelnode\/im\/clairs\/pictoAgenda.png\"><\/span><h4 class=\"titreFiche\">Les lectures musicales de Cotcot et Morgane<\/h4><span class=\"commmune\">La Salvetat-Peyral\u00e8s<\/span><span class=\"criteres\"><span class=\"periode\">- Saturday 30\/05\/2026<\/span><span class=\"comment\"> de 10h30 \u00e0 11h15<\/span>  <br><\/span><\/a><\/li><li data-tn_identifier=\"12162-FMA-20250509102327314\" data-counterTxt=\"09\" data-tn_code=|02.01.03|02.01.03.01.22|02.01.03.05.04|02.01.03.03.38|02.01.03.03.69|02.01.03.04.12|02.01.03.04.14|02.01.03.04.09 ><a href=\"https:\/\/www.tourisme-aveyron-segala.fr\/en\/oit\/rando-gourmande-3\/?lis_id=14\" title=\"Read more...\"><span class=\"symbole imageAgenda\"><\/span><span class=\"vignette\" style=\"background-image:url(https:\/\/www.tourisme-aveyron-segala.fr\/wp-content\/uploads\/2026\/04\/600-116.webp);\"><\/span><span class=\"counter\">09<\/span><span class=\"picto\"><img src=\"https:\/\/www.tourisme-aveyron-segala.fr\/wp-content\/plugins\/sc_travelnode\/im\/clairs\/pictoAgenda.png\"><\/span><h4 class=\"titreFiche\">Rando gourmande<\/h4><span class=\"commmune\">Moyraz\u00e8s<\/span><span class=\"criteres\"><span class=\"periode\">- Saturday 30\/05\/2026<\/span><span class=\"comment\"> \u00c0 partir de 08h<\/span>  <br><\/span><\/a><\/li><li data-tn_identifier=\"12258-FMA-20260209151730374\" data-counterTxt=\"10\" data-tn_code=|02.01.03|02.01.03.01.26|02.01.03.01.22|02.01.03.05.04|02.01.03.05.05|02.01.03.03.38|02.01.03.04.12|02.01.03.04.14|02.01.03.04.09 ><a href=\"https:\/\/www.tourisme-aveyron-segala.fr\/en\/oit\/la-fete-du-viaur-2\/?lis_id=14\" title=\"Read more...\"><span class=\"symbole imageAgenda\"><\/span><span class=\"vignette\" style=\"background-image:url(https:\/\/www.tourisme-aveyron-segala.fr\/wp-content\/uploads\/2026\/02\/600-75.webp);\"><\/span><span class=\"counter\">10<\/span><span class=\"picto\"><img src=\"https:\/\/www.tourisme-aveyron-segala.fr\/wp-content\/plugins\/sc_travelnode\/im\/clairs\/pictoAgenda.png\"><\/span><h4 class=\"titreFiche\">La f\u00eate du Viaur<\/h4><span class=\"commmune\">La Salvetat-Peyral\u00e8s<\/span><span class=\"criteres\"><span class=\"periode\">- Sunday 14\/06\/2026<\/span>  <br><\/span><\/a><\/li><li data-tn_identifier=\"12169-FMA-20260303155918383\" data-counterTxt=\"11\" data-tn_code=|02.01.03|02.01.03.01.12|02.01.03.05.04|02.01.03.04.12 ><a href=\"https:\/\/www.tourisme-aveyron-segala.fr\/en\/oit\/fete-des-peres-au-marche-de-naucelle-2\/?lis_id=14\" title=\"Read more...\"><span class=\"symbole imageAgenda\"><\/span><span class=\"vignette\" style=\"background-image:url(https:\/\/www.tourisme-aveyron-segala.fr\/wp-content\/uploads\/2026\/03\/600-3.webp);\"><\/span><span class=\"counter\">11<\/span><span class=\"picto\"><img src=\"https:\/\/www.tourisme-aveyron-segala.fr\/wp-content\/plugins\/sc_travelnode\/im\/clairs\/pictoAgenda.png\"><\/span><h4 class=\"titreFiche\">F\u00eate des p\u00e8res au march\u00e9 de Naucelle<\/h4><span class=\"commmune\">Naucelle<\/span><span class=\"criteres\"><span class=\"periode\">- Saturday 20\/06\/2026<\/span><span class=\"comment\"> The matin<\/span>  <br><\/span><\/a><\/li><li data-tn_identifier=\"12235-FMA-20260429120351211\" data-counterTxt=\"12\" data-tn_code=|02.01.03|02.01.03.01.23|02.01.03.05.04|02.01.03.04.12|02.01.03.04.14 ><a href=\"https:\/\/www.tourisme-aveyron-segala.fr\/en\/oit\/marathon-de-la-biodiversite-2\/?lis_id=14\" title=\"Read more...\"><span class=\"symbole imageAgenda\"><\/span><span class=\"vignette\" style=\"background-image:url(https:\/\/www.tourisme-aveyron-segala.fr\/wp-content\/uploads\/2026\/04\/600-126.webp);\"><\/span><span class=\"counter\">12<\/span><span class=\"picto\"><img src=\"https:\/\/www.tourisme-aveyron-segala.fr\/wp-content\/plugins\/sc_travelnode\/im\/clairs\/pictoAgenda.png\"><\/span><h4 class=\"titreFiche\">Marathon de la biodiversit\u00e9<\/h4><span class=\"commmune\">Saint-Just-sur-Viaur<\/span><span class=\"criteres\"><span class=\"periode\">- From Saturday 27\/06\/2026 to Sunday 28\/06\/2026<\/span><span class=\"comment\"> A partir de 9h30<\/span>  <br><\/span><\/a><\/li><li data-tn_identifier=\"12021-FMA-20240118092628858\" data-counterTxt=\"13\" data-tn_code=|02.01.03|02.01.03.01.05|02.01.03.01.10|02.01.03.01.22|02.01.03.01.19|02.01.03.04.12 ><a href=\"https:\/\/www.tourisme-aveyron-segala.fr\/en\/oit\/festival-les-detours-metaphoniques-a-saint-salvadou-2\/?lis_id=14\" title=\"Read more...\"><span class=\"symbole imageAgenda\"><\/span><span class=\"vignette\" style=\"background-image:url(https:\/\/www.tourisme-aveyron-segala.fr\/wp-content\/uploads\/2025\/12\/600-43.webp);\"><\/span><span class=\"counter\">13<\/span><span class=\"picto\"><img src=\"https:\/\/www.tourisme-aveyron-segala.fr\/wp-content\/plugins\/sc_travelnode\/im\/clairs\/pictoAgenda.png\"><\/span><h4 class=\"titreFiche\">Festival \"Les d\u00e9tours m\u00e9taphoniques\" \u00e0 Saint-Salvadou<\/h4><span class=\"commmune\">Le Bas S\u00e9gala<\/span><span class=\"criteres\"><span class=\"periode\">- From Friday 10\/07\/2026 to Sunday 12\/07\/2026<\/span><span class=\"jour\"> - Sunday<\/span><span class=\"jour\"> - Friday<\/span><span class=\"jour\"> - Saturday<\/span>  <br><\/span><\/a><\/li><li data-tn_identifier=\"12021-FMA-20171109163838785\" data-counterTxt=\"14\" data-tn_code=|02.01.03|02.01.03.01.25|02.01.03.01.05|02.01.03.01.26|02.01.03.01.22|02.01.03.05.04|02.01.03.05.05|02.01.03.03.68|02.01.03.03.38|02.01.03.04.12|02.01.03.04.11|02.01.03.04.10 ><a href=\"https:\/\/www.tourisme-aveyron-segala.fr\/en\/oit\/la-bastide-leveque-en-fete-2\/?lis_id=14\" title=\"Read more...\"><span class=\"symbole imageAgenda\"><\/span><span class=\"vignette\" style=\"background-image:url(https:\/\/www.tourisme-aveyron-segala.fr\/wp-content\/uploads\/2025\/11\/600-58.webp);\"><\/span><span class=\"counter\">14<\/span><span class=\"picto\"><img src=\"https:\/\/www.tourisme-aveyron-segala.fr\/wp-content\/plugins\/sc_travelnode\/im\/clairs\/pictoAgenda.png\"><\/span><h4 class=\"titreFiche\">La Bastide l'Ev\u00eaque en f\u00eate<\/h4><span class=\"commmune\">Le Bas S\u00e9gala<\/span><span class=\"criteres\"><span class=\"periode\">- From Thursday 16\/07\/2026 to Sunday 19\/07\/2026<\/span><span class=\"jour\"> - Sunday<\/span><span class=\"jour\"> - Thirsday<\/span><span class=\"jour\"> - Friday<\/span><span class=\"jour\"> - Saturday<\/span> [...]<br><\/span><\/a><\/li><li data-tn_identifier=\"12021-FMA-20220524164151627\" data-counterTxt=\"15\" data-tn_code=|02.01.03|02.01.03.05.05|02.01.03.01.32|02.01.03.01.23|02.01.03.05.04|02.01.03.05.03|02.01.03.04.12|02.01.03.03.62 ><a href=\"https:\/\/www.tourisme-aveyron-segala.fr\/en\/oit\/visite-ludique-en-famille-de-la-bastide-leveque-2\/?lis_id=14\" title=\"Read more...\"><span class=\"symbole imageAgenda\"><\/span><span class=\"vignette\" style=\"background-image:url(https:\/\/www.tourisme-aveyron-segala.fr\/wp-content\/uploads\/2026\/02\/600-131.webp);\"><\/span><span class=\"counter\">15<\/span><span class=\"picto\"><img src=\"https:\/\/www.tourisme-aveyron-segala.fr\/wp-content\/plugins\/sc_travelnode\/im\/clairs\/pictoAgenda.png\"><\/span><h4 class=\"titreFiche\">Visite curieuse en famille de La Bastide l'Ev\u00eaque<\/h4><span class=\"commmune\">Le Bas S\u00e9gala<\/span><span class=\"criteres\"><span class=\"periode\">- Friday 24\/07\/2026<\/span><span class=\"comment\"> 15h<\/span> <span class=\"periode\">- Friday 07\/08\/2026<\/span><span class=\"comment\"> 15h<\/span> <span class=\"periode\">- Friday 21\/08\/2026<\/span><span class=\"comment\"> 15h<\/span>  <br><\/span><\/a><\/li><li data-tn_identifier=\"12198-FMA-20230130095255982\" data-counterTxt=\"16\" data-tn_code=|02.01.03|02.01.03.05.05|02.01.03.01.32|02.01.03.01.23|02.01.03.05.04|02.01.03.05.03|02.01.03.04.12|02.01.03.03.62 ><a href=\"https:\/\/www.tourisme-aveyron-segala.fr\/en\/oit\/visite-familiale-dans-tous-les-sens-2\/?lis_id=14\" title=\"Read more...\"><span class=\"symbole imageAgenda\"><\/span><span class=\"vignette\" style=\"background-image:url(https:\/\/www.tourisme-aveyron-segala.fr\/wp-content\/uploads\/2026\/02\/600-140.webp);\"><\/span><span class=\"counter\">16<\/span><span class=\"picto\"><img src=\"https:\/\/www.tourisme-aveyron-segala.fr\/wp-content\/plugins\/sc_travelnode\/im\/clairs\/pictoAgenda.png\"><\/span><h4 class=\"titreFiche\">Visite en famille \"Dans tous les sens\"<\/h4><span class=\"commmune\">Rieupeyroux<\/span><span class=\"criteres\"><span class=\"periode\">- Wednesday 29\/07\/2026<\/span><span class=\"comment\"> 15h<\/span> <span class=\"periode\">- Wednesday 12\/08\/2026<\/span><span class=\"comment\"> 15h<\/span> <span class=\"periode\">- Wednesday 26\/08\/2026<\/span><span class=\"comment\"> 15h<\/span>  <br><\/span><\/a><\/li><li data-tn_identifier=\"12198-FMA-20240626113031994\" data-counterTxt=\"17\" data-tn_code=|02.01.03|02.01.03.01.10|02.01.03.01.19|02.01.03.01.20|02.01.03.05.04|02.01.03.05.05|02.01.03.03.12|02.01.03.04.12|02.01.03.04.02 ><a href=\"https:\/\/www.tourisme-aveyron-segala.fr\/en\/oit\/festival-en-bastides-a-rieupeyroux-2\/?lis_id=14\" title=\"Read more...\"><span class=\"symbole imageAgenda\"><\/span><span class=\"vignette\" style=\"background-image:url(https:\/\/www.tourisme-aveyron-segala.fr\/wp-content\/uploads\/2026\/04\/600-107.webp);\"><\/span><span class=\"counter\">17<\/span><span class=\"picto\"><img src=\"https:\/\/www.tourisme-aveyron-segala.fr\/wp-content\/plugins\/sc_travelnode\/im\/clairs\/pictoAgenda.png\"><\/span><h4 class=\"titreFiche\">Festival en Bastides \u00e0 Rieupeyroux<\/h4><span class=\"commmune\">Rieupeyroux<\/span><span class=\"criteres\"><span class=\"periode\">- Tuesday 04\/08\/2026<\/span>  <br><\/span><\/a><\/li><li data-tn_identifier=\"12198-FMA-20210814112223844\" data-counterTxt=\"18\" data-tn_code=|02.01.03|02.01.03.01.05|02.01.03.01.06|02.01.03.01.34|02.01.03.01.10|02.01.03.01.22|02.01.03.01.19|02.01.03.05.04|02.01.03.03.11|02.01.03.04.12 ><a href=\"https:\/\/www.tourisme-aveyron-segala.fr\/en\/oit\/festival-de-cinema-rencontres-a-la-campagne-2\/?lis_id=14\" title=\"Read more...\"><span class=\"symbole imageAgenda\"><\/span><span class=\"vignette\" style=\"background-image:url(https:\/\/www.tourisme-aveyron-segala.fr\/wp-content\/uploads\/2026\/02\/600-50.webp);\"><\/span><span class=\"counter\">18<\/span><span class=\"picto\"><img src=\"https:\/\/www.tourisme-aveyron-segala.fr\/wp-content\/plugins\/sc_travelnode\/im\/clairs\/pictoAgenda.png\"><\/span><h4 class=\"titreFiche\">Festival de cin\u00e9ma Rencontres...\u00e0 la campagne<\/h4><span class=\"commmune\">Rieupeyroux<\/span><span class=\"criteres\"><span class=\"periode\">- From Wednesday 09\/09\/2026 to Sunday 13\/09\/2026<\/span><span class=\"jour\"> - Sunday<\/span><span class=\"jour\"> - Wednesday<\/span><span class=\"jour\"> - Thirsday<\/span><span class=\"jour\"> - Friday<\/span><span [...]<br><\/span><\/a><\/li><li data-tn_identifier=\"12085-FMA-20260310143530358\" data-counterTxt=\"19\" data-tn_code=|02.01.03|02.01.03.05.04|02.01.03.04.12 ><a href=\"https:\/\/www.tourisme-aveyron-segala.fr\/en\/oit\/halloween-a-lostal-joan-bodon-2\/?lis_id=14\" title=\"Read more...\"><span class=\"symbole imageAgenda\"><\/span><span class=\"vignette\" style=\"background-image:url(https:\/\/www.tourisme-aveyron-segala.fr\/wp-content\/uploads\/2026\/03\/600-19.webp);\"><\/span><span class=\"counter\">19<\/span><span class=\"picto\"><img src=\"https:\/\/www.tourisme-aveyron-segala.fr\/wp-content\/plugins\/sc_travelnode\/im\/clairs\/pictoAgenda.png\"><\/span><h4 class=\"titreFiche\">Halloween \u00e0 l'Ostal Joan Bodon<\/h4><span class=\"commmune\">Crespin<\/span><span class=\"criteres\"><span class=\"periode\">- From Thursday 29\/10\/2026 to Friday 30\/10\/2026<\/span><span class=\"comment\"> Horaires nc<\/span><span class=\"jour\"> - Thirsday<\/span><span class=\"jour\"> - Friday<\/span>  <br><\/span><\/a><\/li><\/ul>\n\t<script type=\"text\/javascript\">\n\t\/* <![CDATA[ *\/\n\t\tvar sc_page = {};\n\t\tsc_page.fichesPage = [\"12021-FMA-20260220084958688\",\"12021-FMA-20210502085323245\",\"12021-FMA-20260424165518120\",\"12258-FMA-20241211111832266\",\"12190-FMA-20260424141536330\",\"12198-FMA-20230314182010294\",\"12169-FMA-20260303155003327\",\"12258-FMA-20260416162528661\",\"12162-FMA-20250509102327314\",\"12258-FMA-20260209151730374\",\"12169-FMA-20260303155918383\",\"12235-FMA-20260429120351211\",\"12021-FMA-20240118092628858\",\"12021-FMA-20171109163838785\",\"12021-FMA-20220524164151627\",\"12198-FMA-20230130095255982\",\"12198-FMA-20240626113031994\",\"12198-FMA-20210814112223844\",\"12085-FMA-20260310143530358\"];\n\t\tsc_page.zoom = 11;\n\t\tsc_page.lis_id = 14;\n\t\tsc_page.current_tn_identifier = \"\";\n\t\tsc_page.current_counter_text = \"\";\n\t\/* ]]> *\/\n\t<\/script>\n\t<div id=\"carto\"><\/div>\n","protected":false},"excerpt":{"rendered":"<p> [&#8230;]<\/p>\n<p><a class=\"btn btn-secondary understrap-read-more-link\" href=\"https:\/\/www.tourisme-aveyron-segala.fr\/en\/agenda\/events-for-the-kids\/\">Read More&#8230;<\/a><\/p>\n","protected":false},"author":1,"featured_media":15393,"parent":15250,"menu_order":0,"comment_status":"closed","ping_status":"closed","template":"page-templates\/page-listeAgenda.php","meta":[],"_links":{"self":[{"href":"https:\/\/www.tourisme-aveyron-segala.fr\/en\/wp-json\/wp\/v2\/pages\/15252"}],"collection":[{"href":"https:\/\/www.tourisme-aveyron-segala.fr\/en\/wp-json\/wp\/v2\/pages"}],"about":[{"href":"https:\/\/www.tourisme-aveyron-segala.fr\/en\/wp-json\/wp\/v2\/types\/page"}],"author":[{"embeddable":true,"href":"https:\/\/www.tourisme-aveyron-segala.fr\/en\/wp-json\/wp\/v2\/users\/1"}],"replies":[{"embeddable":true,"href":"https:\/\/www.tourisme-aveyron-segala.fr\/en\/wp-json\/wp\/v2\/comments?post=15252"}],"version-history":[{"count":2,"href":"https:\/\/www.tourisme-aveyron-segala.fr\/en\/wp-json\/wp\/v2\/pages\/15252\/revisions"}],"predecessor-version":[{"id":15256,"href":"https:\/\/www.tourisme-aveyron-segala.fr\/en\/wp-json\/wp\/v2\/pages\/15252\/revisions\/15256"}],"up":[{"embeddable":true,"href":"https:\/\/www.tourisme-aveyron-segala.fr\/en\/wp-json\/wp\/v2\/pages\/15250"}],"wp:featuredmedia":[{"embeddable":true,"href":"https:\/\/www.tourisme-aveyron-segala.fr\/en\/wp-json\/wp\/v2\/media\/15393"}],"wp:attachment":[{"href":"https:\/\/www.tourisme-aveyron-segala.fr\/en\/wp-json\/wp\/v2\/media?parent=15252"}],"curies":[{"name":"wp","href":"https:\/\/api.w.org\/{rel}","templated":true}]}}