{"id":14451,"date":"2017-06-16T16:36:52","date_gmt":"2017-06-16T14:36:52","guid":{"rendered":"https:\/\/www.tourisme-aveyron-segala.fr\/?page_id=14451\/"},"modified":"2017-06-20T15:17:03","modified_gmt":"2017-06-20T13:17:03","slug":"markets","status":"publish","type":"page","link":"https:\/\/www.tourisme-aveyron-segala.fr\/en\/gastronomy\/markets\/","title":{"rendered":"Markets"},"content":{"rendered":"<div class=\"navigation-oit-container\" id=\"topListe\">\n\t\t<div class=\"navigation-oit\">\n\t\t\t<h2>Markets<\/h2>\n\t\t\t<a href=\"#topListe\" class=\"onlyListe actif\"><span class=\"label\">List<\/span><\/a>\n\t\t\t<a href=\"#topListe\" class=\"listeMap\"><span class=\"label\">List and map<\/span><\/a>\n\t\t\t<a href=\"#topListe\" class=\"onlyMap\"><span class=\"label\">Map<\/span><\/a>\n\t\t<\/div>\n\t<\/div><ul class=\"fiches-oi\" id=\"liste-fiches\"><li data-tn_identifier=\"12198-FMA-2024052410011540\" data-counterTxt=\"01\" data-tn_code=|02.01.03|02.01.03.01.12 ><a href=\"https:\/\/www.tourisme-aveyron-segala.fr\/en\/oit\/marche-des-producteurs-de-pays-2\/?lis_id=13\" title=\"Read more...\"><span class=\"symbole imageAgenda\"><\/span><span class=\"vignette\" style=\"background-image:url(https:\/\/www.tourisme-aveyron-segala.fr\/wp-content\/uploads\/2025\/09\/600-56.webp);\"><\/span><span class=\"counter\">01<\/span><span class=\"picto\"><img src=\"https:\/\/www.tourisme-aveyron-segala.fr\/wp-content\/plugins\/sc_travelnode\/im\/clairs\/pictoAgenda.png\"><\/span><h4 class=\"titreFiche\">March\u00e9 hebdomadaire des producteurs de pays<\/h4><span class=\"commmune\">Rieupeyroux<\/span><span class=\"criteres\"><span class=\"periode\">- From Tuesday 30\/09\/2025 to Tuesday 02\/06\/2026<\/span><span class=\"comment\"> 16h-18h30<\/span><span class=\"jour\"> - Tuesday<\/span>  <br><\/span><\/a><\/li><li data-tn_identifier=\"12262-FMA-20191212121506213\" data-counterTxt=\"02\" data-tn_code=|02.01.03|02.01.03.01.12 ><a href=\"https:\/\/www.tourisme-aveyron-segala.fr\/en\/oit\/marche-du-dimanche-matin-a-sauveterre-de-rouergue-2\/?lis_id=13\" title=\"Read more...\"><span class=\"symbole imageAgenda\"><\/span><span class=\"vignette\" style=\"background-image:url(https:\/\/www.tourisme-aveyron-segala.fr\/wp-content\/uploads\/2022\/03\/600-1493.webp);\"><\/span><span class=\"counter\">02<\/span><span class=\"picto\"><img src=\"https:\/\/www.tourisme-aveyron-segala.fr\/wp-content\/plugins\/sc_travelnode\/im\/clairs\/pictoAgenda.png\"><\/span><h4 class=\"titreFiche\">March\u00e9 du dimanche matin<\/h4><span class=\"commmune\">Sauveterre-de-Rouergue<\/span><span class=\"criteres\"><span class=\"periode\">- From Thursday 01\/01\/2026 to Thursday 31\/12\/2026<\/span><span class=\"comment\"> De 09h \u00e0 12h<\/span><span class=\"jour\"> - Sunday from 09:00 to 12:00<\/span> [...]<br><\/span><\/a><\/li><li data-tn_identifier=\"12258-FMA-20230831170706514\" data-counterTxt=\"03\" data-tn_code=|02.01.03|02.01.03.01.11|02.01.03.01.12 ><a href=\"https:\/\/www.tourisme-aveyron-segala.fr\/en\/oit\/foire-mensuelle-2\/?lis_id=13\" title=\"Read more...\"><span class=\"symbole imageAgenda\"><\/span><span class=\"vignette\" style=\"background-image:url(https:\/\/www.tourisme-aveyron-segala.fr\/wp-content\/uploads\/2024\/12\/600-772.webp);\"><\/span><span class=\"counter\">03<\/span><span class=\"picto\"><img src=\"https:\/\/www.tourisme-aveyron-segala.fr\/wp-content\/plugins\/sc_travelnode\/im\/clairs\/pictoAgenda.png\"><\/span><h4 class=\"titreFiche\">Foire mensuelle<\/h4><span class=\"commmune\">La Salvetat-Peyral\u00e8s<\/span><span class=\"criteres\"><span class=\"periode\">- Wednesday 01\/04\/2026<\/span><span class=\"comment\"> matin<\/span> <span class=\"periode\">- Wednesday 06\/05\/2026<\/span><span class=\"comment\"> matin<\/span> <span class=\"periode\">- Wednesday 03\/06\/2026<\/span><span class=\"comment\"> matin<\/span> <span class=\"periode\">- [...]<br><\/span><\/a><\/li><li data-tn_identifier=\"12198-FMA-202308311652063\" data-counterTxt=\"04\" data-tn_code=|02.01.03|02.01.03.01.12|02.01.03.01.11 ><a href=\"https:\/\/www.tourisme-aveyron-segala.fr\/en\/oit\/foire-mensuelle-6-2\/?lis_id=13\" title=\"Read more...\"><span class=\"symbole imageAgenda\"><\/span><span class=\"vignette\" style=\"background-image:url(https:\/\/www.tourisme-aveyron-segala.fr\/wp-content\/uploads\/2023\/08\/600-5.webp);\"><\/span><span class=\"counter\">04<\/span><span class=\"picto\"><img src=\"https:\/\/www.tourisme-aveyron-segala.fr\/wp-content\/plugins\/sc_travelnode\/im\/clairs\/pictoAgenda.png\"><\/span><h4 class=\"titreFiche\">Foire mensuelle<\/h4><span class=\"commmune\">Rieupeyroux<\/span><span class=\"criteres\"><span class=\"periode\">- Wednesday 15\/04\/2026<\/span><span class=\"comment\"> matin<\/span> <span class=\"periode\">- Wednesday 20\/05\/2026<\/span><span class=\"comment\"> matin<\/span> <span class=\"periode\">- Thursday 18\/06\/2026<\/span><span class=\"comment\"> matin<\/span> <span class=\"periode\">- [...]<br><\/span><\/a><\/li><li data-tn_identifier=\"12056-FMA-20200103164041149\" data-counterTxt=\"05\" data-tn_code=|02.01.03|02.01.03.01.11|02.01.03.01.12 ><a href=\"https:\/\/www.tourisme-aveyron-segala.fr\/en\/oit\/foire-mensuelle-4\/?lis_id=13\" title=\"Read more...\"><span class=\"symbole imageAgenda\"><\/span><span class=\"vignette\" style=\"background-image:url(https:\/\/www.tourisme-aveyron-segala.fr\/wp-content\/uploads\/2026\/02\/600-104.webp);\"><\/span><span class=\"counter\">05<\/span><span class=\"picto\"><img src=\"https:\/\/www.tourisme-aveyron-segala.fr\/wp-content\/plugins\/sc_travelnode\/im\/clairs\/pictoAgenda.png\"><\/span><h4 class=\"titreFiche\">Foire mensuelle<\/h4><span class=\"commmune\">Baraqueville<\/span><span class=\"criteres\"><span class=\"periode\">- Wednesday 11\/03\/2026<\/span><span class=\"comment\"> matin<\/span> <span class=\"periode\">- Wednesday 08\/04\/2026<\/span><span class=\"comment\"> matin<\/span> <span class=\"periode\">- Wednesday 13\/05\/2026<\/span><span class=\"comment\"> matin<\/span> <span class=\"periode\">- [...]<br><\/span><\/a><\/li><li data-tn_identifier=\"12057-FMA-20200506113903499\" data-counterTxt=\"06\" data-tn_code=|02.01.03|02.01.03.01.11|02.01.03.01.12 ><a href=\"https:\/\/www.tourisme-aveyron-segala.fr\/en\/oit\/foire-mensuelle-5\/?lis_id=13\" title=\"Read more...\"><span class=\"symbole imageAgenda\"><\/span><span class=\"vignette\" style=\"background-image:url(https:\/\/www.tourisme-aveyron-segala.fr\/wp-content\/uploads\/2026\/02\/600-105.webp);\"><\/span><span class=\"counter\">06<\/span><span class=\"picto\"><img src=\"https:\/\/www.tourisme-aveyron-segala.fr\/wp-content\/plugins\/sc_travelnode\/im\/clairs\/pictoAgenda.png\"><\/span><h4 class=\"titreFiche\">Foire mensuelle<\/h4><span class=\"commmune\">Cassagnes-B\u00e9gonh\u00e8s<\/span><span class=\"criteres\"><span class=\"periode\">- Monday 16\/03\/2026<\/span><span class=\"comment\"> matin<\/span> <span class=\"periode\">- Monday 20\/04\/2026<\/span><span class=\"comment\"> matin<\/span> <span class=\"periode\">- Monday 18\/05\/2026<\/span><span class=\"comment\"> matin<\/span> <span class=\"periode\">- [...]<br><\/span><\/a><\/li><li data-tn_identifier=\"12169-FMA-20161210103302194\" data-counterTxt=\"07\" data-tn_code=|02.01.03|02.01.03.01.11|02.01.03.01.12 ><a href=\"https:\/\/www.tourisme-aveyron-segala.fr\/en\/oit\/foire-mensuelle-6\/?lis_id=13\" title=\"Read more...\"><span class=\"symbole imageAgenda\"><\/span><span class=\"vignette\" style=\"background-image:url(https:\/\/www.tourisme-aveyron-segala.fr\/wp-content\/uploads\/2026\/02\/600-106.webp);\"><\/span><span class=\"counter\">07<\/span><span class=\"picto\"><img src=\"https:\/\/www.tourisme-aveyron-segala.fr\/wp-content\/plugins\/sc_travelnode\/im\/clairs\/pictoAgenda.png\"><\/span><h4 class=\"titreFiche\">Foire mensuelle<\/h4><span class=\"commmune\">Naucelle<\/span><span class=\"criteres\"><span class=\"periode\">- Wednesday 25\/03\/2026<\/span><span class=\"comment\"> matin<\/span> <span class=\"periode\">- Wednesday 29\/04\/2026<\/span><span class=\"comment\"> matin<\/span> <span class=\"periode\">- Wednesday 27\/05\/2026<\/span><span class=\"comment\"> matin<\/span> <span class=\"periode\">- [...]<br><\/span><\/a><\/li><li data-tn_identifier=\"12056-FMA-20190423123123250\" data-counterTxt=\"08\" data-tn_code=|02.01.03|02.01.03.01.11|02.01.03.04.10 ><a href=\"https:\/\/www.tourisme-aveyron-segala.fr\/en\/oit\/foire-agricole-de-baraqueville-2\/?lis_id=13\" title=\"Read more...\"><span class=\"symbole imageAgenda\"><\/span><span class=\"vignette\" style=\"background-image:url(https:\/\/www.tourisme-aveyron-segala.fr\/wp-content\/uploads\/2026\/04\/600-108.webp);\"><\/span><span class=\"counter\">08<\/span><span class=\"picto\"><img src=\"https:\/\/www.tourisme-aveyron-segala.fr\/wp-content\/plugins\/sc_travelnode\/im\/clairs\/pictoAgenda.png\"><\/span><h4 class=\"titreFiche\">Foire agricole de Baraqueville<\/h4><span class=\"commmune\">Baraqueville<\/span><span class=\"criteres\"><span class=\"periode\">- From Saturday 02\/05\/2026 to Sunday 03\/05\/2026<\/span>  <br><\/span><\/a><\/li><li data-tn_identifier=\"12278-FMA-20260423091055809\" data-counterTxt=\"09\" data-tn_code=|02.01.03|02.01.03.01.12|02.01.03.01.22|02.01.03.01.23|02.01.03.05.04|02.01.03.05.05|02.01.03.03.64|02.01.03.04.14|02.01.03.04.10 ><a href=\"https:\/\/www.tourisme-aveyron-segala.fr\/en\/oit\/les-guinguettes-paysannes-2\/?lis_id=13\" title=\"Read more...\"><span class=\"symbole imageAgenda\"><\/span><span class=\"vignette\" style=\"background-image:url(https:\/\/www.tourisme-aveyron-segala.fr\/wp-content\/uploads\/2026\/04\/600-110.webp);\"><\/span><span class=\"counter\">09<\/span><span class=\"picto\"><img src=\"https:\/\/www.tourisme-aveyron-segala.fr\/wp-content\/plugins\/sc_travelnode\/im\/clairs\/pictoAgenda.png\"><\/span><h4 class=\"titreFiche\">Les guinguettes paysannes<\/h4><span class=\"commmune\">Tayrac<\/span><span class=\"criteres\"><span class=\"periode\">- Wednesday 06\/05\/2026<\/span><span class=\"comment\"> De 16h \u00e0 19h.<\/span> <span class=\"periode\">- Wednesday 03\/06\/2026<\/span><span class=\"comment\"> De 16h \u00e0 19h.<\/span> <span class=\"periode\">- [...]<br><\/span><\/a><\/li><li data-tn_identifier=\"12144-FMA-20260417111700941\" data-counterTxt=\"10\" data-tn_code=|02.01.03|02.01.03.01.12|02.01.03.01.22|02.01.03.01.19|02.01.03.05.04 ><a href=\"https:\/\/www.tourisme-aveyron-segala.fr\/en\/oit\/soiree-anniversaire-du-lou-meljacol-2\/?lis_id=13\" title=\"Read more...\"><span class=\"symbole imageAgenda\"><\/span><span class=\"vignette\" style=\"background-image:url(https:\/\/www.tourisme-aveyron-segala.fr\/wp-content\/uploads\/2026\/04\/600-104.webp);\"><\/span><span class=\"counter\">10<\/span><span class=\"picto\"><img src=\"https:\/\/www.tourisme-aveyron-segala.fr\/wp-content\/plugins\/sc_travelnode\/im\/clairs\/pictoAgenda.png\"><\/span><h4 class=\"titreFiche\">Soir\u00e9e anniversaire du Lou Meljacol<\/h4><span class=\"commmune\">Meljac<\/span><span class=\"criteres\"><span class=\"periode\">- Friday 08\/05\/2026<\/span><span class=\"comment\"> \u00c0 partir de 16h<\/span>  <br><\/span><\/a><\/li><li data-tn_identifier=\"12262-FMA-20260211152712961\" data-counterTxt=\"11\" data-tn_code=|02.01.03|02.01.03.01.12|02.01.03.01.29|02.01.03.05.04|02.01.03.04.11 ><a href=\"https:\/\/www.tourisme-aveyron-segala.fr\/en\/oit\/marche-de-printemps-2\/?lis_id=13\" title=\"Read more...\"><span class=\"symbole imageAgenda\"><\/span><span class=\"vignette\" style=\"background-image:url(https:\/\/www.tourisme-aveyron-segala.fr\/wp-content\/uploads\/2026\/02\/600-43.webp);\"><\/span><span class=\"counter\">11<\/span><span class=\"picto\"><img src=\"https:\/\/www.tourisme-aveyron-segala.fr\/wp-content\/plugins\/sc_travelnode\/im\/clairs\/pictoAgenda.png\"><\/span><h4 class=\"titreFiche\">March\u00e9 de printemps<\/h4><span class=\"commmune\">Sauveterre-de-Rouergue<\/span><span class=\"criteres\"><span class=\"periode\">- Sunday 10\/05\/2026<\/span><span class=\"comment\"> De 09h \u00e0 17h<\/span>  <br><\/span><\/a><\/li><li data-tn_identifier=\"12169-FMA-20190424115144144\" data-counterTxt=\"12\" data-tn_code=|02.01.03|02.01.03.01.12|02.01.03.04.14 ><a href=\"https:\/\/www.tourisme-aveyron-segala.fr\/en\/oit\/marche-cote-jardin-2\/?lis_id=13\" title=\"Read more...\"><span class=\"symbole imageAgenda\"><\/span><span class=\"vignette\" style=\"background-image:url(https:\/\/www.tourisme-aveyron-segala.fr\/wp-content\/uploads\/2026\/02\/600-56.webp);\"><\/span><span class=\"counter\">12<\/span><span class=\"picto\"><img src=\"https:\/\/www.tourisme-aveyron-segala.fr\/wp-content\/plugins\/sc_travelnode\/im\/clairs\/pictoAgenda.png\"><\/span><h4 class=\"titreFiche\">March\u00e9 C\u00f4t\u00e9 jardin<\/h4><span class=\"commmune\">Naucelle<\/span><span class=\"criteres\"><span class=\"periode\">- Sunday 17\/05\/2026<\/span><span class=\"comment\"> \u00c0 partir de 09h<\/span>  <br><\/span><\/a><\/li><li data-tn_identifier=\"12169-FMA-20260303155003327\" data-counterTxt=\"13\" data-tn_code=|02.01.03|02.01.03.01.12|02.01.03.05.04|02.01.03.04.12 ><a href=\"https:\/\/www.tourisme-aveyron-segala.fr\/en\/oit\/fete-des-meres-au-marche-de-naucelle-2\/?lis_id=13\" title=\"Read more...\"><span class=\"symbole imageAgenda\"><\/span><span class=\"vignette\" style=\"background-image:url(https:\/\/www.tourisme-aveyron-segala.fr\/wp-content\/uploads\/2026\/03\/600-2.webp);\"><\/span><span class=\"counter\">13<\/span><span class=\"picto\"><img src=\"https:\/\/www.tourisme-aveyron-segala.fr\/wp-content\/plugins\/sc_travelnode\/im\/clairs\/pictoAgenda.png\"><\/span><h4 class=\"titreFiche\">F\u00eate des m\u00e8res au march\u00e9 de Naucelle<\/h4><span class=\"commmune\">Naucelle<\/span><span class=\"criteres\"><span class=\"periode\">- Saturday 30\/05\/2026<\/span><span class=\"comment\"> The matin<\/span>  <br><\/span><\/a><\/li><li data-tn_identifier=\"12198-FMA-202205131550039\" data-counterTxt=\"14\" data-tn_code=|02.01.03|02.01.03.01.12 ><a href=\"https:\/\/www.tourisme-aveyron-segala.fr\/en\/oit\/marches-de-producteurs-de-pays-2\/?lis_id=13\" title=\"Read more...\"><span class=\"symbole imageAgenda\"><\/span><span class=\"vignette\" style=\"background-image:url(https:\/\/www.tourisme-aveyron-segala.fr\/wp-content\/uploads\/2026\/04\/600-128.webp);\"><\/span><span class=\"counter\">14<\/span><span class=\"picto\"><img src=\"https:\/\/www.tourisme-aveyron-segala.fr\/wp-content\/plugins\/sc_travelnode\/im\/clairs\/pictoAgenda.png\"><\/span><h4 class=\"titreFiche\">March\u00e9s de producteurs de pays<\/h4><span class=\"commmune\">Rieupeyroux<\/span><span class=\"criteres\"><span class=\"periode\">- From Sunday 14\/06\/2026 to Sunday 13\/09\/2026<\/span><span class=\"comment\"> 8h-13h<\/span><span class=\"jour\"> - Sunday<\/span>  <br><\/span><\/a><\/li><li data-tn_identifier=\"12169-FMA-20260303155918383\" data-counterTxt=\"15\" data-tn_code=|02.01.03|02.01.03.01.12|02.01.03.05.04|02.01.03.04.12 ><a href=\"https:\/\/www.tourisme-aveyron-segala.fr\/en\/oit\/fete-des-peres-au-marche-de-naucelle-2\/?lis_id=13\" title=\"Read more...\"><span class=\"symbole imageAgenda\"><\/span><span class=\"vignette\" style=\"background-image:url(https:\/\/www.tourisme-aveyron-segala.fr\/wp-content\/uploads\/2026\/03\/600-3.webp);\"><\/span><span class=\"counter\">15<\/span><span class=\"picto\"><img src=\"https:\/\/www.tourisme-aveyron-segala.fr\/wp-content\/plugins\/sc_travelnode\/im\/clairs\/pictoAgenda.png\"><\/span><h4 class=\"titreFiche\">F\u00eate des p\u00e8res au march\u00e9 de Naucelle<\/h4><span class=\"commmune\">Naucelle<\/span><span class=\"criteres\"><span class=\"periode\">- Saturday 20\/06\/2026<\/span><span class=\"comment\"> The matin<\/span>  <br><\/span><\/a><\/li><li data-tn_identifier=\"12021-FMA-20240530084126313\" data-counterTxt=\"16\" data-tn_code=|02.01.03|02.01.03.01.05|02.01.03.01.29|02.01.03.05.04|02.01.03.05.05 ><a href=\"https:\/\/www.tourisme-aveyron-segala.fr\/en\/oit\/fete-de-la-musique-a-vabre-tizac-2\/?lis_id=13\" title=\"Read more...\"><span class=\"symbole imageAgenda\"><\/span><span class=\"vignette\" style=\"background-image:url(https:\/\/www.tourisme-aveyron-segala.fr\/wp-content\/uploads\/2025\/12\/600-42.webp);\"><\/span><span class=\"counter\">16<\/span><span class=\"picto\"><img src=\"https:\/\/www.tourisme-aveyron-segala.fr\/wp-content\/plugins\/sc_travelnode\/im\/clairs\/pictoAgenda.png\"><\/span><h4 class=\"titreFiche\">F\u00eate de la musique \u00e0 Vabre-Tizac<\/h4><span class=\"commmune\">Le Bas S\u00e9gala<\/span><span class=\"criteres\"><span class=\"periode\">- Sunday 21\/06\/2026<\/span><span class=\"comment\"> d\u00e8s 17h<\/span>  <br><\/span><\/a><\/li><li data-tn_identifier=\"12021-FMA-20240118091335672\" data-counterTxt=\"17\" data-tn_code=|02.01.03|02.01.03.01.12|02.01.03.01.22|02.01.03.01.23|02.01.03.05.04|02.01.03.05.05|02.01.03.05.03|02.01.03.03.64|02.01.03.03.62|02.01.03.03.38|02.01.03.04.14 ><a href=\"https:\/\/www.tourisme-aveyron-segala.fr\/en\/oit\/journee-du-patrimoine-de-pays-a-la-bastide-leveque-2\/?lis_id=13\" title=\"Read more...\"><span class=\"symbole imageAgenda\"><\/span><span class=\"vignette\" style=\"background-image:url(https:\/\/www.tourisme-aveyron-segala.fr\/wp-content\/uploads\/2025\/12\/600-2.webp);\"><\/span><span class=\"counter\">17<\/span><span class=\"picto\"><img src=\"https:\/\/www.tourisme-aveyron-segala.fr\/wp-content\/plugins\/sc_travelnode\/im\/clairs\/pictoAgenda.png\"><\/span><h4 class=\"titreFiche\">Journ\u00e9e du patrimoine de pays \u00e0 La Bastide l'Ev\u00eaque<\/h4><span class=\"commmune\">Le Bas S\u00e9gala<\/span><span class=\"criteres\"><span class=\"periode\">- Sunday 28\/06\/2026<\/span><span class=\"comment\"> 8h30-18h<\/span>  <br><\/span><\/a><\/li><li data-tn_identifier=\"12198-FMA-20220513155300950\" data-counterTxt=\"18\" data-tn_code=|02.01.03|02.01.03.01.29|02.01.03.01.22|02.01.03.05.04|02.01.03.05.05|02.01.03.03.64 ><a href=\"https:\/\/www.tourisme-aveyron-segala.fr\/en\/oit\/marches-gourmands-2\/?lis_id=13\" title=\"Read more...\"><span class=\"symbole imageAgenda\"><\/span><span class=\"vignette indisponible\">No photo<\/span><span class=\"counter\">18<\/span><span class=\"picto\"><img src=\"https:\/\/www.tourisme-aveyron-segala.fr\/wp-content\/plugins\/sc_travelnode\/im\/clairs\/pictoAgenda.png\"><\/span><h4 class=\"titreFiche\">March\u00e9s gourmands<\/h4><span class=\"commmune\">Rieupeyroux<\/span><span class=\"criteres\"><span class=\"periode\">- Tuesday 21\/07\/2026<\/span> <span class=\"periode\">- Tuesday 28\/07\/2026<\/span> <span class=\"periode\">- Tuesday 11\/08\/2026<\/span> <span class=\"periode\">- Tuesday 18\/08\/2026<\/span>  <br><\/span><\/a><\/li><li data-tn_identifier=\"12198-FMA-20220307095307931\" data-counterTxt=\"19\" data-tn_code=|02.01.03|02.01.03.01.26|02.01.03.01.12|02.01.03.01.22|02.01.03.03.38 ><a href=\"https:\/\/www.tourisme-aveyron-segala.fr\/en\/oit\/fete-de-la-pomme-de-terre-et-du-veau-daveyron-2\/?lis_id=13\" title=\"Read more...\"><span class=\"symbole imageAgenda\"><\/span><span class=\"vignette\" style=\"background-image:url(https:\/\/www.tourisme-aveyron-segala.fr\/wp-content\/uploads\/2026\/04\/600-127.webp);\"><\/span><span class=\"counter\">19<\/span><span class=\"picto\"><img src=\"https:\/\/www.tourisme-aveyron-segala.fr\/wp-content\/plugins\/sc_travelnode\/im\/clairs\/pictoAgenda.png\"><\/span><h4 class=\"titreFiche\">F\u00eate de la pomme de terre et du veau d'Aveyron<\/h4><span class=\"commmune\">Rieupeyroux<\/span><span class=\"criteres\"><span class=\"periode\">- Sunday 02\/08\/2026<\/span>  <br><\/span><\/a><\/li><li data-tn_identifier=\"12021-FMA-20180104155519784\" data-counterTxt=\"20\" data-tn_code=|02.01.03|02.01.03.01.25|02.01.03.01.05|02.01.03.01.26|02.01.03.01.29|02.01.03.01.30|02.01.03.01.22|02.01.03.05.04|02.01.03.05.05|02.01.03.03.68 ><a href=\"https:\/\/www.tourisme-aveyron-segala.fr\/en\/oit\/saint-salvadou-en-fete-2\/?lis_id=13\" title=\"Read more...\"><span class=\"symbole imageAgenda\"><\/span><span class=\"vignette\" style=\"background-image:url(https:\/\/www.tourisme-aveyron-segala.fr\/wp-content\/uploads\/2025\/11\/600-60.webp);\"><\/span><span class=\"counter\">20<\/span><span class=\"picto\"><img src=\"https:\/\/www.tourisme-aveyron-segala.fr\/wp-content\/plugins\/sc_travelnode\/im\/clairs\/pictoAgenda.png\"><\/span><h4 class=\"titreFiche\">Saint-Salvadou en f\u00eate<\/h4><span class=\"commmune\">Le Bas S\u00e9gala<\/span><span class=\"criteres\"><span class=\"periode\">- From Friday 07\/08\/2026 to Sunday 09\/08\/2026<\/span><span class=\"jour\"> - Sunday<\/span><span class=\"jour\"> - Friday<\/span><span class=\"jour\"> - Saturday<\/span>  <br><\/span><\/a><\/li><li data-tn_identifier=\"12021-FMA-20210204095919875\" data-counterTxt=\"21\" data-tn_code=|02.01.03|02.01.03.01.05|02.01.03.01.26|02.01.03.01.29|02.01.03.01.22|02.01.03.05.04|02.01.03.05.05|02.01.03.03.66|02.01.03.04.02 ><a href=\"https:\/\/www.tourisme-aveyron-segala.fr\/en\/oit\/vabre-tizac-en-fete-2\/?lis_id=13\" title=\"Read more...\"><span class=\"symbole imageAgenda\"><\/span><span class=\"vignette\" style=\"background-image:url(https:\/\/www.tourisme-aveyron-segala.fr\/wp-content\/uploads\/2025\/11\/600-75.webp);\"><\/span><span class=\"counter\">21<\/span><span class=\"picto\"><img src=\"https:\/\/www.tourisme-aveyron-segala.fr\/wp-content\/plugins\/sc_travelnode\/im\/clairs\/pictoAgenda.png\"><\/span><h4 class=\"titreFiche\">Vabre-Tizac en f\u00eate<\/h4><span class=\"commmune\">Le Bas S\u00e9gala<\/span><span class=\"criteres\"><span class=\"periode\">- From Friday 28\/08\/2026 to Sunday 30\/08\/2026<\/span><span class=\"jour\"> - Sunday<\/span><span class=\"jour\"> - Friday<\/span><span class=\"jour\"> - Saturday<\/span>  <br><\/span><\/a><\/li><\/ul>\n\t<script type=\"text\/javascript\">\n\t\/* <![CDATA[ *\/\n\t\tvar sc_page = {};\n\t\tsc_page.fichesPage = [\"12198-FMA-2024052410011540\",\"12262-FMA-20191212121506213\",\"12258-FMA-20230831170706514\",\"12198-FMA-202308311652063\",\"12056-FMA-20200103164041149\",\"12057-FMA-20200506113903499\",\"12169-FMA-20161210103302194\",\"12056-FMA-20190423123123250\",\"12278-FMA-20260423091055809\",\"12144-FMA-20260417111700941\",\"12262-FMA-20260211152712961\",\"12169-FMA-20190424115144144\",\"12169-FMA-20260303155003327\",\"12198-FMA-202205131550039\",\"12169-FMA-20260303155918383\",\"12021-FMA-20240530084126313\",\"12021-FMA-20240118091335672\",\"12198-FMA-20220513155300950\",\"12198-FMA-20220307095307931\",\"12021-FMA-20180104155519784\",\"12021-FMA-20210204095919875\"];\n\t\tsc_page.zoom = 11;\n\t\tsc_page.lis_id = 13;\n\t\tsc_page.current_tn_identifier = \"\";\n\t\tsc_page.current_counter_text = \"\";\n\t\/* ]]> *\/\n\t<\/script>\n\t<div id=\"carto\"><\/div>\n","protected":false},"excerpt":{"rendered":"<p>If you want to eat real local produce and taste the best that the \u201cterroir\u201d has to offer, head to one of the frequent markets where you\u2019ll meet indigenous producers and breeders. From the farm to the fork &#8211; there\u2019s nothing more authentic!  [&#8230;]<\/p>\n<p><a class=\"btn btn-secondary understrap-read-more-link\" href=\"https:\/\/www.tourisme-aveyron-segala.fr\/en\/gastronomy\/markets\/\">Read More&#8230;<\/a><\/p>\n","protected":false},"author":1,"featured_media":14548,"parent":14438,"menu_order":0,"comment_status":"closed","ping_status":"closed","template":"page-templates\/page-listeAgenda.php","meta":[],"_links":{"self":[{"href":"https:\/\/www.tourisme-aveyron-segala.fr\/en\/wp-json\/wp\/v2\/pages\/14451"}],"collection":[{"href":"https:\/\/www.tourisme-aveyron-segala.fr\/en\/wp-json\/wp\/v2\/pages"}],"about":[{"href":"https:\/\/www.tourisme-aveyron-segala.fr\/en\/wp-json\/wp\/v2\/types\/page"}],"author":[{"embeddable":true,"href":"https:\/\/www.tourisme-aveyron-segala.fr\/en\/wp-json\/wp\/v2\/users\/1"}],"replies":[{"embeddable":true,"href":"https:\/\/www.tourisme-aveyron-segala.fr\/en\/wp-json\/wp\/v2\/comments?post=14451"}],"version-history":[{"count":3,"href":"https:\/\/www.tourisme-aveyron-segala.fr\/en\/wp-json\/wp\/v2\/pages\/14451\/revisions"}],"predecessor-version":[{"id":15247,"href":"https:\/\/www.tourisme-aveyron-segala.fr\/en\/wp-json\/wp\/v2\/pages\/14451\/revisions\/15247"}],"up":[{"embeddable":true,"href":"https:\/\/www.tourisme-aveyron-segala.fr\/en\/wp-json\/wp\/v2\/pages\/14438"}],"wp:featuredmedia":[{"embeddable":true,"href":"https:\/\/www.tourisme-aveyron-segala.fr\/en\/wp-json\/wp\/v2\/media\/14548"}],"wp:attachment":[{"href":"https:\/\/www.tourisme-aveyron-segala.fr\/en\/wp-json\/wp\/v2\/media?parent=14451"}],"curies":[{"name":"wp","href":"https:\/\/api.w.org\/{rel}","templated":true}]}}