{"id":14425,"date":"2017-06-16T15:53:08","date_gmt":"2017-06-16T13:53:08","guid":{"rendered":"https:\/\/www.tourisme-aveyron-segala.fr\/?page_id=14425\/"},"modified":"2017-07-03T17:08:46","modified_gmt":"2017-07-03T15:08:46","slug":"guest-rooms","status":"publish","type":"page","link":"https:\/\/www.tourisme-aveyron-segala.fr\/en\/nesting\/guest-rooms\/","title":{"rendered":"Guest rooms"},"content":{"rendered":"<div class=\"navigation-oit-container\" id=\"topListe\">\n\t\t<div class=\"navigation-oit\">\n\t\t\t<h2>Pierrechange<\/h2>\n\t\t\t<a href=\"#topListe\" class=\"onlyListe actif\"><span class=\"label\">List<\/span><\/a>\n\t\t\t<a href=\"#topListe\" class=\"listeMap\"><span class=\"label\">List and map<\/span><\/a>\n\t\t\t<a href=\"#topListe\" class=\"onlyMap\"><span class=\"label\">Map<\/span><\/a>\n\t\t<\/div>\n\t<\/div><ul class=\"fiches-oi\" id=\"liste-fiches\"><li data-tn_identifier=\"12056-HLO-20141008103510609\" data-counterTxt=\"01\" data-tn_code=|02.01.04|02.01.04.01.01 ><a href=\"https:\/\/www.tourisme-aveyron-segala.fr\/en\/oit\/au-mas-dhurtes-2\/?lis_id=8\" title=\"Read more...\"><span class=\"symbole imageNid\"><\/span><span class=\"vignette\" style=\"background-image:url(https:\/\/www.tourisme-aveyron-segala.fr\/wp-content\/uploads\/2022\/03\/600-2511.webp);\"><\/span><span class=\"counter\">01<\/span><span class=\"picto\"><img src=\"https:\/\/www.tourisme-aveyron-segala.fr\/wp-content\/plugins\/sc_travelnode\/im\/clairs\/pictoNid.png\"><\/span><h4 class=\"titreFiche\">Chambres d'h\u00f4tes Au Mas d'Hurtes<\/h4><span class=\"commmune\">Baraqueville<\/span><span class=\"criteres\">2 Room, 4 Person, Townhall registration, Chambres d'h\u00f4tes qualifi\u00e9es par l'office de Tourisme<\/span><\/a><\/li><li data-tn_identifier=\"12056-HLO-20210724095739839\" data-counterTxt=\"02\" data-tn_code=|02.01.04|02.01.04.01.01 ><a href=\"https:\/\/www.tourisme-aveyron-segala.fr\/en\/oit\/chez-isabelle-et-bruno-2\/?lis_id=8\" title=\"Read more...\"><span class=\"symbole imageNid\"><\/span><span class=\"vignette\" style=\"background-image:url(https:\/\/www.tourisme-aveyron-segala.fr\/wp-content\/uploads\/2022\/03\/600-461.webp);\"><\/span><span class=\"counter\">02<\/span><span class=\"picto\"><img src=\"https:\/\/www.tourisme-aveyron-segala.fr\/wp-content\/plugins\/sc_travelnode\/im\/clairs\/pictoNid.png\"><\/span><h4 class=\"titreFiche\">Chez Isabelle et Bruno<\/h4><span class=\"commmune\">Baraqueville<\/span><span class=\"criteres\">1 Room, 5 Person, Townhall registration, 3 ears of corn<\/span><\/a><\/li><li data-tn_identifier=\"12041-HLO-20090520101335791\" data-counterTxt=\"03\" data-tn_code=|02.01.04|02.01.04.01.01 ><a href=\"https:\/\/www.tourisme-aveyron-segala.fr\/en\/oit\/la-maison-de-manou-les-hauts-de-la-nauze-2\/?lis_id=8\" title=\"Read more...\"><span class=\"symbole imageNid\"><\/span><span class=\"vignette\" style=\"background-image:url(https:\/\/www.tourisme-aveyron-segala.fr\/wp-content\/uploads\/2022\/03\/600-151.webp);\"><\/span><span class=\"counter\">03<\/span><span class=\"picto\"><img src=\"https:\/\/www.tourisme-aveyron-segala.fr\/wp-content\/plugins\/sc_travelnode\/im\/clairs\/pictoNid.png\"><\/span><h4 class=\"titreFiche\">La Maison de Manou - Les Hauts de la Nauze<\/h4><span class=\"commmune\">Caban\u00e8s<\/span><span class=\"criteres\">4 Room, 8 Person, Townhall registration<\/span><\/a><\/li><li data-tn_identifier=\"12041-HLO-20090520101335791\" data-counterTxt=\"04\" data-tn_code=|02.01.04|02.01.04.01.01 ><a href=\"https:\/\/www.tourisme-aveyron-segala.fr\/en\/oit\/la-maison-de-manou-les-hauts-de-la-nauze-2\/?lis_id=8\" title=\"Read more...\"><span class=\"symbole imageNid\"><\/span><span class=\"vignette\" style=\"background-image:url(https:\/\/www.tourisme-aveyron-segala.fr\/wp-content\/uploads\/2022\/03\/600-151.webp);\"><\/span><span class=\"counter\">04<\/span><span class=\"picto\"><img src=\"https:\/\/www.tourisme-aveyron-segala.fr\/wp-content\/plugins\/sc_travelnode\/im\/clairs\/pictoNid.png\"><\/span><h4 class=\"titreFiche\">La Maison de Manou - Les Hauts de la Nauze<\/h4><span class=\"commmune\">Caban\u00e8s<\/span><span class=\"criteres\">4 Room, 8 Person, Townhall registration<\/span><\/a><\/li><li data-tn_identifier=\"12041-HLO-20160420114717841\" data-counterTxt=\"05\" data-tn_code=|02.01.04|02.01.04.01.01 ><a href=\"https:\/\/www.tourisme-aveyron-segala.fr\/en\/oit\/la-longere-de-cabanes-2\/?lis_id=8\" title=\"Read more...\"><span class=\"symbole imageNid\"><\/span><span class=\"vignette\" style=\"background-image:url(https:\/\/www.tourisme-aveyron-segala.fr\/wp-content\/uploads\/2022\/03\/600-221.webp);\"><\/span><span class=\"counter\">05<\/span><span class=\"picto\"><img src=\"https:\/\/www.tourisme-aveyron-segala.fr\/wp-content\/plugins\/sc_travelnode\/im\/clairs\/pictoNid.png\"><\/span><h4 class=\"titreFiche\">La Long\u00e8re de Caban\u00e8s<\/h4><span class=\"commmune\">Caban\u00e8s<\/span><span class=\"criteres\">3 Room, 10 Person, Townhall registration, Chambres d'h\u00f4tes qualifi\u00e9es par l'office de Tourisme<\/span><\/a><\/li><li data-tn_identifier=\"12045-HLO-20171011105718894\" data-counterTxt=\"06\" data-tn_code=|02.01.04|02.01.04.01.01 ><a href=\"https:\/\/www.tourisme-aveyron-segala.fr\/en\/oit\/chambre-dhotes-la-grange-de-bagard-2\/?lis_id=8\" title=\"Read more...\"><span class=\"symbole imageNid\"><\/span><span class=\"vignette\" style=\"background-image:url(https:\/\/www.tourisme-aveyron-segala.fr\/wp-content\/uploads\/2022\/03\/600-362.webp);\"><\/span><span class=\"counter\">06<\/span><span class=\"picto\"><img src=\"https:\/\/www.tourisme-aveyron-segala.fr\/wp-content\/plugins\/sc_travelnode\/im\/clairs\/pictoNid.png\"><\/span><h4 class=\"titreFiche\">Chambre d'h\u00f4tes La Grange de Bagard<\/h4><span class=\"commmune\">Camboulazet<\/span><span class=\"criteres\">2 Person, 1 Room, Townhall registration<\/span><\/a><\/li><li data-tn_identifier=\"12059-HLO-20210928155800761\" data-counterTxt=\"07\" data-tn_code=|02.01.04|02.01.04.01.01 ><a href=\"https:\/\/www.tourisme-aveyron-segala.fr\/en\/oit\/mi-casa-es-su-casa-2\/?lis_id=8\" title=\"Read more...\"><span class=\"symbole imageNid\"><\/span><span class=\"vignette\" style=\"background-image:url(https:\/\/www.tourisme-aveyron-segala.fr\/wp-content\/uploads\/2022\/03\/600-2901.webp);\"><\/span><span class=\"counter\">07<\/span><span class=\"picto\"><img src=\"https:\/\/www.tourisme-aveyron-segala.fr\/wp-content\/plugins\/sc_travelnode\/im\/clairs\/pictoNid.png\"><\/span><h4 class=\"titreFiche\">Chambres d'h\u00f4tes \"Ma maison est la v\u00f4tre\"<\/h4><span class=\"commmune\">Castanet<\/span><span class=\"criteres\">1 Room, 2 Person, Townhall registration<\/span><\/a><\/li><li data-tn_identifier=\"12043-HLO-20201212144536264\" data-counterTxt=\"08\" data-tn_code=|02.01.04|02.01.04.01.01 ><a href=\"https:\/\/www.tourisme-aveyron-segala.fr\/en\/oit\/la-palatine-2\/?lis_id=8\" title=\"Read more...\"><span class=\"symbole imageNid\"><\/span><span class=\"vignette\" style=\"background-image:url(https:\/\/www.tourisme-aveyron-segala.fr\/wp-content\/uploads\/2022\/03\/600-302.webp);\"><\/span><span class=\"counter\">08<\/span><span class=\"picto\"><img src=\"https:\/\/www.tourisme-aveyron-segala.fr\/wp-content\/plugins\/sc_travelnode\/im\/clairs\/pictoNid.png\"><\/span><h4 class=\"titreFiche\">La Palatine<\/h4><span class=\"commmune\">Calmont<\/span><span class=\"criteres\">2 Person, 1 Room, Townhall registration<\/span><\/a><\/li><li data-tn_identifier=\"12085-HLO-20190425094832845\" data-counterTxt=\"09\" data-tn_code=|02.01.04|02.01.04.01.01 ><a href=\"https:\/\/www.tourisme-aveyron-segala.fr\/en\/oit\/les-trois-hiboux-2\/?lis_id=8\" title=\"Read more...\"><span class=\"symbole imageNid\"><\/span><span class=\"vignette\" style=\"background-image:url(https:\/\/www.tourisme-aveyron-segala.fr\/wp-content\/uploads\/2022\/03\/600-959.webp);\"><\/span><span class=\"counter\">09<\/span><span class=\"picto\"><img src=\"https:\/\/www.tourisme-aveyron-segala.fr\/wp-content\/plugins\/sc_travelnode\/im\/clairs\/pictoNid.png\"><\/span><h4 class=\"titreFiche\">Les trois hiboux<\/h4><span class=\"commmune\">Crespin<\/span><span class=\"criteres\">4 Person, 2 Room, Townhall registration<\/span><\/a><\/li><li data-tn_identifier=\"12068-HLO-20171025105637321\" data-counterTxt=\"10\" data-tn_code=|02.01.04|02.01.04.01.01 ><a href=\"https:\/\/www.tourisme-aveyron-segala.fr\/en\/oit\/la-maison-2\/?lis_id=8\" title=\"Read more...\"><span class=\"symbole imageNid\"><\/span><span class=\"vignette\" style=\"background-image:url(https:\/\/www.tourisme-aveyron-segala.fr\/wp-content\/uploads\/2022\/03\/600-890.webp);\"><\/span><span class=\"counter\">10<\/span><span class=\"picto\"><img src=\"https:\/\/www.tourisme-aveyron-segala.fr\/wp-content\/plugins\/sc_travelnode\/im\/clairs\/pictoNid.png\"><\/span><h4 class=\"titreFiche\">La Maison<\/h4><span class=\"commmune\">Colombi\u00e8s<\/span><span class=\"criteres\">5 Room, 15 Person, Townhall registration<\/span><\/a><\/li><li data-tn_identifier=\"12068-HLO-20130911175359608\" data-counterTxt=\"11\" data-tn_code=|02.02.04|02.01.04.01.01 ><a href=\"https:\/\/www.tourisme-aveyron-segala.fr\/en\/oit\/le-moulin-de-limayrac-chambres-dhotes-groupes-2\/?lis_id=8\" title=\"Read more...\"><span class=\"symbole imageNid\"><\/span><span class=\"vignette\" style=\"background-image:url(https:\/\/www.tourisme-aveyron-segala.fr\/wp-content\/uploads\/2022\/03\/600-3107.webp);\"><\/span><span class=\"counter\">11<\/span><span class=\"picto\"><img src=\"https:\/\/www.tourisme-aveyron-segala.fr\/wp-content\/plugins\/sc_travelnode\/im\/clairs\/pictoNid.png\"><\/span><h4 class=\"titreFiche\">Le Moulin de Limayrac - Chambres d'h\u00f4tes<\/h4><span class=\"commmune\">Colombi\u00e8s<\/span><span class=\"criteres\">4 Room, 15 Person, Townhall registration<\/span><\/a><\/li><li data-tn_identifier=\"12068-HLO-2012121415312041\" data-counterTxt=\"12\" data-tn_code=|02.01.04|02.01.04.01.01 ><a href=\"https:\/\/www.tourisme-aveyron-segala.fr\/en\/oit\/la-bastide-2\/?lis_id=8\" title=\"Read more...\"><span class=\"symbole imageNid\"><\/span><span class=\"vignette\" style=\"background-image:url(https:\/\/www.tourisme-aveyron-segala.fr\/wp-content\/uploads\/2022\/03\/600-856.webp);\"><\/span><span class=\"counter\">12<\/span><span class=\"picto\"><img src=\"https:\/\/www.tourisme-aveyron-segala.fr\/wp-content\/plugins\/sc_travelnode\/im\/clairs\/pictoNid.png\"><\/span><h4 class=\"titreFiche\">La Bastide<\/h4><span class=\"commmune\">Colombi\u00e8s<\/span><span class=\"criteres\">3 Room, 8 Person<\/span><\/a><\/li><li data-tn_identifier=\"12258-HLO-20111219160825129\" data-counterTxt=\"13\" data-tn_code=|02.01.04|02.01.04.01.01 ><a href=\"https:\/\/www.tourisme-aveyron-segala.fr\/en\/oit\/les-tronques-2\/?lis_id=8\" title=\"Read more...\"><span class=\"symbole imageNid\"><\/span><span class=\"vignette\" style=\"background-image:url(https:\/\/www.tourisme-aveyron-segala.fr\/wp-content\/uploads\/2017\/06\/600-1045.webp);\"><\/span><span class=\"counter\">13<\/span><span class=\"picto\"><img src=\"https:\/\/www.tourisme-aveyron-segala.fr\/wp-content\/plugins\/sc_travelnode\/im\/clairs\/pictoNid.png\"><\/span><h4 class=\"titreFiche\">Les Tronques<\/h4><span class=\"commmune\">La Salvetat-Peyral\u00e8s<\/span><span class=\"criteres\">5 Room, 15 Person, Townhall registration<\/span><\/a><\/li><li data-tn_identifier=\"12258-HLO-20161121112915598\" data-counterTxt=\"14\" data-tn_code=|02.01.04|02.01.04.01.01 ><a href=\"https:\/\/www.tourisme-aveyron-segala.fr\/en\/oit\/lauberg-in-3\/?lis_id=8\" title=\"Read more...\"><span class=\"symbole imageNid\"><\/span><span class=\"vignette\" style=\"background-image:url(https:\/\/www.tourisme-aveyron-segala.fr\/wp-content\/uploads\/2020\/11\/600-16.webp);\"><\/span><span class=\"counter\">14<\/span><span class=\"picto\"><img src=\"https:\/\/www.tourisme-aveyron-segala.fr\/wp-content\/plugins\/sc_travelnode\/im\/clairs\/pictoNid.png\"><\/span><h4 class=\"titreFiche\">L'Auberg In !<\/h4><span class=\"commmune\">La Salvetat-Peyral\u00e8s<\/span><span class=\"criteres\">5 Room, 15 Person, Townhall registration<\/span><\/a><\/li><li data-tn_identifier=\"12258-HLO-2020052210202166\" data-counterTxt=\"15\" data-tn_code=|02.01.04|02.01.04.01.01 ><a href=\"https:\/\/www.tourisme-aveyron-segala.fr\/en\/oit\/le-ruech-2\/?lis_id=8\" title=\"Read more...\"><span class=\"symbole imageNid\"><\/span><span class=\"vignette\" style=\"background-image:url(https:\/\/www.tourisme-aveyron-segala.fr\/wp-content\/uploads\/2020\/05\/600-82.webp);\"><\/span><span class=\"counter\">15<\/span><span class=\"picto\"><img src=\"https:\/\/www.tourisme-aveyron-segala.fr\/wp-content\/plugins\/sc_travelnode\/im\/clairs\/pictoNid.png\"><\/span><h4 class=\"titreFiche\">Chambres en S\u00e9gala<\/h4><span class=\"commmune\">La Salvetat-Peyral\u00e8s<\/span><span class=\"criteres\">3 Room, 8 Person, Townhall registration<\/span><\/a><\/li><li data-tn_identifier=\"12021-HLO-20130206161714101\" data-counterTxt=\"16\" data-tn_code=|02.01.04|02.01.04.01.01 ><a href=\"https:\/\/www.tourisme-aveyron-segala.fr\/en\/oit\/la-maison-rouzies-2\/?lis_id=8\" title=\"Read more...\"><span class=\"symbole imageNid\"><\/span><span class=\"vignette\" style=\"background-image:url(https:\/\/www.tourisme-aveyron-segala.fr\/wp-content\/uploads\/2017\/06\/600-496.webp);\"><\/span><span class=\"counter\">16<\/span><span class=\"picto\"><img src=\"https:\/\/www.tourisme-aveyron-segala.fr\/wp-content\/plugins\/sc_travelnode\/im\/clairs\/pictoNid.png\"><\/span><h4 class=\"titreFiche\">La Maison Rouzi\u00e8s<\/h4><span class=\"commmune\">Le Bas S\u00e9gala<\/span><span class=\"criteres\">8 Person, 3 Room, Townhall registration<\/span><\/a><\/li><li data-tn_identifier=\"12021-HLO-20170621155831705\" data-counterTxt=\"17\" data-tn_code=|02.01.04|02.01.04.01.01 ><a href=\"https:\/\/www.tourisme-aveyron-segala.fr\/en\/oit\/la-ferme-les-mamours-2\/?lis_id=8\" title=\"Read more...\"><span class=\"symbole imageNid\"><\/span><span class=\"vignette\" style=\"background-image:url(https:\/\/www.tourisme-aveyron-segala.fr\/wp-content\/uploads\/2017\/07\/600-160.webp);\"><\/span><span class=\"counter\">17<\/span><span class=\"picto\"><img src=\"https:\/\/www.tourisme-aveyron-segala.fr\/wp-content\/plugins\/sc_travelnode\/im\/clairs\/pictoNid.png\"><\/span><h4 class=\"titreFiche\">La Ferme les Mamours<\/h4><span class=\"commmune\">Le Bas S\u00e9gala<\/span><span class=\"criteres\">6 Person, 2 Room, Townhall registration<\/span><\/a><\/li><li data-tn_identifier=\"12021-HLO-20191031103017858\" data-counterTxt=\"18\" data-tn_code=|02.01.04|02.01.04.01.01 ><a href=\"https:\/\/www.tourisme-aveyron-segala.fr\/en\/oit\/la-croisee-des-arts-2\/?lis_id=8\" title=\"Read more...\"><span class=\"symbole imageNid\"><\/span><span class=\"vignette\" style=\"background-image:url(https:\/\/www.tourisme-aveyron-segala.fr\/wp-content\/uploads\/2020\/02\/600-15.webp);\"><\/span><span class=\"counter\">18<\/span><span class=\"picto\"><img src=\"https:\/\/www.tourisme-aveyron-segala.fr\/wp-content\/plugins\/sc_travelnode\/im\/clairs\/pictoNid.png\"><\/span><h4 class=\"titreFiche\">La crois\u00e9e des Arts<\/h4><span class=\"commmune\">Le Bas S\u00e9gala<\/span><span class=\"criteres\">4 Person, 2 Room, Townhall registration<\/span><\/a><\/li><li data-tn_identifier=\"12021-HLO-20210811160113317\" data-counterTxt=\"19\" data-tn_code=|02.01.04|02.01.04.01.01 ><a href=\"https:\/\/www.tourisme-aveyron-segala.fr\/en\/oit\/le-temps-serein-2\/?lis_id=8\" title=\"Read more...\"><span class=\"symbole imageNid\"><\/span><span class=\"vignette\" style=\"background-image:url(https:\/\/www.tourisme-aveyron-segala.fr\/wp-content\/uploads\/2021\/08\/600-98.webp);\"><\/span><span class=\"counter\">19<\/span><span class=\"picto\"><img src=\"https:\/\/www.tourisme-aveyron-segala.fr\/wp-content\/plugins\/sc_travelnode\/im\/clairs\/pictoNid.png\"><\/span><h4 class=\"titreFiche\">Le Temps Serein<\/h4><span class=\"commmune\">Le Bas S\u00e9gala<\/span><span class=\"criteres\">2 Room, 6 Person, Townhall registration, Charme et Traditions<\/span><\/a><\/li><li data-tn_identifier=\"12162-HLO-20081008103607451\" data-counterTxt=\"20\" data-tn_code=|02.01.04|02.01.04.01.01 ><a href=\"https:\/\/www.tourisme-aveyron-segala.fr\/en\/oit\/chambre-dhotes-de-campagnet-2\/?lis_id=8\" title=\"Read more...\"><span class=\"symbole imageNid\"><\/span><span class=\"vignette\" style=\"background-image:url(https:\/\/www.tourisme-aveyron-segala.fr\/wp-content\/uploads\/2022\/03\/600-1018.webp);\"><\/span><span class=\"counter\">20<\/span><span class=\"picto\"><img src=\"https:\/\/www.tourisme-aveyron-segala.fr\/wp-content\/plugins\/sc_travelnode\/im\/clairs\/pictoNid.png\"><\/span><h4 class=\"titreFiche\">Chambre d'h\u00f4tes de Campagnet<\/h4><span class=\"commmune\">Moyraz\u00e8s<\/span><span class=\"criteres\">13 Person, 4 Room, Townhall registration, Chambres d'h\u00f4tes qualifi\u00e9es par l'office de Tourisme<\/span><\/a><\/li><li data-tn_identifier=\"12169-HLO-20211224155207750\" data-counterTxt=\"21\" data-tn_code=|02.01.04|02.01.04.01.01 ><a href=\"https:\/\/www.tourisme-aveyron-segala.fr\/en\/oit\/chambres-dhotes-la-ferme-de-pauletou-2\/?lis_id=8\" title=\"Read more...\"><span class=\"symbole imageNid\"><\/span><span class=\"vignette\" style=\"background-image:url(https:\/\/www.tourisme-aveyron-segala.fr\/wp-content\/uploads\/2022\/03\/600-1846.webp);\"><\/span><span class=\"counter\">21<\/span><span class=\"picto\"><img src=\"https:\/\/www.tourisme-aveyron-segala.fr\/wp-content\/plugins\/sc_travelnode\/im\/clairs\/pictoNid.png\"><\/span><h4 class=\"titreFiche\">Chambres d'h\u00f4tes La Ferme de Paul\u00e9tou<\/h4><span class=\"commmune\">Naucelle<\/span><span class=\"criteres\">4 Person, 2 Room, Townhall registration<\/span><\/a><\/li><li data-tn_identifier=\"12169-HLO-20211224155207750\" data-counterTxt=\"22\" data-tn_code=|02.01.04|02.01.04.01.01 ><a href=\"https:\/\/www.tourisme-aveyron-segala.fr\/en\/oit\/chambres-dhotes-la-ferme-de-pauletou-2\/?lis_id=8\" title=\"Read more...\"><span class=\"symbole imageNid\"><\/span><span class=\"vignette\" style=\"background-image:url(https:\/\/www.tourisme-aveyron-segala.fr\/wp-content\/uploads\/2022\/03\/600-1846.webp);\"><\/span><span class=\"counter\">22<\/span><span class=\"picto\"><img src=\"https:\/\/www.tourisme-aveyron-segala.fr\/wp-content\/plugins\/sc_travelnode\/im\/clairs\/pictoNid.png\"><\/span><h4 class=\"titreFiche\">Chambres d'h\u00f4tes La Ferme de Paul\u00e9tou<\/h4><span class=\"commmune\">Naucelle<\/span><span class=\"criteres\">4 Person, 2 Room, Townhall registration<\/span><\/a><\/li><li data-tn_identifier=\"12190-HLO-20150108101110870\" data-counterTxt=\"23\" data-tn_code=|02.01.04|02.01.04.01.01 ><a href=\"https:\/\/www.tourisme-aveyron-segala.fr\/en\/oit\/le-portail-haut-2\/?lis_id=8\" title=\"Read more...\"><span class=\"symbole imageNid\"><\/span><span class=\"vignette\" style=\"background-image:url(https:\/\/www.tourisme-aveyron-segala.fr\/wp-content\/uploads\/2017\/06\/600-764.webp);\"><\/span><span class=\"counter\">23<\/span><span class=\"picto\"><img src=\"https:\/\/www.tourisme-aveyron-segala.fr\/wp-content\/plugins\/sc_travelnode\/im\/clairs\/pictoNid.png\"><\/span><h4 class=\"titreFiche\">Le portail haut<\/h4><span class=\"commmune\">Pr\u00e9vinqui\u00e8res<\/span><span class=\"criteres\">13 Person, 4 Room, Townhall registration<\/span><\/a><\/li><li data-tn_identifier=\"12194-HLO-2014092308472483\" data-counterTxt=\"24\" data-tn_code=|02.01.04|02.01.04.01.01 ><a href=\"https:\/\/www.tourisme-aveyron-segala.fr\/en\/oit\/la-ferme-des-andes-chambres-dhotes-2\/?lis_id=8\" title=\"Read more...\"><span class=\"symbole imageNid\"><\/span><span class=\"vignette\" style=\"background-image:url(https:\/\/www.tourisme-aveyron-segala.fr\/wp-content\/uploads\/2022\/03\/600-1232.webp);\"><\/span><span class=\"counter\">24<\/span><span class=\"picto\"><img src=\"https:\/\/www.tourisme-aveyron-segala.fr\/wp-content\/plugins\/sc_travelnode\/im\/clairs\/pictoNid.png\"><\/span><h4 class=\"titreFiche\">La Ferme des Andes - Chambres d'h\u00f4tes<\/h4><span class=\"commmune\">Quins<\/span><span class=\"criteres\">2 Room, 6 Person, Townhall registration, Chambres d'h\u00f4tes qualifi\u00e9es par l'office de Tourisme<\/span><\/a><\/li><li data-tn_identifier=\"12194-HLO-20160701102058874\" data-counterTxt=\"25\" data-tn_code=|02.01.04|02.01.04.01.01 ><a href=\"https:\/\/www.tourisme-aveyron-segala.fr\/en\/oit\/chateau-de-cadars-2\/?lis_id=8\" title=\"Read more...\"><span class=\"symbole imageNid\"><\/span><span class=\"vignette\" style=\"background-image:url(https:\/\/www.tourisme-aveyron-segala.fr\/wp-content\/uploads\/2022\/03\/600-2035.webp);\"><\/span><span class=\"counter\">25<\/span><span class=\"picto\"><img src=\"https:\/\/www.tourisme-aveyron-segala.fr\/wp-content\/plugins\/sc_travelnode\/im\/clairs\/pictoNid.png\"><\/span><h4 class=\"titreFiche\">Ch\u00e2teau de Cadars<\/h4><span class=\"commmune\">Quins<\/span><span class=\"criteres\">1 Room, 2 Person, Townhall registration<\/span><\/a><\/li><li data-tn_identifier=\"12198-HLO-20240828172311998\" data-counterTxt=\"26\" data-tn_code=|02.01.04|02.01.04.01.01 ><a href=\"https:\/\/www.tourisme-aveyron-segala.fr\/en\/oit\/la-source-du-bonheur-2\/?lis_id=8\" title=\"Read more...\"><span class=\"symbole imageNid\"><\/span><span class=\"vignette\" style=\"background-image:url(https:\/\/www.tourisme-aveyron-segala.fr\/wp-content\/uploads\/2024\/09\/600-64.webp);\"><\/span><span class=\"counter\">26<\/span><span class=\"picto\"><img src=\"https:\/\/www.tourisme-aveyron-segala.fr\/wp-content\/plugins\/sc_travelnode\/im\/clairs\/pictoNid.png\"><\/span><h4 class=\"titreFiche\">La Source Du Bonheur<\/h4><span class=\"commmune\">Rieupeyroux<\/span><span class=\"criteres\">5 Room, 15 Person, Townhall registration, 3 ears of corn, Relais motard<\/span><\/a><\/li><li data-tn_identifier=\"12198-HLO-20250515085621160\" data-counterTxt=\"27\" data-tn_code=|02.01.04|02.01.04.01.01 ><a href=\"https:\/\/www.tourisme-aveyron-segala.fr\/en\/oit\/le-jardin-de-la-guionie-2\/?lis_id=8\" title=\"Read more...\"><span class=\"symbole imageNid\"><\/span><span class=\"vignette\" style=\"background-image:url(https:\/\/www.tourisme-aveyron-segala.fr\/wp-content\/uploads\/2025\/05\/600-154.webp);\"><\/span><span class=\"counter\">27<\/span><span class=\"picto\"><img src=\"https:\/\/www.tourisme-aveyron-segala.fr\/wp-content\/plugins\/sc_travelnode\/im\/clairs\/pictoNid.png\"><\/span><h4 class=\"titreFiche\">Le jardin de la Guionie<\/h4><span class=\"commmune\">Rieupeyroux<\/span><span class=\"criteres\">3 Room, 6 Person, Townhall registration<\/span><\/a><\/li><li data-tn_identifier=\"12198-HLO-20210413142110877\" data-counterTxt=\"28\" data-tn_code=|02.01.04|02.01.04.01.14|02.01.04.01.08 ><a href=\"https:\/\/www.tourisme-aveyron-segala.fr\/en\/oit\/les-colibris-2\/?lis_id=8\" title=\"Read more...\"><span class=\"symbole imageNid\"><\/span><span class=\"vignette\" style=\"background-image:url(https:\/\/www.tourisme-aveyron-segala.fr\/wp-content\/uploads\/2021\/05\/600-18.webp);\"><\/span><span class=\"counter\">28<\/span><span class=\"picto\"><img src=\"https:\/\/www.tourisme-aveyron-segala.fr\/wp-content\/plugins\/sc_travelnode\/im\/clairs\/pictoNid.png\"><\/span><h4 class=\"titreFiche\">La Cabane des Colibris<\/h4><span class=\"commmune\">Rieupeyroux<\/span><span class=\"criteres\">1 Wooden hut, 1 Room, 2 Person, Insolite<\/span><\/a><\/li><li data-tn_identifier=\"12198-HLO-20160118112632637\" data-counterTxt=\"29\" data-tn_code=|02.01.04|02.01.04.01.01 ><a href=\"https:\/\/www.tourisme-aveyron-segala.fr\/en\/oit\/dormir-a-gentils-2\/?lis_id=8\" title=\"Read more...\"><span class=\"symbole imageNid\"><\/span><span class=\"vignette\" style=\"background-image:url(https:\/\/www.tourisme-aveyron-segala.fr\/wp-content\/uploads\/2017\/06\/600-856.webp);\"><\/span><span class=\"counter\">29<\/span><span class=\"picto\"><img src=\"https:\/\/www.tourisme-aveyron-segala.fr\/wp-content\/plugins\/sc_travelnode\/im\/clairs\/pictoNid.png\"><\/span><h4 class=\"titreFiche\">Dormir \u00e0 Gentils<\/h4><span class=\"commmune\">Rieupeyroux<\/span><span class=\"criteres\">2 Room, 5 Person, Townhall registration<\/span><\/a><\/li><li data-tn_identifier=\"12235-HLO-20210518104132280\" data-counterTxt=\"30\" data-tn_code=|02.01.04|02.01.04.01.01 ><a href=\"https:\/\/www.tourisme-aveyron-segala.fr\/en\/oit\/rouet-nature-chambres-dhotes-2\/?lis_id=8\" title=\"Read more...\"><span class=\"symbole imageNid\"><\/span><span class=\"vignette\" style=\"background-image:url(https:\/\/www.tourisme-aveyron-segala.fr\/wp-content\/uploads\/2022\/03\/600-1435.webp);\"><\/span><span class=\"counter\">30<\/span><span class=\"picto\"><img src=\"https:\/\/www.tourisme-aveyron-segala.fr\/wp-content\/plugins\/sc_travelnode\/im\/clairs\/pictoNid.png\"><\/span><h4 class=\"titreFiche\">Rouet Nature - Chambres d'h\u00f4tes<\/h4><span class=\"commmune\">Saint-Just-sur-Viaur<\/span><span class=\"criteres\">3 Room, 7 Person, Townhall registration, Chambres d'h\u00f4tes qualifi\u00e9es par l'office de Tourisme<\/span><\/a><\/li><li data-tn_identifier=\"12262-HLO-20121218221437485\" data-counterTxt=\"31\" data-tn_code=|02.01.04|02.01.04.01.01 ><a href=\"https:\/\/www.tourisme-aveyron-segala.fr\/en\/oit\/chambres-dhotes-le-couvent-de-jouels-2\/?lis_id=8\" title=\"Read more...\"><span class=\"symbole imageNid\"><\/span><span class=\"vignette\" style=\"background-image:url(https:\/\/www.tourisme-aveyron-segala.fr\/wp-content\/uploads\/2022\/03\/600-2532.webp);\"><\/span><span class=\"counter\">31<\/span><span class=\"picto\"><img src=\"https:\/\/www.tourisme-aveyron-segala.fr\/wp-content\/plugins\/sc_travelnode\/im\/clairs\/pictoNid.png\"><\/span><h4 class=\"titreFiche\">Chambres d'h\u00f4tes Le Couvent de Jouels<\/h4><span class=\"commmune\">Sauveterre-de-Rouergue<\/span><span class=\"criteres\">4 Room, 10 Person, Townhall registration<\/span><\/a><\/li><li data-tn_identifier=\"12235-HLO-20170613122637628\" data-counterTxt=\"32\" data-tn_code=|02.01.04|02.01.04.01.01 ><a href=\"https:\/\/www.tourisme-aveyron-segala.fr\/en\/oit\/le-couvent-2\/?lis_id=8\" title=\"Read more...\"><span class=\"symbole imageNid\"><\/span><span class=\"vignette\" style=\"background-image:url(https:\/\/www.tourisme-aveyron-segala.fr\/wp-content\/uploads\/2022\/03\/600-1415.webp);\"><\/span><span class=\"counter\">32<\/span><span class=\"picto\"><img src=\"https:\/\/www.tourisme-aveyron-segala.fr\/wp-content\/plugins\/sc_travelnode\/im\/clairs\/pictoNid.png\"><\/span><h4 class=\"titreFiche\">Le Couvent<\/h4><span class=\"commmune\">Saint-Just-sur-Viaur<\/span><span class=\"criteres\">6 Person, 3 Room, Townhall registration<\/span><\/a><\/li><li data-tn_identifier=\"12276-HLO-20121207162345326\" data-counterTxt=\"33\" data-tn_code=|02.01.04|02.01.04.01.01 ><a href=\"https:\/\/www.tourisme-aveyron-segala.fr\/en\/oit\/chambres-dhotes-lecrin-du-segala-2\/?lis_id=8\" title=\"Read more...\"><span class=\"symbole imageNid\"><\/span><span class=\"vignette\" style=\"background-image:url(https:\/\/www.tourisme-aveyron-segala.fr\/wp-content\/uploads\/2022\/03\/600-1692.webp);\"><\/span><span class=\"counter\">33<\/span><span class=\"picto\"><img src=\"https:\/\/www.tourisme-aveyron-segala.fr\/wp-content\/plugins\/sc_travelnode\/im\/clairs\/pictoNid.png\"><\/span><h4 class=\"titreFiche\">Chambres d'h\u00f4tes L'\u00e9crin du S\u00e9gala<\/h4><span class=\"commmune\">Tauriac-de-Naucelle<\/span><span class=\"criteres\">3 Room, 6 Person, Townhall registration<\/span><\/a><\/li><li data-tn_identifier=\"12276-HLO-20220910112056505\" data-counterTxt=\"34\" data-tn_code=|02.01.04|02.01.04.01.01 ><a href=\"https:\/\/www.tourisme-aveyron-segala.fr\/en\/oit\/lauglanas-2\/?lis_id=8\" title=\"Read more...\"><span class=\"symbole imageNid\"><\/span><span class=\"vignette\" style=\"background-image:url(https:\/\/www.tourisme-aveyron-segala.fr\/wp-content\/uploads\/2022\/09\/600-43.webp);\"><\/span><span class=\"counter\">34<\/span><span class=\"picto\"><img src=\"https:\/\/www.tourisme-aveyron-segala.fr\/wp-content\/plugins\/sc_travelnode\/im\/clairs\/pictoNid.png\"><\/span><h4 class=\"titreFiche\">L'Auglanas<\/h4><span class=\"commmune\">Tauriac-de-Naucelle<\/span><span class=\"criteres\">2 Room, 4 Person, Townhall registration<\/span><\/a><\/li><li data-tn_identifier=\"12021-HLO-20201112165826367\" data-counterTxt=\"35\" data-tn_code=|02.01.04|02.01.04.01.01 ><a href=\"https:\/\/www.tourisme-aveyron-segala.fr\/en\/oit\/pierrechange-2\/?lis_id=8\" title=\"Read more...\"><span class=\"symbole imageNid\"><\/span><span class=\"vignette\" style=\"background-image:url(https:\/\/www.tourisme-aveyron-segala.fr\/wp-content\/uploads\/2020\/11\/600-14.webp);\"><\/span><span class=\"counter\">35<\/span><span class=\"picto\"><img src=\"https:\/\/www.tourisme-aveyron-segala.fr\/wp-content\/plugins\/sc_travelnode\/im\/clairs\/pictoNid.png\"><\/span><h4 class=\"titreFiche\">Pierrechange<\/h4><span class=\"commmune\">Le Bas S\u00e9gala<\/span><span class=\"criteres\">1 Room, 2 Person, Townhall registration<\/span><\/a><\/li><li data-tn_identifier=\"12021-HLO-20201112165826367\" data-counterTxt=\"36\" data-tn_code=|02.01.04|02.01.04.01.01 ><a href=\"https:\/\/www.tourisme-aveyron-segala.fr\/en\/oit\/pierrechange-2\/?lis_id=8\" title=\"Read more...\"><span class=\"symbole imageNid\"><\/span><span class=\"vignette\" style=\"background-image:url(https:\/\/www.tourisme-aveyron-segala.fr\/wp-content\/uploads\/2020\/11\/600-14.webp);\"><\/span><span class=\"counter\">36<\/span><span class=\"picto\"><img src=\"https:\/\/www.tourisme-aveyron-segala.fr\/wp-content\/plugins\/sc_travelnode\/im\/clairs\/pictoNid.png\"><\/span><h4 class=\"titreFiche\">Pierrechange<\/h4><span class=\"commmune\">Le Bas S\u00e9gala<\/span><span class=\"criteres\">1 Room, 2 Person, Townhall registration<\/span><\/a><\/li><\/ul>\n\t<script type=\"text\/javascript\">\n\t\/* <![CDATA[ *\/\n\t\tvar sc_page = {};\n\t\tsc_page.fichesPage = [\"12056-HLO-20141008103510609\",\"12056-HLO-20210724095739839\",\"12041-HLO-20090520101335791\",\"12041-HLO-20090520101335791\",\"12041-HLO-20160420114717841\",\"12045-HLO-20171011105718894\",\"12059-HLO-20210928155800761\",\"12043-HLO-20201212144536264\",\"12085-HLO-20190425094832845\",\"12068-HLO-20171025105637321\",\"12068-HLO-20130911175359608\",\"12068-HLO-2012121415312041\",\"12258-HLO-20111219160825129\",\"12258-HLO-20161121112915598\",\"12258-HLO-2020052210202166\",\"12021-HLO-20130206161714101\",\"12021-HLO-20170621155831705\",\"12021-HLO-20191031103017858\",\"12021-HLO-20210811160113317\",\"12162-HLO-20081008103607451\",\"12169-HLO-20211224155207750\",\"12169-HLO-20211224155207750\",\"12190-HLO-20150108101110870\",\"12194-HLO-2014092308472483\",\"12194-HLO-20160701102058874\",\"12198-HLO-20240828172311998\",\"12198-HLO-20250515085621160\",\"12198-HLO-20210413142110877\",\"12198-HLO-20160118112632637\",\"12235-HLO-20210518104132280\",\"12262-HLO-20121218221437485\",\"12235-HLO-20170613122637628\",\"12276-HLO-20121207162345326\",\"12276-HLO-20220910112056505\",\"12021-HLO-20201112165826367\",\"12021-HLO-20201112165826367\"];\n\t\tsc_page.zoom = 11;\n\t\tsc_page.lis_id = 8;\n\t\tsc_page.current_tn_identifier = \"\";\n\t\tsc_page.current_counter_text = \"\";\n\t\/* ]]> *\/\n\t<\/script>\n\t<div id=\"carto\"><\/div>\n","protected":false},"excerpt":{"rendered":"<p> [&#8230;]<\/p>\n<p><a class=\"btn btn-secondary understrap-read-more-link\" href=\"https:\/\/www.tourisme-aveyron-segala.fr\/en\/oit\/pierrechange-2\/\">Read More&#8230;<\/a><\/p>\n","protected":false},"author":1,"featured_media":15395,"parent":14414,"menu_order":0,"comment_status":"closed","ping_status":"closed","template":"page-templates\/page-listeOI.php","meta":[],"_links":{"self":[{"href":"https:\/\/www.tourisme-aveyron-segala.fr\/en\/wp-json\/wp\/v2\/pages\/14425"}],"collection":[{"href":"https:\/\/www.tourisme-aveyron-segala.fr\/en\/wp-json\/wp\/v2\/pages"}],"about":[{"href":"https:\/\/www.tourisme-aveyron-segala.fr\/en\/wp-json\/wp\/v2\/types\/page"}],"author":[{"embeddable":true,"href":"https:\/\/www.tourisme-aveyron-segala.fr\/en\/wp-json\/wp\/v2\/users\/1"}],"replies":[{"embeddable":true,"href":"https:\/\/www.tourisme-aveyron-segala.fr\/en\/wp-json\/wp\/v2\/comments?post=14425"}],"version-history":[{"count":2,"href":"https:\/\/www.tourisme-aveyron-segala.fr\/en\/wp-json\/wp\/v2\/pages\/14425\/revisions"}],"predecessor-version":[{"id":16802,"href":"https:\/\/www.tourisme-aveyron-segala.fr\/en\/wp-json\/wp\/v2\/pages\/14425\/revisions\/16802"}],"up":[{"embeddable":true,"href":"https:\/\/www.tourisme-aveyron-segala.fr\/en\/wp-json\/wp\/v2\/pages\/14414"}],"wp:featuredmedia":[{"embeddable":true,"href":"https:\/\/www.tourisme-aveyron-segala.fr\/en\/wp-json\/wp\/v2\/media\/15395"}],"wp:attachment":[{"href":"https:\/\/www.tourisme-aveyron-segala.fr\/en\/wp-json\/wp\/v2\/media?parent=14425"}],"curies":[{"name":"wp","href":"https:\/\/api.w.org\/{rel}","templated":true}]}}