{"id":13584,"date":"2017-06-13T17:26:24","date_gmt":"2017-06-13T15:26:24","guid":{"rendered":"https:\/\/www.tourisme-aveyron-segala.fr\/?page_id=13584\/"},"modified":"2017-06-22T17:14:35","modified_gmt":"2017-06-22T15:14:35","slug":"dates-for-your-diary","status":"publish","type":"page","link":"https:\/\/www.tourisme-aveyron-segala.fr\/en\/agenda\/dates-for-your-diary\/","title":{"rendered":"Dates for your Diary"},"content":{"rendered":"<div id=\"filtrerCode\"><span data-tn_code=\"all\" class=\"actif\">All datas<\/span><span data-tn_code=\"02.01.03.01.23\">Visit, discovery<\/span><span data-tn_code=\"02.01.03.03.61\">Art<\/span><span data-tn_code=\"02.01.03.03.38\">Rambling<\/span><span data-tn_code=\"02.01.03.01.24\">Workshops<\/span><span data-tn_code=\"02.01.03.04.09\">Sport and leisure<\/span><span data-tn_code=\"02.01.03.01.12\">Market<\/span><span data-tn_code=\"02.01.03.05.04\">Port\u00e9e d\u00e9partementale<\/span><span data-tn_code=\"02.01.03.03.63\"><\/span><span data-tn_code=\"02.01.03.03.11\">Cinema<\/span><span data-tn_code=\"02.01.03.05.05\">Port\u00e9e locale<\/span><span data-tn_code=\"02.01.03.03.62\">Patrimoine<\/span><span data-tn_code=\"02.01.03.01.11\">Fair or show<\/span><span data-tn_code=\"02.01.03.04.19\"><\/span><span data-tn_code=\"02.01.03.03.67\"><\/span><span data-tn_code=\"02.01.03.04.14\">Nature and environment<\/span><span data-tn_code=\"02.01.03.01.33\"><\/span><span data-tn_code=\"02.01.03.04.12\">Entertainement for the young<\/span><span data-tn_code=\"02.01.03.05.03\">Port\u00e9e r\u00e9gionale<\/span><span data-tn_code=\"02.01.03.01.32\"><\/span><span data-tn_code=\"02.01.03.04.10\">Traditions and folklore<\/span><span data-tn_code=\"02.01.03.01.19\">Show<\/span><span data-tn_code=\"02.01.03.03.12\">Circus<\/span><span data-tn_code=\"02.01.03.01.36\"><\/span><span data-tn_code=\"02.01.03.01.01\">Antiques<\/span><span data-tn_code=\"02.01.03.01.22\">Meal<\/span><span data-tn_code=\"02.01.03.03.64\">Tasting<\/span><span data-tn_code=\"02.01.03.03.21\">Litterature<\/span><span data-tn_code=\"02.01.03.01.06\">Conference<\/span><span data-tn_code=\"02.01.03.01.29\">March\u00e9 nocturne<\/span><span data-tn_code=\"02.01.03.04.11\">Games\/lottery<\/span><span data-tn_code=\"02.01.03.01.04\">Sport competition<\/span><span data-tn_code=\"02.01.03.01.05\">Concert<\/span><span data-tn_code=\"02.01.03.01.10\">Festival<\/span><span data-tn_code=\"02.01.03.04.02\">Danse<\/span><span data-tn_code=\"02.01.03.03.68\"><\/span><span data-tn_code=\"02.01.03.01.25\">Ball<\/span><span data-tn_code=\"02.01.03.01.20\">Theatre<\/span><span data-tn_code=\"02.01.03.03.69\"><\/span><span data-tn_code=\"02.01.03.01.26\">Fair<\/span><span data-tn_code=\"02.01.03.01.30\">Petit-d\u00e9jeuner<\/span><span data-tn_code=\"02.01.03.03.16\">Fireworks<\/span><span data-tn_code=\"02.01.03.03.66\"><\/span><span data-tn_code=\"02.01.03.01.34\"><\/span><span data-tn_code=\"02.01.03.02.11\">Journ\u00e9e du patrimoine<\/span><\/div><form id=\"moteur-agenda\" method=\"get\" action=\"https:\/\/www.tourisme-aveyron-segala.fr\/en\/wp-json\/wp\/v2\/pages\/13584\/\">\n            <p class=\"date\"><label>From<\/label>\n\t             <input type=\"text\" id=\"date_deb\" name=\"date_deb\" class=\"date\" value=\"29\/04\/2026\" \/>\n\t             <label>to<\/label>\n\t             <input type=\"text\" id=\"date_fin\" name=\"date_fin\" class=\"date\" value=\"13\/05\/2026\" \/>\n                 <input type=\"hidden\" name=\"lis_id\" value=\"7\" \/>\n                 <input type=\"button\" class=\"btn-agenda\" value=\"Search\" id=\"getFiches\"\/>\n                 <\/p>\n            <\/form><div class=\"navigation-oit-container\" id=\"topListe\">\n\t\t<div class=\"navigation-oit\">\n\t\t\t<h2>Dates for your Diary<\/h2>\n\t\t\t<a href=\"#topListe\" class=\"onlyListe actif\"><span class=\"label\">List<\/span><\/a>\n\t\t\t<a href=\"#topListe\" class=\"listeMap\"><span class=\"label\">List and map<\/span><\/a>\n\t\t\t<a href=\"#topListe\" class=\"onlyMap\"><span class=\"label\">Map<\/span><\/a>\n\t\t<\/div>\n\t<\/div><ul class=\"fiches-oi\" id=\"liste-fiches\"><li data-tn_identifier=\"12262-FMA-20220602152705510\" data-counterTxt=\"01\" data-tn_code=|02.01.03|02.01.03.01.23|02.01.03.03.61|02.01.03.03.38 ><a href=\"https:\/\/www.tourisme-aveyron-segala.fr\/en\/oit\/sentier-dart-de-sauveterre-de-rouergue-2\/?lis_id=7\" title=\"Read more...\"><span class=\"symbole imageAgenda\"><\/span><span class=\"vignette\" style=\"background-image:url(https:\/\/www.tourisme-aveyron-segala.fr\/wp-content\/uploads\/2022\/07\/600-122.webp);\"><\/span><span class=\"counter\">01<\/span><span class=\"picto\"><img src=\"https:\/\/www.tourisme-aveyron-segala.fr\/wp-content\/plugins\/sc_travelnode\/im\/clairs\/pictoAgenda.png\"><\/span><h4 class=\"titreFiche\">Sentier d'art en bastide<\/h4><span class=\"commmune\">Sauveterre-de-Rouergue<\/span><span class=\"criteres\"><span class=\"periode\">- From Wednesday 01\/01\/2025 to Wednesday 31\/12\/2025<\/span><span class=\"comment\"> La visite du sentier se fait en totonomie, pour toute demande [...]<br><\/span><\/a><\/li><li data-tn_identifier=\"12144-FMA-20250331160447505\" data-counterTxt=\"02\" data-tn_code=|02.01.03|02.01.03.01.24|02.01.03.03.61|02.01.03.04.09 ><a href=\"https:\/\/www.tourisme-aveyron-segala.fr\/en\/oit\/journees-creation-saison-par-amuelette-2\/?lis_id=7\" title=\"Read more...\"><span class=\"symbole imageAgenda\"><\/span><span class=\"vignette\" style=\"background-image:url(https:\/\/www.tourisme-aveyron-segala.fr\/wp-content\/uploads\/2025\/09\/600-3.webp);\"><\/span><span class=\"counter\">02<\/span><span class=\"picto\"><img src=\"https:\/\/www.tourisme-aveyron-segala.fr\/wp-content\/plugins\/sc_travelnode\/im\/clairs\/pictoAgenda.png\"><\/span><h4 class=\"titreFiche\">Journ\u00e9es \"Cr\u00e9ation Saison\" par Amuelette<\/h4><span class=\"commmune\">Meljac<\/span><span class=\"criteres\"><span class=\"periode\">- Saturday 13\/12\/2025<\/span><span class=\"comment\"> 10h-17h<\/span> <span class=\"periode\">- Saturday 14\/03\/2026<\/span><span class=\"comment\"> 10h-17h<\/span> <span class=\"periode\">- Saturday 13\/06\/2026<\/span><span class=\"comment\"> 10h-17h<\/span>  <br><\/span><\/a><\/li><li data-tn_identifier=\"12198-FMA-2024052410011540\" data-counterTxt=\"03\" data-tn_code=|02.01.03|02.01.03.01.12 ><a href=\"https:\/\/www.tourisme-aveyron-segala.fr\/en\/oit\/marche-des-producteurs-de-pays-2\/?lis_id=7\" title=\"Read more...\"><span class=\"symbole imageAgenda\"><\/span><span class=\"vignette\" style=\"background-image:url(https:\/\/www.tourisme-aveyron-segala.fr\/wp-content\/uploads\/2025\/09\/600-56.webp);\"><\/span><span class=\"counter\">03<\/span><span class=\"picto\"><img src=\"https:\/\/www.tourisme-aveyron-segala.fr\/wp-content\/plugins\/sc_travelnode\/im\/clairs\/pictoAgenda.png\"><\/span><h4 class=\"titreFiche\">March\u00e9 hebdomadaire des producteurs de pays<\/h4><span class=\"commmune\">Rieupeyroux<\/span><span class=\"criteres\"><span class=\"periode\">- From Tuesday 30\/09\/2025 to Tuesday 02\/06\/2026<\/span><span class=\"comment\"> 16h-18h30<\/span><span class=\"jour\"> - Tuesday<\/span>  <br><\/span><\/a><\/li><li data-tn_identifier=\"12144-FMA-20251125114959321\" data-counterTxt=\"04\" data-tn_code=|02.01.03|02.01.03.01.24|02.01.03.05.04|02.01.03.03.61|02.01.03.03.63|02.01.03.04.09 ><a href=\"https:\/\/www.tourisme-aveyron-segala.fr\/en\/oit\/journee-creation-saison-2\/?lis_id=7\" title=\"Read more...\"><span class=\"symbole imageAgenda\"><\/span><span class=\"vignette\" style=\"background-image:url(https:\/\/www.tourisme-aveyron-segala.fr\/wp-content\/uploads\/2025\/11\/600-71.webp);\"><\/span><span class=\"counter\">04<\/span><span class=\"picto\"><img src=\"https:\/\/www.tourisme-aveyron-segala.fr\/wp-content\/plugins\/sc_travelnode\/im\/clairs\/pictoAgenda.png\"><\/span><h4 class=\"titreFiche\">Journ\u00e9e \"Cr\u00e9ation Saison\"<\/h4><span class=\"commmune\">Meljac<\/span><span class=\"criteres\"><span class=\"periode\">- Saturday 13\/12\/2025<\/span><span class=\"comment\"> De 10h \u00e0 17h<\/span> <span class=\"periode\">- Saturday 14\/03\/2026<\/span><span class=\"comment\"> De 10h \u00e0 17h<\/span> <span class=\"periode\">- [...]<br><\/span><\/a><\/li><li data-tn_identifier=\"12262-FMA-20191212121506213\" data-counterTxt=\"05\" data-tn_code=|02.01.03|02.01.03.01.12 ><a href=\"https:\/\/www.tourisme-aveyron-segala.fr\/en\/oit\/marche-du-dimanche-matin-a-sauveterre-de-rouergue-2\/?lis_id=7\" title=\"Read more...\"><span class=\"symbole imageAgenda\"><\/span><span class=\"vignette\" style=\"background-image:url(https:\/\/www.tourisme-aveyron-segala.fr\/wp-content\/uploads\/2022\/03\/600-1493.webp);\"><\/span><span class=\"counter\">05<\/span><span class=\"picto\"><img src=\"https:\/\/www.tourisme-aveyron-segala.fr\/wp-content\/plugins\/sc_travelnode\/im\/clairs\/pictoAgenda.png\"><\/span><h4 class=\"titreFiche\">March\u00e9 du dimanche matin<\/h4><span class=\"commmune\">Sauveterre-de-Rouergue<\/span><span class=\"criteres\"><span class=\"periode\">- From Thursday 01\/01\/2026 to Thursday 31\/12\/2026<\/span><span class=\"comment\"> De 09h \u00e0 12h<\/span><span class=\"jour\"> - Sunday from 09:00 to 12:00<\/span> [...]<br><\/span><\/a><\/li><li data-tn_identifier=\"12198-FMA-20210820101043286\" data-counterTxt=\"06\" data-tn_code=|02.01.03|02.01.03.03.11 ><a href=\"https:\/\/www.tourisme-aveyron-segala.fr\/en\/oit\/programme-cinema-2\/?lis_id=7\" title=\"Read more...\"><span class=\"symbole imageAgenda\"><\/span><span class=\"vignette\" style=\"background-image:url(https:\/\/www.tourisme-aveyron-segala.fr\/wp-content\/uploads\/2024\/10\/600-129.webp);\"><\/span><span class=\"counter\">06<\/span><span class=\"picto\"><img src=\"https:\/\/www.tourisme-aveyron-segala.fr\/wp-content\/plugins\/sc_travelnode\/im\/clairs\/pictoAgenda.png\"><\/span><h4 class=\"titreFiche\">Cin\u00e9ma Espace Alauzet - Programme<\/h4><span class=\"commmune\">Rieupeyroux<\/span><span class=\"criteres\"><span class=\"periode\">- From Thursday 01\/01\/2026 to Thursday 31\/12\/2026<\/span>  <br><\/span><\/a><\/li><li data-tn_identifier=\"12198-FMA-20260219154644633\" data-counterTxt=\"07\" data-tn_code=|02.01.03|02.01.03.01.24|02.01.03.05.04|02.01.03.03.63 ><a href=\"https:\/\/www.tourisme-aveyron-segala.fr\/en\/oit\/les-ateliers-de-brigitte-2\/?lis_id=7\" title=\"Read more...\"><span class=\"symbole imageAgenda\"><\/span><span class=\"vignette\" style=\"background-image:url(https:\/\/www.tourisme-aveyron-segala.fr\/wp-content\/uploads\/2026\/02\/600-73.webp);\"><\/span><span class=\"counter\">07<\/span><span class=\"picto\"><img src=\"https:\/\/www.tourisme-aveyron-segala.fr\/wp-content\/plugins\/sc_travelnode\/im\/clairs\/pictoAgenda.png\"><\/span><h4 class=\"titreFiche\">Les ateliers de Brigitte<\/h4><span class=\"commmune\">Rieupeyroux<\/span><span class=\"criteres\"><span class=\"periode\">- From Thursday 01\/01\/2026 to Thursday 31\/12\/2026<\/span>  <br><\/span><\/a><\/li><li data-tn_identifier=\"12128-FMA-20220620150450339\" data-counterTxt=\"08\" data-tn_code=|02.01.03|02.01.03.01.23|02.01.03.05.04|02.01.03.05.05|02.01.03.03.62 ><a href=\"https:\/\/www.tourisme-aveyron-segala.fr\/en\/oit\/visite-du-musee-de-la-forge-et-de-la-vie-rurale-2\/?lis_id=7\" title=\"Read more...\"><span class=\"symbole imageAgenda\"><\/span><span class=\"vignette\" style=\"background-image:url(https:\/\/www.tourisme-aveyron-segala.fr\/wp-content\/uploads\/2026\/02\/600-138.webp);\"><\/span><span class=\"counter\">08<\/span><span class=\"picto\"><img src=\"https:\/\/www.tourisme-aveyron-segala.fr\/wp-content\/plugins\/sc_travelnode\/im\/clairs\/pictoAgenda.png\"><\/span><h4 class=\"titreFiche\">Visite du Mus\u00e9e de la Forge et de la vie rurale<\/h4><span class=\"commmune\">Lescure-Jaoul<\/span><span class=\"criteres\"><span class=\"periode\">- From Thursday 01\/01\/2026 to Thursday 31\/12\/2026<\/span><span class=\"comment\"> sur demande topr\u00e8s de la mairie<\/span> <span class=\"periode\">- Wednesday 15\/07\/2026<\/span><span class=\"comment\"> [...]<br><\/span><\/a><\/li><li data-tn_identifier=\"12258-FMA-20230831170706514\" data-counterTxt=\"09\" data-tn_code=|02.01.03|02.01.03.01.11|02.01.03.01.12 ><a href=\"https:\/\/www.tourisme-aveyron-segala.fr\/en\/oit\/foire-mensuelle-2\/?lis_id=7\" title=\"Read more...\"><span class=\"symbole imageAgenda\"><\/span><span class=\"vignette\" style=\"background-image:url(https:\/\/www.tourisme-aveyron-segala.fr\/wp-content\/uploads\/2024\/12\/600-772.webp);\"><\/span><span class=\"counter\">09<\/span><span class=\"picto\"><img src=\"https:\/\/www.tourisme-aveyron-segala.fr\/wp-content\/plugins\/sc_travelnode\/im\/clairs\/pictoAgenda.png\"><\/span><h4 class=\"titreFiche\">Foire mensuelle<\/h4><span class=\"commmune\">La Salvetat-Peyral\u00e8s<\/span><span class=\"criteres\"><span class=\"periode\">- Wednesday 01\/04\/2026<\/span><span class=\"comment\"> matin<\/span> <span class=\"periode\">- Wednesday 06\/05\/2026<\/span><span class=\"comment\"> matin<\/span> <span class=\"periode\">- Wednesday 03\/06\/2026<\/span><span class=\"comment\"> matin<\/span> <span class=\"periode\">- [...]<br><\/span><\/a><\/li><li data-tn_identifier=\"12198-FMA-202308311652063\" data-counterTxt=\"10\" data-tn_code=|02.01.03|02.01.03.01.12|02.01.03.01.11 ><a href=\"https:\/\/www.tourisme-aveyron-segala.fr\/en\/oit\/foire-mensuelle-6-2\/?lis_id=7\" title=\"Read more...\"><span class=\"symbole imageAgenda\"><\/span><span class=\"vignette\" style=\"background-image:url(https:\/\/www.tourisme-aveyron-segala.fr\/wp-content\/uploads\/2023\/08\/600-5.webp);\"><\/span><span class=\"counter\">10<\/span><span class=\"picto\"><img src=\"https:\/\/www.tourisme-aveyron-segala.fr\/wp-content\/plugins\/sc_travelnode\/im\/clairs\/pictoAgenda.png\"><\/span><h4 class=\"titreFiche\">Foire mensuelle<\/h4><span class=\"commmune\">Rieupeyroux<\/span><span class=\"criteres\"><span class=\"periode\">- Wednesday 15\/04\/2026<\/span><span class=\"comment\"> matin<\/span> <span class=\"periode\">- Wednesday 20\/05\/2026<\/span><span class=\"comment\"> matin<\/span> <span class=\"periode\">- Thursday 18\/06\/2026<\/span><span class=\"comment\"> matin<\/span> <span class=\"periode\">- [...]<br><\/span><\/a><\/li><li data-tn_identifier=\"12262-FMA-20250115113207722\" data-counterTxt=\"11\" data-tn_code=|02.01.03|02.01.03.01.24|02.01.03.05.04 ><a href=\"https:\/\/www.tourisme-aveyron-segala.fr\/en\/oit\/atelier-ceramique-3\/?lis_id=7\" title=\"Read more...\"><span class=\"symbole imageAgenda\"><\/span><span class=\"vignette\" style=\"background-image:url(https:\/\/www.tourisme-aveyron-segala.fr\/wp-content\/uploads\/2026\/01\/600-45.webp);\"><\/span><span class=\"counter\">11<\/span><span class=\"picto\"><img src=\"https:\/\/www.tourisme-aveyron-segala.fr\/wp-content\/plugins\/sc_travelnode\/im\/clairs\/pictoAgenda.png\"><\/span><h4 class=\"titreFiche\">Atelier c\u00e9ramique<\/h4><span class=\"commmune\">Sauveterre-de-Rouergue<\/span><span class=\"criteres\"><span class=\"periode\">- Saturday 21\/02\/2026<\/span><span class=\"comment\"> De 10h30 \u00e0 12h30 puis de 14h \u00e0 16h<\/span> <span class=\"periode\">- Saturday 28\/02\/2026<\/span><span class=\"comment\"> De [...]<br><\/span><\/a><\/li><li data-tn_identifier=\"12162-FMA-20260307154650206\" data-counterTxt=\"12\" data-tn_code=|02.01.03|02.01.03.04.19|02.01.03.03.61 ><a href=\"https:\/\/www.tourisme-aveyron-segala.fr\/en\/oit\/rencontres-artistiques-2\/?lis_id=7\" title=\"Read more...\"><span class=\"symbole imageAgenda\"><\/span><span class=\"vignette\" style=\"background-image:url(https:\/\/www.tourisme-aveyron-segala.fr\/wp-content\/uploads\/2026\/04\/600-67.webp);\"><\/span><span class=\"counter\">12<\/span><span class=\"picto\"><img src=\"https:\/\/www.tourisme-aveyron-segala.fr\/wp-content\/plugins\/sc_travelnode\/im\/clairs\/pictoAgenda.png\"><\/span><h4 class=\"titreFiche\">Rencontres artistiques<\/h4><span class=\"commmune\">Moyraz\u00e8s<\/span><span class=\"criteres\"><span class=\"periode\">- From Saturday 07\/03\/2026 to Monday 15\/03\/2027<\/span><span class=\"comment\"> de 14 h \u00e0 18 h<\/span>  <br><\/span><\/a><\/li><li data-tn_identifier=\"12056-FMA-20200103164041149\" data-counterTxt=\"13\" data-tn_code=|02.01.03|02.01.03.01.11|02.01.03.01.12 ><a href=\"https:\/\/www.tourisme-aveyron-segala.fr\/en\/oit\/foire-mensuelle-4\/?lis_id=7\" title=\"Read more...\"><span class=\"symbole imageAgenda\"><\/span><span class=\"vignette\" style=\"background-image:url(https:\/\/www.tourisme-aveyron-segala.fr\/wp-content\/uploads\/2026\/02\/600-104.webp);\"><\/span><span class=\"counter\">13<\/span><span class=\"picto\"><img src=\"https:\/\/www.tourisme-aveyron-segala.fr\/wp-content\/plugins\/sc_travelnode\/im\/clairs\/pictoAgenda.png\"><\/span><h4 class=\"titreFiche\">Foire mensuelle<\/h4><span class=\"commmune\">Baraqueville<\/span><span class=\"criteres\"><span class=\"periode\">- Wednesday 11\/03\/2026<\/span><span class=\"comment\"> matin<\/span> <span class=\"periode\">- Wednesday 08\/04\/2026<\/span><span class=\"comment\"> matin<\/span> <span class=\"periode\">- Wednesday 13\/05\/2026<\/span><span class=\"comment\"> matin<\/span> <span class=\"periode\">- [...]<br><\/span><\/a><\/li><li data-tn_identifier=\"12057-FMA-20200506113903499\" data-counterTxt=\"14\" data-tn_code=|02.01.03|02.01.03.01.11|02.01.03.01.12 ><a href=\"https:\/\/www.tourisme-aveyron-segala.fr\/en\/oit\/foire-mensuelle-5\/?lis_id=7\" title=\"Read more...\"><span class=\"symbole imageAgenda\"><\/span><span class=\"vignette\" style=\"background-image:url(https:\/\/www.tourisme-aveyron-segala.fr\/wp-content\/uploads\/2026\/02\/600-105.webp);\"><\/span><span class=\"counter\">14<\/span><span class=\"picto\"><img src=\"https:\/\/www.tourisme-aveyron-segala.fr\/wp-content\/plugins\/sc_travelnode\/im\/clairs\/pictoAgenda.png\"><\/span><h4 class=\"titreFiche\">Foire mensuelle<\/h4><span class=\"commmune\">Cassagnes-B\u00e9gonh\u00e8s<\/span><span class=\"criteres\"><span class=\"periode\">- Monday 16\/03\/2026<\/span><span class=\"comment\"> matin<\/span> <span class=\"periode\">- Monday 20\/04\/2026<\/span><span class=\"comment\"> matin<\/span> <span class=\"periode\">- Monday 18\/05\/2026<\/span><span class=\"comment\"> matin<\/span> <span class=\"periode\">- [...]<br><\/span><\/a><\/li><li data-tn_identifier=\"12056-FMA-20250707162926332\" data-counterTxt=\"15\" data-tn_code=|02.01.03|02.01.03.01.24|02.01.03.05.04|02.01.03.03.67|02.01.03.04.14 ><a href=\"https:\/\/www.tourisme-aveyron-segala.fr\/en\/oit\/animation-peche-pour-les-jeunes-de-11-a-16-ans-2\/?lis_id=7\" title=\"Read more...\"><span class=\"symbole imageAgenda\"><\/span><span class=\"vignette\" style=\"background-image:url(https:\/\/www.tourisme-aveyron-segala.fr\/wp-content\/uploads\/2026\/01\/600-116.webp);\"><\/span><span class=\"counter\">15<\/span><span class=\"picto\"><img src=\"https:\/\/www.tourisme-aveyron-segala.fr\/wp-content\/plugins\/sc_travelnode\/im\/clairs\/pictoAgenda.png\"><\/span><h4 class=\"titreFiche\">Animation p\u00eache pour les jeunes de 11 \u00e0 16 ans<\/h4><span class=\"commmune\">Baraqueville<\/span><span class=\"criteres\"><span class=\"periode\">- Wednesday 06\/05\/2026<\/span><span class=\"comment\"> De 14h \u00e0 17h<\/span> <span class=\"periode\">- Wednesday 27\/05\/2026<\/span><span class=\"comment\"> De 14h \u00e0 17h<\/span> <span class=\"periode\">- [...]<br><\/span><\/a><\/li><li data-tn_identifier=\"12169-FMA-20161210103302194\" data-counterTxt=\"16\" data-tn_code=|02.01.03|02.01.03.01.11|02.01.03.01.12 ><a href=\"https:\/\/www.tourisme-aveyron-segala.fr\/en\/oit\/foire-mensuelle-6\/?lis_id=7\" title=\"Read more...\"><span class=\"symbole imageAgenda\"><\/span><span class=\"vignette\" style=\"background-image:url(https:\/\/www.tourisme-aveyron-segala.fr\/wp-content\/uploads\/2026\/02\/600-106.webp);\"><\/span><span class=\"counter\">16<\/span><span class=\"picto\"><img src=\"https:\/\/www.tourisme-aveyron-segala.fr\/wp-content\/plugins\/sc_travelnode\/im\/clairs\/pictoAgenda.png\"><\/span><h4 class=\"titreFiche\">Foire mensuelle<\/h4><span class=\"commmune\">Naucelle<\/span><span class=\"criteres\"><span class=\"periode\">- Wednesday 25\/03\/2026<\/span><span class=\"comment\"> matin<\/span> <span class=\"periode\">- Wednesday 29\/04\/2026<\/span><span class=\"comment\"> matin<\/span> <span class=\"periode\">- Wednesday 27\/05\/2026<\/span><span class=\"comment\"> matin<\/span> <span class=\"periode\">- [...]<br><\/span><\/a><\/li><li data-tn_identifier=\"12021-FMA-20260220084958688\" data-counterTxt=\"17\" data-tn_code=|02.01.03|02.01.03.01.33|02.01.03.05.04|02.01.03.04.12 ><a href=\"https:\/\/www.tourisme-aveyron-segala.fr\/en\/oit\/les-nouveaux-rendez-vous-de-cot-cot-a-la-bastide-leveque-2\/?lis_id=7\" title=\"Read more...\"><span class=\"symbole imageAgenda\"><\/span><span class=\"vignette\" style=\"background-image:url(https:\/\/www.tourisme-aveyron-segala.fr\/wp-content\/uploads\/2026\/02\/600-27.webp);\"><\/span><span class=\"counter\">17<\/span><span class=\"picto\"><img src=\"https:\/\/www.tourisme-aveyron-segala.fr\/wp-content\/plugins\/sc_travelnode\/im\/clairs\/pictoAgenda.png\"><\/span><h4 class=\"titreFiche\">Lectures musicales de CotCot et Morgane \u00e0 La Bastide l'Ev\u00eaque<\/h4><span class=\"commmune\">Le Bas S\u00e9gala<\/span><span class=\"criteres\"><span class=\"periode\">- Saturday 27\/06\/2026<\/span><span class=\"comment\"> 10h30 \u00e0 11h15<\/span>  <br><\/span><\/a><\/li><li data-tn_identifier=\"12056-FMA-20220413100734560\" data-counterTxt=\"18\" data-tn_code=|02.01.03|02.01.03.03.11 ><a href=\"https:\/\/www.tourisme-aveyron-segala.fr\/en\/oit\/cinema-le-fauteuil-rouge-3\/?lis_id=7\" title=\"Read more...\"><span class=\"symbole imageAgenda\"><\/span><span class=\"vignette\" style=\"background-image:url(https:\/\/www.tourisme-aveyron-segala.fr\/wp-content\/uploads\/2022\/05\/600-14.webp);\"><\/span><span class=\"counter\">18<\/span><span class=\"picto\"><img src=\"https:\/\/www.tourisme-aveyron-segala.fr\/wp-content\/plugins\/sc_travelnode\/im\/clairs\/pictoAgenda.png\"><\/span><h4 class=\"titreFiche\">Cin\u00e9ma Le Fauteuil rouge<\/h4><span class=\"commmune\">Baraqueville<\/span><span class=\"criteres\"><span class=\"periode\">- From Wednesday 01\/04\/2026 to Sunday 03\/05\/2026<\/span>  <br><\/span><\/a><\/li><li data-tn_identifier=\"12262-FMA-20250426122222686\" data-counterTxt=\"19\" data-tn_code=|02.01.03|02.01.03.01.24|02.01.03.05.04 ><a href=\"https:\/\/www.tourisme-aveyron-segala.fr\/en\/oit\/sophro-balade-2\/?lis_id=7\" title=\"Read more...\"><span class=\"symbole imageAgenda\"><\/span><span class=\"vignette\" style=\"background-image:url(https:\/\/www.tourisme-aveyron-segala.fr\/wp-content\/uploads\/2026\/01\/600-117.webp);\"><\/span><span class=\"counter\">19<\/span><span class=\"picto\"><img src=\"https:\/\/www.tourisme-aveyron-segala.fr\/wp-content\/plugins\/sc_travelnode\/im\/clairs\/pictoAgenda.png\"><\/span><h4 class=\"titreFiche\">Sophro-Balade<\/h4><span class=\"commmune\">Sauveterre-de-Rouergue<\/span><span class=\"criteres\"><span class=\"periode\">- From Wednesday 01\/04\/2026 to Thursday 01\/10\/2026<\/span>  <br><\/span><\/a><\/li><li data-tn_identifier=\"12198-FMA-20260317143532200\" data-counterTxt=\"20\" data-tn_code=|02.01.03|02.01.03.05.04|02.01.03.03.61 ><a href=\"https:\/\/www.tourisme-aveyron-segala.fr\/en\/oit\/exposition-de-peinture-les-beaux-jours-decales-2\/?lis_id=7\" title=\"Read more...\"><span class=\"symbole imageAgenda\"><\/span><span class=\"vignette\" style=\"background-image:url(https:\/\/www.tourisme-aveyron-segala.fr\/wp-content\/uploads\/2026\/03\/600-35.webp);\"><\/span><span class=\"counter\">20<\/span><span class=\"picto\"><img src=\"https:\/\/www.tourisme-aveyron-segala.fr\/wp-content\/plugins\/sc_travelnode\/im\/clairs\/pictoAgenda.png\"><\/span><h4 class=\"titreFiche\">Exposition de peinture \"Les beaux jours d\u00e9cal\u00e9s\"<\/h4><span class=\"commmune\">Rieupeyroux<\/span><span class=\"criteres\"><span class=\"periode\">- From Saturday 04\/04\/2026 to Thursday 30\/04\/2026<\/span><span class=\"comment\"> tox horaires de la m\u00e9diath\u00e8que<\/span>  <br><\/span><\/a><\/li><li data-tn_identifier=\"12262-FMA-20260330111846408\" data-counterTxt=\"21\" data-tn_code=|02.01.03|02.01.03.05.04|02.01.03.03.61 ><a href=\"https:\/\/www.tourisme-aveyron-segala.fr\/en\/oit\/exposition-temporaire-pole-des-metiers-dart-2\/?lis_id=7\" title=\"Read more...\"><span class=\"symbole imageAgenda\"><\/span><span class=\"vignette\" style=\"background-image:url(https:\/\/www.tourisme-aveyron-segala.fr\/wp-content\/uploads\/2026\/03\/600-62.webp);\"><\/span><span class=\"counter\">21<\/span><span class=\"picto\"><img src=\"https:\/\/www.tourisme-aveyron-segala.fr\/wp-content\/plugins\/sc_travelnode\/im\/clairs\/pictoAgenda.png\"><\/span><h4 class=\"titreFiche\">Exposition Temporaire - P\u00f4le des m\u00e9tiers d'art<\/h4><span class=\"commmune\">Sauveterre-de-Rouergue<\/span><span class=\"criteres\"><span class=\"periode\">- From Saturday 04\/04\/2026 to Sunday 28\/06\/2026<\/span>  <br><\/span><\/a><\/li><li data-tn_identifier=\"12262-FMA-20260330154044267\" data-counterTxt=\"22\" data-tn_code=|02.01.03|02.01.03.05.04|02.01.03.03.61 ><a href=\"https:\/\/www.tourisme-aveyron-segala.fr\/en\/oit\/exposition-collectiva-la-pel-2\/?lis_id=7\" title=\"Read more...\"><span class=\"symbole imageAgenda\"><\/span><span class=\"vignette\" style=\"background-image:url(https:\/\/www.tourisme-aveyron-segala.fr\/wp-content\/uploads\/2026\/03\/600-66.webp);\"><\/span><span class=\"counter\">22<\/span><span class=\"picto\"><img src=\"https:\/\/www.tourisme-aveyron-segala.fr\/wp-content\/plugins\/sc_travelnode\/im\/clairs\/pictoAgenda.png\"><\/span><h4 class=\"titreFiche\">Exposition : Collectiva la PEL<\/h4><span class=\"commmune\">Sauveterre-de-Rouergue<\/span><span class=\"criteres\"><span class=\"periode\">- From Saturday 04\/04\/2026 to Sunday 28\/06\/2026<\/span>  <br><\/span><\/a><\/li><li data-tn_identifier=\"12198-FMA-20260324145737110\" data-counterTxt=\"23\" data-tn_code=|02.01.03|02.01.03.05.04|02.01.03.05.03|02.01.03.03.61 ><a href=\"https:\/\/www.tourisme-aveyron-segala.fr\/en\/oit\/exposition-roxane-petitier-2\/?lis_id=7\" title=\"Read more...\"><span class=\"symbole imageAgenda\"><\/span><span class=\"vignette\" style=\"background-image:url(https:\/\/www.tourisme-aveyron-segala.fr\/wp-content\/uploads\/2026\/03\/600-55.webp);\"><\/span><span class=\"counter\">23<\/span><span class=\"picto\"><img src=\"https:\/\/www.tourisme-aveyron-segala.fr\/wp-content\/plugins\/sc_travelnode\/im\/clairs\/pictoAgenda.png\"><\/span><h4 class=\"titreFiche\">Exposition Roxane Petitier<\/h4><span class=\"commmune\">Rieupeyroux<\/span><span class=\"criteres\"><span class=\"periode\">- From Friday 10\/04\/2026 to Wednesday 24\/06\/2026<\/span><span class=\"comment\"> Exposition visible avant the s\u00e9ances de cin\u00e9ma<\/span><span class=\"jour\"> - Monday from [...]<br><\/span><\/a><\/li><li data-tn_identifier=\"12198-FMA-20260410154654870\" data-counterTxt=\"24\" data-tn_code=|02.01.03|02.01.03.03.61 ><a href=\"https:\/\/www.tourisme-aveyron-segala.fr\/en\/oit\/a-corps-et-a-travers-2\/?lis_id=7\" title=\"Read more...\"><span class=\"symbole imageAgenda\"><\/span><span class=\"vignette\" style=\"background-image:url(https:\/\/www.tourisme-aveyron-segala.fr\/wp-content\/uploads\/2026\/04\/600-55.webp);\"><\/span><span class=\"counter\">24<\/span><span class=\"picto\"><img src=\"https:\/\/www.tourisme-aveyron-segala.fr\/wp-content\/plugins\/sc_travelnode\/im\/clairs\/pictoAgenda.png\"><\/span><h4 class=\"titreFiche\">A corps et \u00e0 travers<\/h4><span class=\"commmune\">Rieupeyroux<\/span><span class=\"criteres\"><span class=\"periode\">- From Friday 10\/04\/2026 to Wednesday 24\/06\/2026<\/span><span class=\"comment\"> tox horaires d'ouverture du centre culturel<\/span>  <br><\/span><\/a><\/li><li data-tn_identifier=\"12278-FMA-20260209133222782\" data-counterTxt=\"25\" data-tn_code=|02.01.03|02.01.03.05.04|02.01.03.05.05|02.01.03.03.61 ><a href=\"https:\/\/www.tourisme-aveyron-segala.fr\/en\/oit\/exposition-etre-avec-de-letrave-a-letambot-2\/?lis_id=7\" title=\"Read more...\"><span class=\"symbole imageAgenda\"><\/span><span class=\"vignette\" style=\"background-image:url(https:\/\/www.tourisme-aveyron-segala.fr\/wp-content\/uploads\/2026\/02\/600-171.webp);\"><\/span><span class=\"counter\">25<\/span><span class=\"picto\"><img src=\"https:\/\/www.tourisme-aveyron-segala.fr\/wp-content\/plugins\/sc_travelnode\/im\/clairs\/pictoAgenda.png\"><\/span><h4 class=\"titreFiche\">Expositions \"Nuits argentiques\" et \"Le langage de la terre\"<\/h4><span class=\"commmune\">Tayrac<\/span><span class=\"criteres\"><span class=\"periode\">- From Sunday 12\/04\/2026 to Sunday 10\/05\/2026<\/span><span class=\"comment\"> vend, sam, dim de 14h30 \u00e0 18h ou sur RDV pour [...]<br><\/span><\/a><\/li><li data-tn_identifier=\"12262-FMA-20260326101946356\" data-counterTxt=\"26\" data-tn_code=|02.01.03|02.01.03.01.24|02.01.03.05.04 ><a href=\"https:\/\/www.tourisme-aveyron-segala.fr\/en\/oit\/atelier-ceramique-4\/?lis_id=7\" title=\"Read more...\"><span class=\"symbole imageAgenda\"><\/span><span class=\"vignette\" style=\"background-image:url(https:\/\/www.tourisme-aveyron-segala.fr\/wp-content\/uploads\/2026\/03\/600-59.webp);\"><\/span><span class=\"counter\">26<\/span><span class=\"picto\"><img src=\"https:\/\/www.tourisme-aveyron-segala.fr\/wp-content\/plugins\/sc_travelnode\/im\/clairs\/pictoAgenda.png\"><\/span><h4 class=\"titreFiche\">Atelier c\u00e9ramique<\/h4><span class=\"commmune\">Sauveterre-de-Rouergue<\/span><span class=\"criteres\"><span class=\"periode\">- Saturday 25\/04\/2026<\/span><span class=\"comment\"> De 10h30 \u00e0 12h30 et de 14h \u00e0 16h<\/span> <span class=\"periode\">- Saturday 02\/05\/2026<\/span><span class=\"comment\"> De [...]<br><\/span><\/a><\/li><li data-tn_identifier=\"12258-FMA-20260220164227975\" data-counterTxt=\"27\" data-tn_code=|02.01.03|02.01.03.01.32|02.01.03.05.04 ><a href=\"https:\/\/www.tourisme-aveyron-segala.fr\/en\/oit\/soiree-jeux-de-societe-2\/?lis_id=7\" title=\"Read more...\"><span class=\"symbole imageAgenda\"><\/span><span class=\"vignette\" style=\"background-image:url(https:\/\/www.tourisme-aveyron-segala.fr\/wp-content\/uploads\/2026\/02\/600-48.webp);\"><\/span><span class=\"counter\">27<\/span><span class=\"picto\"><img src=\"https:\/\/www.tourisme-aveyron-segala.fr\/wp-content\/plugins\/sc_travelnode\/im\/clairs\/pictoAgenda.png\"><\/span><h4 class=\"titreFiche\">Soir\u00e9e jeux<\/h4><span class=\"commmune\">La Salvetat-Peyral\u00e8s<\/span><span class=\"criteres\"><span class=\"periode\">- Friday 24\/04\/2026<\/span><span class=\"comment\"> d\u00e8s 19h<\/span> <span class=\"periode\">- Friday 29\/05\/2026<\/span><span class=\"comment\"> d\u00e8s 19h30<\/span>  <br><\/span><\/a><\/li><li data-tn_identifier=\"12021-FMA-20210502085323245\" data-counterTxt=\"28\" data-tn_code=|02.01.03|02.01.03.01.23|02.01.03.05.04|02.01.03.05.05|02.01.03.05.03|02.01.03.03.62|02.01.03.04.12|02.01.03.04.14|02.01.03.04.10 ><a href=\"https:\/\/www.tourisme-aveyron-segala.fr\/en\/oit\/visite-et-martelage-du-cuivre-aux-martinets-du-lezert-2\/?lis_id=7\" title=\"Read more...\"><span class=\"symbole imageAgenda\"><\/span><span class=\"vignette\" style=\"background-image:url(https:\/\/www.tourisme-aveyron-segala.fr\/wp-content\/uploads\/2026\/02\/600-156.webp);\"><\/span><span class=\"counter\">28<\/span><span class=\"picto\"><img src=\"https:\/\/www.tourisme-aveyron-segala.fr\/wp-content\/plugins\/sc_travelnode\/im\/clairs\/pictoAgenda.png\"><\/span><h4 class=\"titreFiche\">Visite et martelage du cuivre aux Martinets du L\u00e9zert<\/h4><span class=\"commmune\">Le Bas S\u00e9gala<\/span><span class=\"criteres\"><span class=\"periode\">- From Friday 01\/05\/2026 to Tuesday 30\/06\/2026<\/span><span class=\"jour\"> - Sunday from 15:00 to 18:00<\/span><span class=\"jour\"> - Bank holidays from [...]<br><\/span><\/a><\/li><li data-tn_identifier=\"12045-FMA-20260414105517645\" data-counterTxt=\"29\" data-tn_code=|02.01.03|02.01.03.05.04|02.01.03.03.38 ><a href=\"https:\/\/www.tourisme-aveyron-segala.fr\/en\/oit\/rando-sante-2\/?lis_id=7\" title=\"Read more...\"><span class=\"symbole imageAgenda\"><\/span><span class=\"vignette\" style=\"background-image:url(https:\/\/www.tourisme-aveyron-segala.fr\/wp-content\/uploads\/2026\/04\/600-91.webp);\"><\/span><span class=\"counter\">29<\/span><span class=\"picto\"><img src=\"https:\/\/www.tourisme-aveyron-segala.fr\/wp-content\/plugins\/sc_travelnode\/im\/clairs\/pictoAgenda.png\"><\/span><h4 class=\"titreFiche\">Rando Sant\u00e9<\/h4><span class=\"commmune\">Camboulazet<\/span><span class=\"criteres\"><span class=\"periode\">- Friday 01\/05\/2026<\/span><span class=\"comment\"> D\u00e9part \u00e0 8h30<\/span>  <br><\/span><\/a><\/li><li data-tn_identifier=\"12021-FMA-20260409085334312\" data-counterTxt=\"30\" data-tn_code=|02.01.03|02.01.03.01.19|02.01.03.05.04|02.01.03.03.12|02.01.03.04.12 ><a href=\"https:\/\/www.tourisme-aveyron-segala.fr\/en\/oit\/spectacle-familial-les-tony-a-saint-salvadou-2\/?lis_id=7\" title=\"Read more...\"><span class=\"symbole imageAgenda\"><\/span><span class=\"vignette\" style=\"background-image:url(https:\/\/www.tourisme-aveyron-segala.fr\/wp-content\/uploads\/2026\/04\/600-10.webp);\"><\/span><span class=\"counter\">30<\/span><span class=\"picto\"><img src=\"https:\/\/www.tourisme-aveyron-segala.fr\/wp-content\/plugins\/sc_travelnode\/im\/clairs\/pictoAgenda.png\"><\/span><h4 class=\"titreFiche\">Spectacle familial \"Les Tony\" \u00e0 Saint-Salvadou<\/h4><span class=\"commmune\">Le Bas S\u00e9gala<\/span><span class=\"criteres\"><span class=\"periode\">- Saturday 02\/05\/2026<\/span><span class=\"comment\"> 20h30<\/span>  <br><\/span><\/a><\/li><li data-tn_identifier=\"12262-FMA-20260502154655391\" data-counterTxt=\"31\" data-tn_code=|02.01.03|02.01.03.04.19|02.01.03.01.36 ><a href=\"https:\/\/www.tourisme-aveyron-segala.fr\/en\/oit\/atelier-ceramique-8\/?lis_id=7\" title=\"Read more...\"><span class=\"symbole imageAgenda\"><\/span><span class=\"vignette\" style=\"background-image:url(https:\/\/www.tourisme-aveyron-segala.fr\/wp-content\/uploads\/2026\/04\/600-71.webp);\"><\/span><span class=\"counter\">31<\/span><span class=\"picto\"><img src=\"https:\/\/www.tourisme-aveyron-segala.fr\/wp-content\/plugins\/sc_travelnode\/im\/clairs\/pictoAgenda.png\"><\/span><h4 class=\"titreFiche\">Atelier c\u00e9ramique<\/h4><span class=\"commmune\">Sauveterre-de-Rouergue<\/span><span class=\"criteres\"><span class=\"periode\">- Saturday 02\/05\/2026<\/span><span class=\"comment\"> de 10 h 30 \u00e0 12 h 30 et de 14 h \u00e0 16 h<\/span> [...]<br><\/span><\/a><\/li><li data-tn_identifier=\"12056-FMA-20190423123123250\" data-counterTxt=\"32\" data-tn_code=|02.01.03|02.01.03.01.11|02.01.03.04.10 ><a href=\"https:\/\/www.tourisme-aveyron-segala.fr\/en\/oit\/foire-agricole-de-baraqueville-2\/?lis_id=7\" title=\"Read more...\"><span class=\"symbole imageAgenda\"><\/span><span class=\"vignette\" style=\"background-image:url(https:\/\/www.tourisme-aveyron-segala.fr\/wp-content\/uploads\/2026\/04\/600-108.webp);\"><\/span><span class=\"counter\">32<\/span><span class=\"picto\"><img src=\"https:\/\/www.tourisme-aveyron-segala.fr\/wp-content\/plugins\/sc_travelnode\/im\/clairs\/pictoAgenda.png\"><\/span><h4 class=\"titreFiche\">Foire agricole de Baraqueville<\/h4><span class=\"commmune\">Baraqueville<\/span><span class=\"criteres\"><span class=\"periode\">- From Saturday 02\/05\/2026 to Sunday 03\/05\/2026<\/span>  <br><\/span><\/a><\/li><li data-tn_identifier=\"12258-FMA-20260428091707680\" data-counterTxt=\"33\" data-tn_code=|02.01.03|02.01.03.01.01|02.01.03.05.04|02.01.03.05.05|02.01.03.04.14 ><a href=\"https:\/\/www.tourisme-aveyron-segala.fr\/en\/oit\/echange-de-graines-2\/?lis_id=7\" title=\"Read more...\"><span class=\"symbole imageAgenda\"><\/span><span class=\"vignette\" style=\"background-image:url(https:\/\/www.tourisme-aveyron-segala.fr\/wp-content\/uploads\/2026\/04\/600-124.webp);\"><\/span><span class=\"counter\">33<\/span><span class=\"picto\"><img src=\"https:\/\/www.tourisme-aveyron-segala.fr\/wp-content\/plugins\/sc_travelnode\/im\/clairs\/pictoAgenda.png\"><\/span><h4 class=\"titreFiche\">Echange de graines<\/h4><span class=\"commmune\">La Salvetat-Peyral\u00e8s<\/span><span class=\"criteres\"><span class=\"periode\">- Sunday 03\/05\/2026<\/span><span class=\"comment\"> 14h30-17h<\/span>  <br><\/span><\/a><\/li><li data-tn_identifier=\"12278-FMA-20260423091055809\" data-counterTxt=\"34\" data-tn_code=|02.01.03|02.01.03.01.12|02.01.03.01.22|02.01.03.01.23|02.01.03.05.04|02.01.03.05.05|02.01.03.03.64|02.01.03.04.14|02.01.03.04.10 ><a href=\"https:\/\/www.tourisme-aveyron-segala.fr\/en\/oit\/les-guinguettes-paysannes-2\/?lis_id=7\" title=\"Read more...\"><span class=\"symbole imageAgenda\"><\/span><span class=\"vignette\" style=\"background-image:url(https:\/\/www.tourisme-aveyron-segala.fr\/wp-content\/uploads\/2026\/04\/600-110.webp);\"><\/span><span class=\"counter\">34<\/span><span class=\"picto\"><img src=\"https:\/\/www.tourisme-aveyron-segala.fr\/wp-content\/plugins\/sc_travelnode\/im\/clairs\/pictoAgenda.png\"><\/span><h4 class=\"titreFiche\">Les guinguettes paysannes<\/h4><span class=\"commmune\">Tayrac<\/span><span class=\"criteres\"><span class=\"periode\">- Wednesday 06\/05\/2026<\/span><span class=\"comment\"> De 16h \u00e0 19h.<\/span> <span class=\"periode\">- Wednesday 03\/06\/2026<\/span><span class=\"comment\"> De 16h \u00e0 19h.<\/span> <span class=\"periode\">- [...]<br><\/span><\/a><\/li><li data-tn_identifier=\"12258-FMA-20250922102527369\" data-counterTxt=\"35\" data-tn_code=|02.01.03|02.01.03.01.24|02.01.03.05.04|02.01.03.03.21 ><a href=\"https:\/\/www.tourisme-aveyron-segala.fr\/en\/oit\/atelier-decriture-2\/?lis_id=7\" title=\"Read more...\"><span class=\"symbole imageAgenda\"><\/span><span class=\"vignette\" style=\"background-image:url(https:\/\/www.tourisme-aveyron-segala.fr\/wp-content\/uploads\/2026\/01\/600-92.webp);\"><\/span><span class=\"counter\">35<\/span><span class=\"picto\"><img src=\"https:\/\/www.tourisme-aveyron-segala.fr\/wp-content\/plugins\/sc_travelnode\/im\/clairs\/pictoAgenda.png\"><\/span><h4 class=\"titreFiche\">Atelier d\u2019\u00e9criture<\/h4><span class=\"commmune\">La Salvetat-Peyral\u00e8s<\/span><span class=\"criteres\"><span class=\"periode\">- Thursday 07\/05\/2026<\/span><span class=\"comment\"> 14h30-16h30<\/span> <span class=\"periode\">- Thursday 04\/06\/2026<\/span><span class=\"comment\"> 14h30-16h30<\/span>  <br><\/span><\/a><\/li><li data-tn_identifier=\"12144-FMA-20260417111700941\" data-counterTxt=\"36\" data-tn_code=|02.01.03|02.01.03.01.12|02.01.03.01.22|02.01.03.01.19|02.01.03.05.04 ><a href=\"https:\/\/www.tourisme-aveyron-segala.fr\/en\/oit\/soiree-anniversaire-du-lou-meljacol-2\/?lis_id=7\" title=\"Read more...\"><span class=\"symbole imageAgenda\"><\/span><span class=\"vignette\" style=\"background-image:url(https:\/\/www.tourisme-aveyron-segala.fr\/wp-content\/uploads\/2026\/04\/600-104.webp);\"><\/span><span class=\"counter\">36<\/span><span class=\"picto\"><img src=\"https:\/\/www.tourisme-aveyron-segala.fr\/wp-content\/plugins\/sc_travelnode\/im\/clairs\/pictoAgenda.png\"><\/span><h4 class=\"titreFiche\">Soir\u00e9e anniversaire du Lou Meljacol<\/h4><span class=\"commmune\">Meljac<\/span><span class=\"criteres\"><span class=\"periode\">- Friday 08\/05\/2026<\/span><span class=\"comment\"> \u00c0 partir de 16h<\/span>  <br><\/span><\/a><\/li><li data-tn_identifier=\"12021-FMA-20260423091340195\" data-counterTxt=\"37\" data-tn_code=|02.01.03|02.01.03.05.04|02.01.03.04.14 ><a href=\"https:\/\/www.tourisme-aveyron-segala.fr\/en\/oit\/journee-dentretien-des-chemins-vabre-tizac-2\/?lis_id=7\" title=\"Read more...\"><span class=\"symbole imageAgenda\"><\/span><span class=\"vignette\" style=\"background-image:url(https:\/\/www.tourisme-aveyron-segala.fr\/wp-content\/uploads\/2026\/04\/600-113.webp);\"><\/span><span class=\"counter\">37<\/span><span class=\"picto\"><img src=\"https:\/\/www.tourisme-aveyron-segala.fr\/wp-content\/plugins\/sc_travelnode\/im\/clairs\/pictoAgenda.png\"><\/span><h4 class=\"titreFiche\">Journ\u00e9e d'entretien des chemins - Vabre-Tizac<\/h4><span class=\"commmune\">Le Bas S\u00e9gala<\/span><span class=\"criteres\"><span class=\"periode\">- Friday 08\/05\/2026<\/span><span class=\"comment\"> 9h-12h<\/span>  <br><\/span><\/a><\/li><li data-tn_identifier=\"12198-FMA-20250801112510420\" data-counterTxt=\"38\" data-tn_code=|02.01.03|02.01.03.01.06|02.01.03.01.33|02.01.03.05.05|02.01.03.03.21 ><a href=\"https:\/\/www.tourisme-aveyron-segala.fr\/en\/oit\/cafe-lecture-2\/?lis_id=7\" title=\"Read more...\"><span class=\"symbole imageAgenda\"><\/span><span class=\"vignette\" style=\"background-image:url(https:\/\/www.tourisme-aveyron-segala.fr\/wp-content\/uploads\/2025\/12\/600-51.webp);\"><\/span><span class=\"counter\">38<\/span><span class=\"picto\"><img src=\"https:\/\/www.tourisme-aveyron-segala.fr\/wp-content\/plugins\/sc_travelnode\/im\/clairs\/pictoAgenda.png\"><\/span><h4 class=\"titreFiche\">Caf\u00e9 Lecture<\/h4><span class=\"commmune\">Rieupeyroux<\/span><span class=\"criteres\"><span class=\"periode\">- Saturday 09\/05\/2026<\/span><span class=\"comment\"> de 15h \u00e0 16h<\/span>  <br><\/span><\/a><\/li><li data-tn_identifier=\"12198-FMA-20260409144632476\" data-counterTxt=\"39\" data-tn_code=|02.01.03|02.01.03.03.61|02.01.03.05.03|02.01.03.03.62|02.01.03.05.04 ><a href=\"https:\/\/www.tourisme-aveyron-segala.fr\/en\/oit\/exposition-lenvers-des-images-2\/?lis_id=7\" title=\"Read more...\"><span class=\"symbole imageAgenda\"><\/span><span class=\"vignette\" style=\"background-image:url(https:\/\/www.tourisme-aveyron-segala.fr\/wp-content\/uploads\/2026\/04\/600-17.webp);\"><\/span><span class=\"counter\">39<\/span><span class=\"picto\"><img src=\"https:\/\/www.tourisme-aveyron-segala.fr\/wp-content\/plugins\/sc_travelnode\/im\/clairs\/pictoAgenda.png\"><\/span><h4 class=\"titreFiche\">Exposition \"L'envers des images\"<\/h4><span class=\"commmune\">Rieupeyroux<\/span><span class=\"criteres\"><span class=\"periode\">- From Saturday 09\/05\/2026 to Wednesday 30\/09\/2026<\/span><span class=\"comment\"> tox horaires d'ouverture<\/span>  <br><\/span><\/a><\/li><li data-tn_identifier=\"12021-FMA-20260424165518120\" data-counterTxt=\"40\" data-tn_code=|02.01.03|02.01.03.05.04|02.01.03.03.61|02.01.03.03.62|02.01.03.04.12 ><a href=\"https:\/\/www.tourisme-aveyron-segala.fr\/en\/oit\/exposition-lenvers-des-images-la-bastide-leveque-2\/?lis_id=7\" title=\"Read more...\"><span class=\"symbole imageAgenda\"><\/span><span class=\"vignette\" style=\"background-image:url(https:\/\/www.tourisme-aveyron-segala.fr\/wp-content\/uploads\/2026\/04\/600-115.webp);\"><\/span><span class=\"counter\">40<\/span><span class=\"picto\"><img src=\"https:\/\/www.tourisme-aveyron-segala.fr\/wp-content\/plugins\/sc_travelnode\/im\/clairs\/pictoAgenda.png\"><\/span><h4 class=\"titreFiche\">Exposition \"L'envers des images\" - La Bastide l'Ev\u00eaque<\/h4><span class=\"commmune\">Le Bas S\u00e9gala<\/span><span class=\"criteres\"><span class=\"periode\">- From Saturday 09\/05\/2026 to Wednesday 30\/09\/2026<\/span><span class=\"comment\"> tox horaires d'ouverture de l'office de tourisme et m\u00e9diath\u00e8que<\/span>  <br><\/span><\/a><\/li><li data-tn_identifier=\"12262-FMA-20260211152712961\" data-counterTxt=\"41\" data-tn_code=|02.01.03|02.01.03.01.12|02.01.03.01.29|02.01.03.05.04|02.01.03.04.11 ><a href=\"https:\/\/www.tourisme-aveyron-segala.fr\/en\/oit\/marche-de-printemps-2\/?lis_id=7\" title=\"Read more...\"><span class=\"symbole imageAgenda\"><\/span><span class=\"vignette\" style=\"background-image:url(https:\/\/www.tourisme-aveyron-segala.fr\/wp-content\/uploads\/2026\/02\/600-43.webp);\"><\/span><span class=\"counter\">41<\/span><span class=\"picto\"><img src=\"https:\/\/www.tourisme-aveyron-segala.fr\/wp-content\/plugins\/sc_travelnode\/im\/clairs\/pictoAgenda.png\"><\/span><h4 class=\"titreFiche\">March\u00e9 de printemps<\/h4><span class=\"commmune\">Sauveterre-de-Rouergue<\/span><span class=\"criteres\"><span class=\"periode\">- Sunday 10\/05\/2026<\/span><span class=\"comment\"> De 09h \u00e0 17h<\/span>  <br><\/span><\/a><\/li><li data-tn_identifier=\"12262-FMA-20260226150011882\" data-counterTxt=\"42\" data-tn_code=|02.01.03|02.01.03.05.04|02.01.03.03.38 ><a href=\"https:\/\/www.tourisme-aveyron-segala.fr\/en\/oit\/rando-des-cent-vallees-2\/?lis_id=7\" title=\"Read more...\"><span class=\"symbole imageAgenda\"><\/span><span class=\"vignette\" style=\"background-image:url(https:\/\/www.tourisme-aveyron-segala.fr\/wp-content\/uploads\/2026\/02\/600-70.webp);\"><\/span><span class=\"counter\">42<\/span><span class=\"picto\"><img src=\"https:\/\/www.tourisme-aveyron-segala.fr\/wp-content\/plugins\/sc_travelnode\/im\/clairs\/pictoAgenda.png\"><\/span><h4 class=\"titreFiche\">Rando des cent vall\u00e9es<\/h4><span class=\"commmune\">Sauveterre-de-Rouergue<\/span><span class=\"criteres\"><span class=\"periode\">- Sunday 10\/05\/2026<\/span>  <br><\/span><\/a><\/li><li data-tn_identifier=\"12059-FMA-20220216103350490\" data-counterTxt=\"43\" data-tn_code=|02.01.03|02.01.03.01.04|02.01.03.04.09 ><a href=\"https:\/\/www.tourisme-aveyron-segala.fr\/en\/oit\/concours-hippique-de-la-chabraque-2\/?lis_id=7\" title=\"Read more...\"><span class=\"symbole imageAgenda\"><\/span><span class=\"vignette\" style=\"background-image:url(https:\/\/www.tourisme-aveyron-segala.fr\/wp-content\/uploads\/2026\/04\/600-21.webp);\"><\/span><span class=\"counter\">43<\/span><span class=\"picto\"><img src=\"https:\/\/www.tourisme-aveyron-segala.fr\/wp-content\/plugins\/sc_travelnode\/im\/clairs\/pictoAgenda.png\"><\/span><h4 class=\"titreFiche\">Concours hippique de La Chabraque<\/h4><span class=\"commmune\">Castanet<\/span><span class=\"criteres\"><span class=\"periode\">- Sunday 10\/05\/2026<\/span><span class=\"comment\"> \u00c0 partir de 08h<\/span>  <br><\/span><\/a><\/li><li data-tn_identifier=\"12021-FMA-20260510154634925\" data-counterTxt=\"44\" data-tn_code=|02.01.03|02.01.03.01.19 ><a href=\"https:\/\/www.tourisme-aveyron-segala.fr\/en\/oit\/spasmes-2\/?lis_id=7\" title=\"Read more...\"><span class=\"symbole imageAgenda\"><\/span><span class=\"vignette\" style=\"background-image:url(https:\/\/www.tourisme-aveyron-segala.fr\/wp-content\/uploads\/2026\/04\/600-92.webp);\"><\/span><span class=\"counter\">44<\/span><span class=\"picto\"><img src=\"https:\/\/www.tourisme-aveyron-segala.fr\/wp-content\/plugins\/sc_travelnode\/im\/clairs\/pictoAgenda.png\"><\/span><h4 class=\"titreFiche\">Spasmes<\/h4><span class=\"commmune\">Le Bas S\u00e9gala<\/span><span class=\"criteres\"><span class=\"periode\">- Sunday 10\/05\/2026<\/span>  <br><\/span><\/a><\/li><li data-tn_identifier=\"12258-FMA-20250331141859111\" data-counterTxt=\"45\" data-tn_code=|02.01.03|02.01.03.01.01|02.01.03.05.04 ><a href=\"https:\/\/www.tourisme-aveyron-segala.fr\/en\/oit\/vide-grenier-2\/?lis_id=7\" title=\"Read more...\"><span class=\"symbole imageAgenda\"><\/span><span class=\"vignette\" style=\"background-image:url(https:\/\/www.tourisme-aveyron-segala.fr\/wp-content\/uploads\/2026\/04\/600-106.webp);\"><\/span><span class=\"counter\">45<\/span><span class=\"picto\"><img src=\"https:\/\/www.tourisme-aveyron-segala.fr\/wp-content\/plugins\/sc_travelnode\/im\/clairs\/pictoAgenda.png\"><\/span><h4 class=\"titreFiche\">Vide grenier<\/h4><span class=\"commmune\">La Salvetat-Peyral\u00e8s<\/span><span class=\"criteres\"><span class=\"periode\">- Sunday 10\/05\/2026<\/span><span class=\"comment\"> toute la journ\u00e9e<\/span>  <br><\/span><\/a><\/li><li data-tn_identifier=\"12258-FMA-20250708171559297\" data-counterTxt=\"46\" data-tn_code=|02.01.03|02.01.03.01.05|02.01.03.01.10|02.01.03.05.04|02.01.03.04.02 ><a href=\"https:\/\/www.tourisme-aveyron-segala.fr\/en\/oit\/les-folles-journees-polyphoniques-de-printemps-2\/?lis_id=7\" title=\"Read more...\"><span class=\"symbole imageAgenda\"><\/span><span class=\"vignette\" style=\"background-image:url(https:\/\/www.tourisme-aveyron-segala.fr\/wp-content\/uploads\/2026\/04\/600-95.webp);\"><\/span><span class=\"counter\">46<\/span><span class=\"picto\"><img src=\"https:\/\/www.tourisme-aveyron-segala.fr\/wp-content\/plugins\/sc_travelnode\/im\/clairs\/pictoAgenda.png\"><\/span><h4 class=\"titreFiche\">Les Folles Journ\u00e9es Polyphoniques de printemps<\/h4><span class=\"commmune\">La Salvetat-Peyral\u00e8s<\/span><span class=\"criteres\"><span class=\"periode\">- Friday 15\/05\/2026<\/span><span class=\"comment\"> 11h<\/span>  <br><\/span><\/a><\/li><li data-tn_identifier=\"12258-FMA-20260416142825001\" data-counterTxt=\"47\" data-tn_code=|02.01.03|02.01.03.01.05 ><a href=\"https:\/\/www.tourisme-aveyron-segala.fr\/en\/oit\/apero-polyphonique-2\/?lis_id=7\" title=\"Read more...\"><span class=\"symbole imageAgenda\"><\/span><span class=\"vignette\" style=\"background-image:url(https:\/\/www.tourisme-aveyron-segala.fr\/wp-content\/uploads\/2026\/04\/600-96.webp);\"><\/span><span class=\"counter\">47<\/span><span class=\"picto\"><img src=\"https:\/\/www.tourisme-aveyron-segala.fr\/wp-content\/plugins\/sc_travelnode\/im\/clairs\/pictoAgenda.png\"><\/span><h4 class=\"titreFiche\">Ap\u00e9ro polyphonique<\/h4><span class=\"commmune\">La Salvetat-Peyral\u00e8s<\/span><span class=\"criteres\"><span class=\"periode\">- Friday 15\/05\/2026<\/span><span class=\"comment\"> 18h<\/span>  <br><\/span><\/a><\/li><li data-tn_identifier=\"12021-FMA-20251124122440964\" data-counterTxt=\"48\" data-tn_code=|02.01.03|02.01.03.01.05|02.01.03.05.04|02.01.03.05.05 ><a href=\"https:\/\/www.tourisme-aveyron-segala.fr\/en\/oit\/concert-du-trio-florestan-a-la-grange-musicale-la-bastide-leveque-2\/?lis_id=7\" title=\"Read more...\"><span class=\"symbole imageAgenda\"><\/span><span class=\"vignette\" style=\"background-image:url(https:\/\/www.tourisme-aveyron-segala.fr\/wp-content\/uploads\/2025\/11\/600-66.webp);\"><\/span><span class=\"counter\">48<\/span><span class=\"picto\"><img src=\"https:\/\/www.tourisme-aveyron-segala.fr\/wp-content\/plugins\/sc_travelnode\/im\/clairs\/pictoAgenda.png\"><\/span><h4 class=\"titreFiche\">Concert du Trio Coriolan \u00e0 La Grange Musicale - La Bastide l'Ev\u00eaque<\/h4><span class=\"commmune\">Le Bas S\u00e9gala<\/span><span class=\"criteres\"><span class=\"periode\">- From Saturday 16\/05\/2026 to Sunday 17\/05\/2026<\/span><span class=\"jour\"> - Sunday<\/span><span class=\"jour\"> - Saturday<\/span>  <br><\/span><\/a><\/li><li data-tn_identifier=\"12128-FMA-20250417171943922\" data-counterTxt=\"49\" data-tn_code=|02.01.03|02.01.03.05.04|02.01.03.05.05|02.01.03.04.14 ><a href=\"https:\/\/www.tourisme-aveyron-segala.fr\/en\/oit\/journee-environnement-2\/?lis_id=7\" title=\"Read more...\"><span class=\"symbole imageAgenda\"><\/span><span class=\"vignette indisponible\">No photo<\/span><span class=\"counter\">49<\/span><span class=\"picto\"><img src=\"https:\/\/www.tourisme-aveyron-segala.fr\/wp-content\/plugins\/sc_travelnode\/im\/clairs\/pictoAgenda.png\"><\/span><h4 class=\"titreFiche\">Journ\u00e9e environnement<\/h4><span class=\"commmune\">Lescure-Jaoul<\/span><span class=\"criteres\"><span class=\"periode\">- Saturday 16\/05\/2026<\/span><span class=\"comment\"> 13h30<\/span>  <br><\/span><\/a><\/li><li data-tn_identifier=\"12258-FMA-20260416143511739\" data-counterTxt=\"50\" data-tn_code=|02.01.03|02.01.03.03.68 ><a href=\"https:\/\/www.tourisme-aveyron-segala.fr\/en\/oit\/tournoi-de-petanque-2\/?lis_id=7\" title=\"Read more...\"><span class=\"symbole imageAgenda\"><\/span><span class=\"vignette\" style=\"background-image:url(https:\/\/www.tourisme-aveyron-segala.fr\/wp-content\/uploads\/2026\/04\/600-97.webp);\"><\/span><span class=\"counter\">50<\/span><span class=\"picto\"><img src=\"https:\/\/www.tourisme-aveyron-segala.fr\/wp-content\/plugins\/sc_travelnode\/im\/clairs\/pictoAgenda.png\"><\/span><h4 class=\"titreFiche\">Tournoi de p\u00e9tanque<\/h4><span class=\"commmune\">La Salvetat-Peyral\u00e8s<\/span><span class=\"criteres\"><span class=\"periode\">- Saturday 16\/05\/2026<\/span><span class=\"comment\"> 14h-19h<\/span>  <br><\/span><\/a><\/li><li data-tn_identifier=\"12169-FMA-20190424115144144\" data-counterTxt=\"51\" data-tn_code=|02.01.03|02.01.03.01.12|02.01.03.04.14 ><a href=\"https:\/\/www.tourisme-aveyron-segala.fr\/en\/oit\/marche-cote-jardin-2\/?lis_id=7\" title=\"Read more...\"><span class=\"symbole imageAgenda\"><\/span><span class=\"vignette\" style=\"background-image:url(https:\/\/www.tourisme-aveyron-segala.fr\/wp-content\/uploads\/2026\/02\/600-56.webp);\"><\/span><span class=\"counter\">51<\/span><span class=\"picto\"><img src=\"https:\/\/www.tourisme-aveyron-segala.fr\/wp-content\/plugins\/sc_travelnode\/im\/clairs\/pictoAgenda.png\"><\/span><h4 class=\"titreFiche\">March\u00e9 C\u00f4t\u00e9 jardin<\/h4><span class=\"commmune\">Naucelle<\/span><span class=\"criteres\"><span class=\"periode\">- Sunday 17\/05\/2026<\/span><span class=\"comment\"> \u00c0 partir de 09h<\/span>  <br><\/span><\/a><\/li><li data-tn_identifier=\"12056-FMA-20260424153243290\" data-counterTxt=\"52\" data-tn_code=|02.01.03|02.01.03.01.24|02.01.03.01.06|02.01.03.05.04 ><a href=\"https:\/\/www.tourisme-aveyron-segala.fr\/en\/oit\/conference-ateliers-la-mediation-artistique-le-jeu-2\/?lis_id=7\" title=\"Read more...\"><span class=\"symbole imageAgenda\"><\/span><span class=\"vignette\" style=\"background-image:url(https:\/\/www.tourisme-aveyron-segala.fr\/wp-content\/uploads\/2026\/04\/600-117.webp);\"><\/span><span class=\"counter\">52<\/span><span class=\"picto\"><img src=\"https:\/\/www.tourisme-aveyron-segala.fr\/wp-content\/plugins\/sc_travelnode\/im\/clairs\/pictoAgenda.png\"><\/span><h4 class=\"titreFiche\">Conf\u00e9rence-ateliers : la m\u00e9diation artistique &amp; le jeu<\/h4><span class=\"commmune\">Baraqueville<\/span><span class=\"criteres\"><span class=\"periode\">- Tuesday 19\/05\/2026<\/span><span class=\"comment\"> \u00e0 20 h<\/span>  <br><\/span><\/a><\/li><li data-tn_identifier=\"12258-FMA-20250905095334640\" data-counterTxt=\"53\" data-tn_code=|02.01.03|02.01.03.01.24|02.01.03.05.04|02.01.03.05.05 ><a href=\"https:\/\/www.tourisme-aveyron-segala.fr\/en\/oit\/atelier-macrame-3\/?lis_id=7\" title=\"Read more...\"><span class=\"symbole imageAgenda\"><\/span><span class=\"vignette\" style=\"background-image:url(https:\/\/www.tourisme-aveyron-segala.fr\/wp-content\/uploads\/2025\/09\/600-86.webp);\"><\/span><span class=\"counter\">53<\/span><span class=\"picto\"><img src=\"https:\/\/www.tourisme-aveyron-segala.fr\/wp-content\/plugins\/sc_travelnode\/im\/clairs\/pictoAgenda.png\"><\/span><h4 class=\"titreFiche\">Atelier Macram\u00e9<\/h4><span class=\"commmune\">La Salvetat-Peyral\u00e8s<\/span><span class=\"criteres\"><span class=\"periode\">- Thursday 21\/05\/2026<\/span><span class=\"comment\"> 14h30 - 16h30<\/span> <span class=\"periode\">- Thursday 11\/06\/2026<\/span><span class=\"comment\"> 14h30 - 16h30<\/span> <span class=\"periode\">- Thursday 25\/06\/2026<\/span><span [...]<br><\/span><\/a><\/li><li data-tn_identifier=\"12258-FMA-20241211111832266\" data-counterTxt=\"54\" data-tn_code=|02.01.03|02.01.03.01.24|02.01.03.01.25|02.01.03.01.01|02.01.03.01.10|02.01.03.01.22|02.01.03.01.19|02.01.03.01.20|02.01.03.05.04|02.01.03.03.12|02.01.03.04.12|02.01.03.04.02 ><a href=\"https:\/\/www.tourisme-aveyron-segala.fr\/en\/oit\/festival-la-salvetat-en-rue-libre-4-2\/?lis_id=7\" title=\"Read more...\"><span class=\"symbole imageAgenda\"><\/span><span class=\"vignette\" style=\"background-image:url(https:\/\/www.tourisme-aveyron-segala.fr\/wp-content\/uploads\/2026\/01\/600-119.webp);\"><\/span><span class=\"counter\">54<\/span><span class=\"picto\"><img src=\"https:\/\/www.tourisme-aveyron-segala.fr\/wp-content\/plugins\/sc_travelnode\/im\/clairs\/pictoAgenda.png\"><\/span><h4 class=\"titreFiche\">Festival La Salvetat en rue libre #4<\/h4><span class=\"commmune\">La Salvetat-Peyral\u00e8s<\/span><span class=\"criteres\"><span class=\"periode\">- From Friday 22\/05\/2026 to Sunday 24\/05\/2026<\/span><span class=\"jour\"> - Sunday<\/span><span class=\"jour\"> - Friday<\/span><span class=\"jour\"> - Saturday<\/span>  <br><\/span><\/a><\/li><li data-tn_identifier=\"12262-FMA-20260424155108765\" data-counterTxt=\"55\" data-tn_code=|02.01.03|02.01.03.01.24|02.01.03.01.06|02.01.03.05.04 ><a href=\"https:\/\/www.tourisme-aveyron-segala.fr\/en\/oit\/conference-ateliers-le-dessin-la-creation-dun-livre-2\/?lis_id=7\" title=\"Read more...\"><span class=\"symbole imageAgenda\"><\/span><span class=\"vignette\" style=\"background-image:url(https:\/\/www.tourisme-aveyron-segala.fr\/wp-content\/uploads\/2026\/04\/600-118.webp);\"><\/span><span class=\"counter\">55<\/span><span class=\"picto\"><img src=\"https:\/\/www.tourisme-aveyron-segala.fr\/wp-content\/plugins\/sc_travelnode\/im\/clairs\/pictoAgenda.png\"><\/span><h4 class=\"titreFiche\">Conf\u00e9rence-ateliers : le dessin &amp; la cr\u00e9ation d'un livre<\/h4><span class=\"commmune\">Sauveterre-de-Rouergue<\/span><span class=\"criteres\"><span class=\"periode\">- Friday 22\/05\/2026<\/span><span class=\"comment\"> \u00e0 18 h<\/span>  <br><\/span><\/a><\/li><li data-tn_identifier=\"12021-FMA-20260122143222631\" data-counterTxt=\"56\" data-tn_code=|02.01.03|02.01.03.01.22|02.01.03.01.19|02.01.03.05.04 ><a href=\"https:\/\/www.tourisme-aveyron-segala.fr\/en\/oit\/repas-et-spectacle-madame-cece-la-bastide-leveque-2\/?lis_id=7\" title=\"Read more...\"><span class=\"symbole imageAgenda\"><\/span><span class=\"vignette\" style=\"background-image:url(https:\/\/www.tourisme-aveyron-segala.fr\/wp-content\/uploads\/2026\/01\/600-123.webp);\"><\/span><span class=\"counter\">56<\/span><span class=\"picto\"><img src=\"https:\/\/www.tourisme-aveyron-segala.fr\/wp-content\/plugins\/sc_travelnode\/im\/clairs\/pictoAgenda.png\"><\/span><h4 class=\"titreFiche\">Repas et Spectacle \"Madame C\u00e9c\u00e9\" - La Bastide l'Ev\u00eaque<\/h4><span class=\"commmune\">Le Bas S\u00e9gala<\/span><span class=\"criteres\"><span class=\"periode\">- Saturday 23\/05\/2026<\/span><span class=\"comment\"> 12h paella,<br \/>\n15h spectacle<\/span>  <br><\/span><\/a><\/li><li data-tn_identifier=\"12262-FMA-20260525154701784\" data-counterTxt=\"57\" data-tn_code=|02.01.03|02.01.03.01.24 ><a href=\"https:\/\/www.tourisme-aveyron-segala.fr\/en\/oit\/stage-de-dessin-et-pratiques-plastiques-3\/?lis_id=7\" title=\"Read more...\"><span class=\"symbole imageAgenda\"><\/span><span class=\"vignette\" style=\"background-image:url(https:\/\/www.tourisme-aveyron-segala.fr\/wp-content\/uploads\/2026\/04\/600-74.webp);\"><\/span><span class=\"counter\">57<\/span><span class=\"picto\"><img src=\"https:\/\/www.tourisme-aveyron-segala.fr\/wp-content\/plugins\/sc_travelnode\/im\/clairs\/pictoAgenda.png\"><\/span><h4 class=\"titreFiche\">Stage de dessin et pratiques plastiques<\/h4><span class=\"commmune\">Sauveterre-de-Rouergue<\/span><span class=\"criteres\"><span class=\"periode\">- From Monday 25\/05\/2026 to Friday 29\/05\/2026<\/span><span class=\"comment\"> de 10 h \u00e0 13 h et de 15 h \u00e0 [...]<br><\/span><\/a><\/li><li data-tn_identifier=\"12190-FMA-20260424141536330\" data-counterTxt=\"58\" data-tn_code=|02.01.03|02.01.03.01.24|02.01.03.05.04|02.01.03.04.12|02.01.03.04.14 ><a href=\"https:\/\/www.tourisme-aveyron-segala.fr\/en\/oit\/atelier-decouverte-de-la-riviere-et-de-la-peche-2\/?lis_id=7\" title=\"Read more...\"><span class=\"symbole imageAgenda\"><\/span><span class=\"vignette\" style=\"background-image:url(https:\/\/www.tourisme-aveyron-segala.fr\/wp-content\/uploads\/2026\/04\/600-114.webp);\"><\/span><span class=\"counter\">58<\/span><span class=\"picto\"><img src=\"https:\/\/www.tourisme-aveyron-segala.fr\/wp-content\/plugins\/sc_travelnode\/im\/clairs\/pictoAgenda.png\"><\/span><h4 class=\"titreFiche\">Atelier d\u00e9couverte de la rivi\u00e8re et de la p\u00eache<\/h4><span class=\"commmune\">Pr\u00e9vinqui\u00e8res<\/span><span class=\"criteres\"><span class=\"periode\">- Wednesday 27\/05\/2026<\/span><span class=\"comment\"> 15h-17h30<\/span>  <br><\/span><\/a><\/li><li data-tn_identifier=\"12198-FMA-20230314182010294\" data-counterTxt=\"59\" data-tn_code=|02.01.03|02.01.03.05.05|02.01.03.03.21|02.01.03.04.12 ><a href=\"https:\/\/www.tourisme-aveyron-segala.fr\/en\/oit\/les-lectures-avec-cotcot-2\/?lis_id=7\" title=\"Read more...\"><span class=\"symbole imageAgenda\"><\/span><span class=\"vignette\" style=\"background-image:url(https:\/\/www.tourisme-aveyron-segala.fr\/wp-content\/uploads\/2025\/12\/600-111.webp);\"><\/span><span class=\"counter\">59<\/span><span class=\"picto\"><img src=\"https:\/\/www.tourisme-aveyron-segala.fr\/wp-content\/plugins\/sc_travelnode\/im\/clairs\/pictoAgenda.png\"><\/span><h4 class=\"titreFiche\">Les lectures avec CotCot<\/h4><span class=\"commmune\">Rieupeyroux<\/span><span class=\"criteres\"><span class=\"periode\">- Friday 29\/05\/2026<\/span><span class=\"comment\"> 10h<\/span> <span class=\"periode\">- Friday 19\/06\/2026<\/span><span class=\"comment\"> 10h<\/span>  <br><\/span><\/a><\/li><li data-tn_identifier=\"12021-FMA-20250516160618998\" data-counterTxt=\"60\" data-tn_code=|02.01.03|02.01.03.05.04|02.01.03.03.61 ><a href=\"https:\/\/www.tourisme-aveyron-segala.fr\/en\/oit\/salon-artistique-du-bas-segala-2\/?lis_id=7\" title=\"Read more...\"><span class=\"symbole imageAgenda\"><\/span><span class=\"vignette\" style=\"background-image:url(https:\/\/www.tourisme-aveyron-segala.fr\/wp-content\/uploads\/2025\/11\/600-78.webp);\"><\/span><span class=\"counter\">60<\/span><span class=\"picto\"><img src=\"https:\/\/www.tourisme-aveyron-segala.fr\/wp-content\/plugins\/sc_travelnode\/im\/clairs\/pictoAgenda.png\"><\/span><h4 class=\"titreFiche\">Salon artistique du Bas S\u00e9gala<\/h4><span class=\"commmune\">Le Bas S\u00e9gala<\/span><span class=\"criteres\"><span class=\"periode\">- From Saturday 30\/05\/2026 to Sunday 31\/05\/2026<\/span><span class=\"jour\"> - Sunday<\/span><span class=\"jour\"> - Saturday<\/span>  <br><\/span><\/a><\/li><li data-tn_identifier=\"12278-FMA-20251223134254735\" data-counterTxt=\"61\" data-tn_code=|02.01.03|02.01.03.01.24|02.01.03.05.04|02.01.03.05.05|02.01.03.04.14 ><a href=\"https:\/\/www.tourisme-aveyron-segala.fr\/en\/oit\/observation-des-oiseaux-chouettes-engoulevents-et-compagnie-2\/?lis_id=7\" title=\"Read more...\"><span class=\"symbole imageAgenda\"><\/span><span class=\"vignette\" style=\"background-image:url(https:\/\/www.tourisme-aveyron-segala.fr\/wp-content\/uploads\/2025\/12\/600-69.webp);\"><\/span><span class=\"counter\">61<\/span><span class=\"picto\"><img src=\"https:\/\/www.tourisme-aveyron-segala.fr\/wp-content\/plugins\/sc_travelnode\/im\/clairs\/pictoAgenda.png\"><\/span><h4 class=\"titreFiche\">Observation des oiseaux : Chouettes, engoulevents et compagnie<\/h4><span class=\"commmune\">Tayrac<\/span><span class=\"criteres\"><span class=\"periode\">- Saturday 30\/05\/2026<\/span>  <br><\/span><\/a><\/li><li data-tn_identifier=\"12056-FMA-20260119144342696\" data-counterTxt=\"62\" data-tn_code=|02.01.03|02.01.03.01.24|02.01.03.05.04 ><a href=\"https:\/\/www.tourisme-aveyron-segala.fr\/en\/oit\/atelier-decoration-florale-3\/?lis_id=7\" title=\"Read more...\"><span class=\"symbole imageAgenda\"><\/span><span class=\"vignette\" style=\"background-image:url(https:\/\/www.tourisme-aveyron-segala.fr\/wp-content\/uploads\/2026\/01\/600-86.webp);\"><\/span><span class=\"counter\">62<\/span><span class=\"picto\"><img src=\"https:\/\/www.tourisme-aveyron-segala.fr\/wp-content\/plugins\/sc_travelnode\/im\/clairs\/pictoAgenda.png\"><\/span><h4 class=\"titreFiche\">Atelier d\u00e9coration florale<\/h4><span class=\"commmune\">Baraqueville<\/span><span class=\"criteres\"><span class=\"periode\">- Saturday 30\/05\/2026<\/span><span class=\"comment\"> De 10h \u00e0 12h<\/span>  <br><\/span><\/a><\/li><li data-tn_identifier=\"12169-FMA-20260119145543554\" data-counterTxt=\"63\" data-tn_code=|02.01.03|02.01.03.01.24|02.01.03.05.04|02.01.03.04.02 ><a href=\"https:\/\/www.tourisme-aveyron-segala.fr\/en\/oit\/atelier-decouverte-danse-indienne-2\/?lis_id=7\" title=\"Read more...\"><span class=\"symbole imageAgenda\"><\/span><span class=\"vignette\" style=\"background-image:url(https:\/\/www.tourisme-aveyron-segala.fr\/wp-content\/uploads\/2026\/01\/600-87.webp);\"><\/span><span class=\"counter\">63<\/span><span class=\"picto\"><img src=\"https:\/\/www.tourisme-aveyron-segala.fr\/wp-content\/plugins\/sc_travelnode\/im\/clairs\/pictoAgenda.png\"><\/span><h4 class=\"titreFiche\">Atelier d\u00e9couverte danse indienne<\/h4><span class=\"commmune\">Naucelle<\/span><span class=\"criteres\"><span class=\"periode\">- Saturday 30\/05\/2026<\/span><span class=\"comment\"> De 14h \u00e0 15h30<\/span>  <br><\/span><\/a><\/li><li data-tn_identifier=\"12169-FMA-20260303155003327\" data-counterTxt=\"64\" data-tn_code=|02.01.03|02.01.03.01.12|02.01.03.05.04|02.01.03.04.12 ><a href=\"https:\/\/www.tourisme-aveyron-segala.fr\/en\/oit\/fete-des-meres-au-marche-de-naucelle-2\/?lis_id=7\" title=\"Read more...\"><span class=\"symbole imageAgenda\"><\/span><span class=\"vignette\" style=\"background-image:url(https:\/\/www.tourisme-aveyron-segala.fr\/wp-content\/uploads\/2026\/03\/600-2.webp);\"><\/span><span class=\"counter\">64<\/span><span class=\"picto\"><img src=\"https:\/\/www.tourisme-aveyron-segala.fr\/wp-content\/plugins\/sc_travelnode\/im\/clairs\/pictoAgenda.png\"><\/span><h4 class=\"titreFiche\">F\u00eate des m\u00e8res au march\u00e9 de Naucelle<\/h4><span class=\"commmune\">Naucelle<\/span><span class=\"criteres\"><span class=\"periode\">- Saturday 30\/05\/2026<\/span><span class=\"comment\"> The matin<\/span>  <br><\/span><\/a><\/li><li data-tn_identifier=\"12198-FMA-20260409150458343\" data-counterTxt=\"65\" data-tn_code=|02.01.03|02.01.03.05.03|02.01.03.01.23|02.01.03.03.62|02.01.03.05.04 ><a href=\"https:\/\/www.tourisme-aveyron-segala.fr\/en\/oit\/visite-thematique-rieupeyroux-au-xxe-siecle-2\/?lis_id=7\" title=\"Read more...\"><span class=\"symbole imageAgenda\"><\/span><span class=\"vignette\" style=\"background-image:url(https:\/\/www.tourisme-aveyron-segala.fr\/wp-content\/uploads\/2026\/04\/600-19.webp);\"><\/span><span class=\"counter\">65<\/span><span class=\"picto\"><img src=\"https:\/\/www.tourisme-aveyron-segala.fr\/wp-content\/plugins\/sc_travelnode\/im\/clairs\/pictoAgenda.png\"><\/span><h4 class=\"titreFiche\">Visite th\u00e9matique \"Rieupeyroux au XXe si\u00e8cle\"<\/h4><span class=\"commmune\">Rieupeyroux<\/span><span class=\"criteres\"><span class=\"periode\">- Saturday 30\/05\/2026<\/span><span class=\"comment\"> 10h<\/span>  <br><\/span><\/a><\/li><li data-tn_identifier=\"12234-FMA-20260414103040026\" data-counterTxt=\"66\" data-tn_code=|02.01.03|02.01.03.01.23|02.01.03.05.04|02.01.03.03.38|02.01.03.04.09 ><a href=\"https:\/\/www.tourisme-aveyron-segala.fr\/en\/oit\/rando-fromagere-2\/?lis_id=7\" title=\"Read more...\"><span class=\"symbole imageAgenda\"><\/span><span class=\"vignette\" style=\"background-image:url(https:\/\/www.tourisme-aveyron-segala.fr\/wp-content\/uploads\/2026\/04\/600-90.webp);\"><\/span><span class=\"counter\">66<\/span><span class=\"picto\"><img src=\"https:\/\/www.tourisme-aveyron-segala.fr\/wp-content\/plugins\/sc_travelnode\/im\/clairs\/pictoAgenda.png\"><\/span><h4 class=\"titreFiche\">Rando Fromag\u00e8re<\/h4><span class=\"commmune\">Sainte-Juliette-sur-Viaur<\/span><span class=\"criteres\"><span class=\"periode\">- Saturday 30\/05\/2026<\/span><span class=\"comment\"> D\u00e9part entre 16h et 17h.<\/span>  <br><\/span><\/a><\/li><li data-tn_identifier=\"12258-FMA-20260416144610281\" data-counterTxt=\"67\" data-tn_code=|02.01.03|02.01.03.01.06|02.01.03.05.04 ><a href=\"https:\/\/www.tourisme-aveyron-segala.fr\/en\/oit\/diffusion-sonore-n3-special-statues-menhirs-2\/?lis_id=7\" title=\"Read more...\"><span class=\"symbole imageAgenda\"><\/span><span class=\"vignette\" style=\"background-image:url(https:\/\/www.tourisme-aveyron-segala.fr\/wp-content\/uploads\/2026\/04\/600-99.webp);\"><\/span><span class=\"counter\">67<\/span><span class=\"picto\"><img src=\"https:\/\/www.tourisme-aveyron-segala.fr\/wp-content\/plugins\/sc_travelnode\/im\/clairs\/pictoAgenda.png\"><\/span><h4 class=\"titreFiche\">Diffusion sonore n\u00b03 - sp\u00e9cial Statues-Menhirs<\/h4><span class=\"commmune\">La Salvetat-Peyral\u00e8s<\/span><span class=\"criteres\"><span class=\"periode\">- Saturday 30\/05\/2026<\/span><span class=\"comment\"> 20h30<\/span>  <br><\/span><\/a><\/li><li data-tn_identifier=\"12258-FMA-20260416162528661\" data-counterTxt=\"68\" data-tn_code=|02.01.03|02.01.03.05.04|02.01.03.03.21|02.01.03.04.12 ><a href=\"https:\/\/www.tourisme-aveyron-segala.fr\/en\/oit\/les-lectures-musicales-de-cotcot-et-morgane-2\/?lis_id=7\" title=\"Read more...\"><span class=\"symbole imageAgenda\"><\/span><span class=\"vignette\" style=\"background-image:url(https:\/\/www.tourisme-aveyron-segala.fr\/wp-content\/uploads\/2026\/04\/600-101.webp);\"><\/span><span class=\"counter\">68<\/span><span class=\"picto\"><img src=\"https:\/\/www.tourisme-aveyron-segala.fr\/wp-content\/plugins\/sc_travelnode\/im\/clairs\/pictoAgenda.png\"><\/span><h4 class=\"titreFiche\">Les lectures musicales de Cotcot et Morgane<\/h4><span class=\"commmune\">La Salvetat-Peyral\u00e8s<\/span><span class=\"criteres\"><span class=\"periode\">- Saturday 30\/05\/2026<\/span><span class=\"comment\"> de 10h30 \u00e0 11h15<\/span>  <br><\/span><\/a><\/li><li data-tn_identifier=\"12162-FMA-20250509102327314\" data-counterTxt=\"69\" data-tn_code=|02.01.03|02.01.03.01.22|02.01.03.05.04|02.01.03.03.38|02.01.03.03.69|02.01.03.04.12|02.01.03.04.14|02.01.03.04.09 ><a href=\"https:\/\/www.tourisme-aveyron-segala.fr\/en\/oit\/rando-gourmande-3\/?lis_id=7\" title=\"Read more...\"><span class=\"symbole imageAgenda\"><\/span><span class=\"vignette\" style=\"background-image:url(https:\/\/www.tourisme-aveyron-segala.fr\/wp-content\/uploads\/2026\/04\/600-116.webp);\"><\/span><span class=\"counter\">69<\/span><span class=\"picto\"><img src=\"https:\/\/www.tourisme-aveyron-segala.fr\/wp-content\/plugins\/sc_travelnode\/im\/clairs\/pictoAgenda.png\"><\/span><h4 class=\"titreFiche\">Rando gourmande<\/h4><span class=\"commmune\">Moyraz\u00e8s<\/span><span class=\"criteres\"><span class=\"periode\">- Saturday 30\/05\/2026<\/span><span class=\"comment\"> \u00c0 partir de 08h<\/span>  <br><\/span><\/a><\/li><li data-tn_identifier=\"12258-FMA-20260416145045000\" data-counterTxt=\"70\" data-tn_code=|02.01.03|02.01.03.01.06|02.01.03.05.04 ><a href=\"https:\/\/www.tourisme-aveyron-segala.fr\/en\/oit\/gratiferia-2\/?lis_id=7\" title=\"Read more...\"><span class=\"symbole imageAgenda\"><\/span><span class=\"vignette\" style=\"background-image:url(https:\/\/www.tourisme-aveyron-segala.fr\/wp-content\/uploads\/2026\/04\/600-100.webp);\"><\/span><span class=\"counter\">70<\/span><span class=\"picto\"><img src=\"https:\/\/www.tourisme-aveyron-segala.fr\/wp-content\/plugins\/sc_travelnode\/im\/clairs\/pictoAgenda.png\"><\/span><h4 class=\"titreFiche\">Gratif\u00e9ria !<\/h4><span class=\"commmune\">La Salvetat-Peyral\u00e8s<\/span><span class=\"criteres\"><span class=\"periode\">- Sunday 31\/05\/2026<\/span><span class=\"comment\"> 10h \u00e0 18h<\/span>  <br><\/span><\/a><\/li><li data-tn_identifier=\"12021-FMA-20240118090403539\" data-counterTxt=\"71\" data-tn_code=|02.01.03|02.01.03.01.05|02.01.03.01.22 ><a href=\"https:\/\/www.tourisme-aveyron-segala.fr\/en\/oit\/soiree-brasucade-a-vabre-tizac-2\/?lis_id=7\" title=\"Read more...\"><span class=\"symbole imageAgenda\"><\/span><span class=\"vignette\" style=\"background-image:url(https:\/\/www.tourisme-aveyron-segala.fr\/wp-content\/uploads\/2025\/11\/600-3.webp);\"><\/span><span class=\"counter\">71<\/span><span class=\"picto\"><img src=\"https:\/\/www.tourisme-aveyron-segala.fr\/wp-content\/plugins\/sc_travelnode\/im\/clairs\/pictoAgenda.png\"><\/span><h4 class=\"titreFiche\">Soir\u00e9e brasucade \u00e0 Vabre-Tizac<\/h4><span class=\"commmune\">Le Bas S\u00e9gala<\/span><span class=\"criteres\"><span class=\"periode\">- Saturday 06\/06\/2026<\/span>  <br><\/span><\/a><\/li><li data-tn_identifier=\"12169-FMA-20260119150425774\" data-counterTxt=\"72\" data-tn_code=|02.01.03|02.01.03.01.24|02.01.03.05.04|02.01.03.03.64 ><a href=\"https:\/\/www.tourisme-aveyron-segala.fr\/en\/oit\/atelier-cuisine-lapero-nature-2\/?lis_id=7\" title=\"Read more...\"><span class=\"symbole imageAgenda\"><\/span><span class=\"vignette\" style=\"background-image:url(https:\/\/www.tourisme-aveyron-segala.fr\/wp-content\/uploads\/2026\/01\/600-88.webp);\"><\/span><span class=\"counter\">72<\/span><span class=\"picto\"><img src=\"https:\/\/www.tourisme-aveyron-segala.fr\/wp-content\/plugins\/sc_travelnode\/im\/clairs\/pictoAgenda.png\"><\/span><h4 class=\"titreFiche\">Atelier cuisine : l'ap\u00e9ro nature<\/h4><span class=\"commmune\">Naucelle<\/span><span class=\"criteres\"><span class=\"periode\">- Saturday 06\/06\/2026<\/span><span class=\"comment\"> De 14h \u00e0 16h30<\/span>  <br><\/span><\/a><\/li><li data-tn_identifier=\"12262-FMA-20260608154701962\" data-counterTxt=\"73\" data-tn_code=|02.01.03|02.01.03.01.24 ><a href=\"https:\/\/www.tourisme-aveyron-segala.fr\/en\/oit\/stage-de-dessin-et-pratiques-plastiques-2\/?lis_id=7\" title=\"Read more...\"><span class=\"symbole imageAgenda\"><\/span><span class=\"vignette\" style=\"background-image:url(https:\/\/www.tourisme-aveyron-segala.fr\/wp-content\/uploads\/2026\/04\/600-73.webp);\"><\/span><span class=\"counter\">73<\/span><span class=\"picto\"><img src=\"https:\/\/www.tourisme-aveyron-segala.fr\/wp-content\/plugins\/sc_travelnode\/im\/clairs\/pictoAgenda.png\"><\/span><h4 class=\"titreFiche\">Stage de dessin et pratiques plastiques<\/h4><span class=\"commmune\">Sauveterre-de-Rouergue<\/span><span class=\"criteres\"><span class=\"periode\">- From Monday 08\/06\/2026 to Friday 12\/06\/2026<\/span><span class=\"comment\"> de 10 h \u00e0 13 h et de 15 h \u00e0 [...]<br><\/span><\/a><\/li><li data-tn_identifier=\"12278-FMA-20250407105441794\" data-counterTxt=\"74\" data-tn_code=|02.01.03|02.01.03.01.25|02.01.03.01.26|02.01.03.01.30|02.01.03.01.22|02.01.03.05.04|02.01.03.03.68|02.01.03.03.38 ><a href=\"https:\/\/www.tourisme-aveyron-segala.fr\/en\/oit\/fete-de-la-saint-medard-2\/?lis_id=7\" title=\"Read more...\"><span class=\"symbole imageAgenda\"><\/span><span class=\"vignette\" style=\"background-image:url(https:\/\/www.tourisme-aveyron-segala.fr\/wp-content\/uploads\/2026\/03\/600-32.webp);\"><\/span><span class=\"counter\">74<\/span><span class=\"picto\"><img src=\"https:\/\/www.tourisme-aveyron-segala.fr\/wp-content\/plugins\/sc_travelnode\/im\/clairs\/pictoAgenda.png\"><\/span><h4 class=\"titreFiche\">F\u00eate de la Saint M\u00e9dard<\/h4><span class=\"commmune\">Tayrac<\/span><span class=\"criteres\"><span class=\"periode\">- From Saturday 13\/06\/2026 to Sunday 14\/06\/2026<\/span><span class=\"jour\"> - Sunday<\/span><span class=\"jour\"> - Saturday<\/span>  <br><\/span><\/a><\/li><li data-tn_identifier=\"12258-FMA-20260209151730374\" data-counterTxt=\"75\" data-tn_code=|02.01.03|02.01.03.01.26|02.01.03.01.22|02.01.03.05.04|02.01.03.05.05|02.01.03.03.38|02.01.03.04.12|02.01.03.04.14|02.01.03.04.09 ><a href=\"https:\/\/www.tourisme-aveyron-segala.fr\/en\/oit\/la-fete-du-viaur-2\/?lis_id=7\" title=\"Read more...\"><span class=\"symbole imageAgenda\"><\/span><span class=\"vignette\" style=\"background-image:url(https:\/\/www.tourisme-aveyron-segala.fr\/wp-content\/uploads\/2026\/02\/600-75.webp);\"><\/span><span class=\"counter\">75<\/span><span class=\"picto\"><img src=\"https:\/\/www.tourisme-aveyron-segala.fr\/wp-content\/plugins\/sc_travelnode\/im\/clairs\/pictoAgenda.png\"><\/span><h4 class=\"titreFiche\">La f\u00eate du Viaur<\/h4><span class=\"commmune\">La Salvetat-Peyral\u00e8s<\/span><span class=\"criteres\"><span class=\"periode\">- Sunday 14\/06\/2026<\/span>  <br><\/span><\/a><\/li><li data-tn_identifier=\"12189-FMA-20260330112324889\" data-counterTxt=\"76\" data-tn_code=|02.01.03|02.01.03.05.04|02.01.03.03.62|02.01.03.03.38 ><a href=\"https:\/\/www.tourisme-aveyron-segala.fr\/en\/oit\/randonnees-pedestres-les-parachutages-pour-la-resistance-2\/?lis_id=7\" title=\"Read more...\"><span class=\"symbole imageAgenda\"><\/span><span class=\"vignette\" style=\"background-image:url(https:\/\/www.tourisme-aveyron-segala.fr\/wp-content\/uploads\/2026\/03\/600-63.webp);\"><\/span><span class=\"counter\">76<\/span><span class=\"picto\"><img src=\"https:\/\/www.tourisme-aveyron-segala.fr\/wp-content\/plugins\/sc_travelnode\/im\/clairs\/pictoAgenda.png\"><\/span><h4 class=\"titreFiche\">Randonn\u00e9es p\u00e9destres : les parachutages pour la R\u00e9sistance<\/h4><span class=\"commmune\">Pradinas<\/span><span class=\"criteres\"><span class=\"periode\">- Sunday 14\/06\/2026<\/span><span class=\"comment\"> \u00c0 partir de 10h<\/span>  <br><\/span><\/a><\/li><li data-tn_identifier=\"12169-FMA-20260303155918383\" data-counterTxt=\"77\" data-tn_code=|02.01.03|02.01.03.01.12|02.01.03.05.04|02.01.03.04.12 ><a href=\"https:\/\/www.tourisme-aveyron-segala.fr\/en\/oit\/fete-des-peres-au-marche-de-naucelle-2\/?lis_id=7\" title=\"Read more...\"><span class=\"symbole imageAgenda\"><\/span><span class=\"vignette\" style=\"background-image:url(https:\/\/www.tourisme-aveyron-segala.fr\/wp-content\/uploads\/2026\/03\/600-3.webp);\"><\/span><span class=\"counter\">77<\/span><span class=\"picto\"><img src=\"https:\/\/www.tourisme-aveyron-segala.fr\/wp-content\/plugins\/sc_travelnode\/im\/clairs\/pictoAgenda.png\"><\/span><h4 class=\"titreFiche\">F\u00eate des p\u00e8res au march\u00e9 de Naucelle<\/h4><span class=\"commmune\">Naucelle<\/span><span class=\"criteres\"><span class=\"periode\">- Saturday 20\/06\/2026<\/span><span class=\"comment\"> The matin<\/span>  <br><\/span><\/a><\/li><li data-tn_identifier=\"12065-FMA-20260330105001671\" data-counterTxt=\"78\" data-tn_code=|02.01.03|02.01.03.05.04|02.01.03.03.61 ><a href=\"https:\/\/www.tourisme-aveyron-segala.fr\/en\/oit\/exposition-gestes-art-et-savoir-faire-en-occitanie-2\/?lis_id=7\" title=\"Read more...\"><span class=\"symbole imageAgenda\"><\/span><span class=\"vignette\" style=\"background-image:url(https:\/\/www.tourisme-aveyron-segala.fr\/wp-content\/uploads\/2026\/03\/600-61.webp);\"><\/span><span class=\"counter\">78<\/span><span class=\"picto\"><img src=\"https:\/\/www.tourisme-aveyron-segala.fr\/wp-content\/plugins\/sc_travelnode\/im\/clairs\/pictoAgenda.png\"><\/span><h4 class=\"titreFiche\">Exposition : Gestes, Art et savoir-faire en Occitanie<\/h4><span class=\"commmune\">Centr\u00e8s<\/span><span class=\"criteres\"><span class=\"periode\">- From Saturday 20\/06\/2026 to Sunday 18\/10\/2026<\/span>  <br><\/span><\/a><\/li><li data-tn_identifier=\"12021-FMA-20240530084126313\" data-counterTxt=\"79\" data-tn_code=|02.01.03|02.01.03.01.05|02.01.03.01.29|02.01.03.05.04|02.01.03.05.05 ><a href=\"https:\/\/www.tourisme-aveyron-segala.fr\/en\/oit\/fete-de-la-musique-a-vabre-tizac-2\/?lis_id=7\" title=\"Read more...\"><span class=\"symbole imageAgenda\"><\/span><span class=\"vignette\" style=\"background-image:url(https:\/\/www.tourisme-aveyron-segala.fr\/wp-content\/uploads\/2025\/12\/600-42.webp);\"><\/span><span class=\"counter\">79<\/span><span class=\"picto\"><img src=\"https:\/\/www.tourisme-aveyron-segala.fr\/wp-content\/plugins\/sc_travelnode\/im\/clairs\/pictoAgenda.png\"><\/span><h4 class=\"titreFiche\">F\u00eate de la musique \u00e0 Vabre-Tizac<\/h4><span class=\"commmune\">Le Bas S\u00e9gala<\/span><span class=\"criteres\"><span class=\"periode\">- Sunday 21\/06\/2026<\/span><span class=\"comment\"> d\u00e8s 17h<\/span>  <br><\/span><\/a><\/li><li data-tn_identifier=\"12258-FMA-20260209153707719\" data-counterTxt=\"80\" data-tn_code=|02.01.03|02.01.03.01.22|02.01.03.05.04|02.01.03.05.05|02.01.03.03.38 ><a href=\"https:\/\/www.tourisme-aveyron-segala.fr\/en\/oit\/soiree-concert-2\/?lis_id=7\" title=\"Read more...\"><span class=\"symbole imageAgenda\"><\/span><span class=\"vignette indisponible\">No photo<\/span><span class=\"counter\">80<\/span><span class=\"picto\"><img src=\"https:\/\/www.tourisme-aveyron-segala.fr\/wp-content\/plugins\/sc_travelnode\/im\/clairs\/pictoAgenda.png\"><\/span><h4 class=\"titreFiche\">Soir\u00e9e concert<\/h4><span class=\"commmune\">La Salvetat-Peyral\u00e8s<\/span><span class=\"criteres\"><span class=\"periode\">- Saturday 27\/06\/2026<\/span>  <br><\/span><\/a><\/li><li data-tn_identifier=\"12021-FMA-20240118091335672\" data-counterTxt=\"81\" data-tn_code=|02.01.03|02.01.03.01.12|02.01.03.01.22|02.01.03.01.23|02.01.03.05.04|02.01.03.05.05|02.01.03.05.03|02.01.03.03.64|02.01.03.03.62|02.01.03.03.38|02.01.03.04.14 ><a href=\"https:\/\/www.tourisme-aveyron-segala.fr\/en\/oit\/journee-du-patrimoine-de-pays-a-la-bastide-leveque-2\/?lis_id=7\" title=\"Read more...\"><span class=\"symbole imageAgenda\"><\/span><span class=\"vignette\" style=\"background-image:url(https:\/\/www.tourisme-aveyron-segala.fr\/wp-content\/uploads\/2025\/12\/600-2.webp);\"><\/span><span class=\"counter\">81<\/span><span class=\"picto\"><img src=\"https:\/\/www.tourisme-aveyron-segala.fr\/wp-content\/plugins\/sc_travelnode\/im\/clairs\/pictoAgenda.png\"><\/span><h4 class=\"titreFiche\">Journ\u00e9e du patrimoine de pays \u00e0 La Bastide l'Ev\u00eaque<\/h4><span class=\"commmune\">Le Bas S\u00e9gala<\/span><span class=\"criteres\"><span class=\"periode\">- Sunday 28\/06\/2026<\/span><span class=\"comment\"> 8h30-18h<\/span>  <br><\/span><\/a><\/li><li data-tn_identifier=\"12198-FMA-20240206143312847\" data-counterTxt=\"82\" data-tn_code=|02.01.03|02.01.03.01.22|02.01.03.03.38|02.01.03.04.09 ><a href=\"https:\/\/www.tourisme-aveyron-segala.fr\/en\/oit\/rando-vtt-et-pedestre-la-rieupeyrousaine-2\/?lis_id=7\" title=\"Read more...\"><span class=\"symbole imageAgenda\"><\/span><span class=\"vignette\" style=\"background-image:url(https:\/\/www.tourisme-aveyron-segala.fr\/wp-content\/uploads\/2026\/03\/600-67.webp);\"><\/span><span class=\"counter\">82<\/span><span class=\"picto\"><img src=\"https:\/\/www.tourisme-aveyron-segala.fr\/wp-content\/plugins\/sc_travelnode\/im\/clairs\/pictoAgenda.png\"><\/span><h4 class=\"titreFiche\">Rando VTT et p\u00e9destre \"La Rieupeyrousaine\"<\/h4><span class=\"commmune\">Rieupeyroux<\/span><span class=\"criteres\"><span class=\"periode\">- Sunday 28\/06\/2026<\/span><span class=\"comment\"> d\u00e8s 8h<\/span>  <br><\/span><\/a><\/li><li data-tn_identifier=\"12258-FMA-20260119162103087\" data-counterTxt=\"83\" data-tn_code=|02.01.03|02.01.03.05.04|02.01.03.05.05|02.01.03.03.61 ><a href=\"https:\/\/www.tourisme-aveyron-segala.fr\/en\/oit\/exposition-de-peintures-culturacines-2\/?lis_id=7\" title=\"Read more...\"><span class=\"symbole imageAgenda\"><\/span><span class=\"vignette\" style=\"background-image:url(https:\/\/www.tourisme-aveyron-segala.fr\/wp-content\/uploads\/2026\/01\/600-76.webp);\"><\/span><span class=\"counter\">83<\/span><span class=\"picto\"><img src=\"https:\/\/www.tourisme-aveyron-segala.fr\/wp-content\/plugins\/sc_travelnode\/im\/clairs\/pictoAgenda.png\"><\/span><h4 class=\"titreFiche\">Exposition de peintures \" Cultu'racines\"<\/h4><span class=\"commmune\">La Salvetat-Peyral\u00e8s<\/span><span class=\"criteres\"><span class=\"periode\">- From Wednesday 01\/07\/2026 to Saturday 15\/08\/2026<\/span>  <br><\/span><\/a><\/li><li data-tn_identifier=\"12190-FMA-20260407145628623\" data-counterTxt=\"84\" data-tn_code=|02.01.03|02.01.03.01.05|02.01.03.05.04 ><a href=\"https:\/\/www.tourisme-aveyron-segala.fr\/en\/oit\/les-concerts-de-la-guinguette-2\/?lis_id=7\" title=\"Read more...\"><span class=\"symbole imageAgenda\"><\/span><span class=\"vignette\" style=\"background-image:url(https:\/\/www.tourisme-aveyron-segala.fr\/wp-content\/uploads\/2026\/04\/600-2.webp);\"><\/span><span class=\"counter\">84<\/span><span class=\"picto\"><img src=\"https:\/\/www.tourisme-aveyron-segala.fr\/wp-content\/plugins\/sc_travelnode\/im\/clairs\/pictoAgenda.png\"><\/span><h4 class=\"titreFiche\">Les concerts de la Guinguette<\/h4><span class=\"commmune\">Pr\u00e9vinqui\u00e8res<\/span><span class=\"criteres\"><span class=\"periode\">- From Wednesday 01\/07\/2026 to Sunday 30\/08\/2026<\/span>  <br><\/span><\/a><\/li><li data-tn_identifier=\"12085-FMA-20260310140432978\" data-counterTxt=\"85\" data-tn_code=|02.01.03|02.01.03.01.05|02.01.03.01.19|02.01.03.05.04 ><a href=\"https:\/\/www.tourisme-aveyron-segala.fr\/en\/oit\/soiree-cabaret-a-lostal-joan-bodon-2\/?lis_id=7\" title=\"Read more...\"><span class=\"symbole imageAgenda\"><\/span><span class=\"vignette\" style=\"background-image:url(https:\/\/www.tourisme-aveyron-segala.fr\/wp-content\/uploads\/2026\/03\/600-16.webp);\"><\/span><span class=\"counter\">85<\/span><span class=\"picto\"><img src=\"https:\/\/www.tourisme-aveyron-segala.fr\/wp-content\/plugins\/sc_travelnode\/im\/clairs\/pictoAgenda.png\"><\/span><h4 class=\"titreFiche\">Soir\u00e9e Cabaret \u00e0 l'Ostal Joan Bodon<\/h4><span class=\"commmune\">Crespin<\/span><span class=\"criteres\"><span class=\"periode\">- Thursday 02\/07\/2026<\/span><span class=\"comment\"> \u00c0 partir de 18h30<\/span>  <br><\/span><\/a><\/li><li data-tn_identifier=\"12021-FMA-20251124123249087\" data-counterTxt=\"86\" data-tn_code=|02.01.03|02.01.03.01.05|02.01.03.05.04|02.01.03.05.05 ><a href=\"https:\/\/www.tourisme-aveyron-segala.fr\/en\/oit\/concert-trio-chant-piano-guitare-a-la-grange-musicale-la-bastide-leveque-2\/?lis_id=7\" title=\"Read more...\"><span class=\"symbole imageAgenda\"><\/span><span class=\"vignette\" style=\"background-image:url(https:\/\/www.tourisme-aveyron-segala.fr\/wp-content\/uploads\/2025\/11\/600-67.webp);\"><\/span><span class=\"counter\">86<\/span><span class=\"picto\"><img src=\"https:\/\/www.tourisme-aveyron-segala.fr\/wp-content\/plugins\/sc_travelnode\/im\/clairs\/pictoAgenda.png\"><\/span><h4 class=\"titreFiche\">Concert Trio chant\/piano\/guitare \u00e0 La Grange Musicale - La Bastide l'Ev\u00eaque<\/h4><span class=\"commmune\">Le Bas S\u00e9gala<\/span><span class=\"criteres\"><span class=\"periode\">- Saturday 04\/07\/2026<\/span>  <br><\/span><\/a><\/li><li data-tn_identifier=\"12021-FMA-20210525145629875\" data-counterTxt=\"87\" data-tn_code=|02.01.03|02.01.03.01.23|02.01.03.03.62|02.01.03.04.10 ><a href=\"https:\/\/www.tourisme-aveyron-segala.fr\/en\/oit\/balade-musicale-occitan-francais-a-la-bastide-leveque-2\/?lis_id=7\" title=\"Read more...\"><span class=\"symbole imageAgenda\"><\/span><span class=\"vignette\" style=\"background-image:url(https:\/\/www.tourisme-aveyron-segala.fr\/wp-content\/uploads\/2026\/02\/600-154.webp);\"><\/span><span class=\"counter\">87<\/span><span class=\"picto\"><img src=\"https:\/\/www.tourisme-aveyron-segala.fr\/wp-content\/plugins\/sc_travelnode\/im\/clairs\/pictoAgenda.png\"><\/span><h4 class=\"titreFiche\">Balade musicale occitan-fran\u00e7ais \u00e0 La Bastide l'Ev\u00eaque<\/h4><span class=\"commmune\">Le Bas S\u00e9gala<\/span><span class=\"criteres\"><span class=\"periode\">- Saturday 04\/07\/2026<\/span><span class=\"comment\"> 10h<\/span> <span class=\"periode\">- Saturday 12\/09\/2026<\/span><span class=\"comment\"> 10h<\/span>  <br><\/span><\/a><\/li><li data-tn_identifier=\"12258-FMA-20260119155611221\" data-counterTxt=\"88\" data-tn_code=|02.01.03|02.01.03.01.24|02.01.03.05.04|02.01.03.05.05|02.01.03.05.03 ><a href=\"https:\/\/www.tourisme-aveyron-segala.fr\/en\/oit\/stage-dorchestre-tous-instruments-et-tous-niveaux-2\/?lis_id=7\" title=\"Read more...\"><span class=\"symbole imageAgenda\"><\/span><span class=\"vignette\" style=\"background-image:url(https:\/\/www.tourisme-aveyron-segala.fr\/wp-content\/uploads\/2026\/01\/600-72.webp);\"><\/span><span class=\"counter\">88<\/span><span class=\"picto\"><img src=\"https:\/\/www.tourisme-aveyron-segala.fr\/wp-content\/plugins\/sc_travelnode\/im\/clairs\/pictoAgenda.png\"><\/span><h4 class=\"titreFiche\">Stage d'orchestre tous instruments et tous niveaux<\/h4><span class=\"commmune\">La Salvetat-Peyral\u00e8s<\/span><span class=\"criteres\"><span class=\"periode\">- From Monday 06\/07\/2026 to Saturday 11\/07\/2026<\/span><span class=\"jour\"> - Tous the jours<\/span>  <br><\/span><\/a><\/li><li data-tn_identifier=\"12258-FMA-20260119160412079\" data-counterTxt=\"89\" data-tn_code=|02.01.03|02.01.03.01.24|02.01.03.05.04|02.01.03.05.05|02.01.03.05.03 ><a href=\"https:\/\/www.tourisme-aveyron-segala.fr\/en\/oit\/stage-dorchestre-tous-instruments-et-tous-niveaux-3\/?lis_id=7\" title=\"Read more...\"><span class=\"symbole imageAgenda\"><\/span><span class=\"vignette\" style=\"background-image:url(https:\/\/www.tourisme-aveyron-segala.fr\/wp-content\/uploads\/2026\/01\/600-73.webp);\"><\/span><span class=\"counter\">89<\/span><span class=\"picto\"><img src=\"https:\/\/www.tourisme-aveyron-segala.fr\/wp-content\/plugins\/sc_travelnode\/im\/clairs\/pictoAgenda.png\"><\/span><h4 class=\"titreFiche\">Stage d'orchestre tous instruments et tous niveaux<\/h4><span class=\"commmune\">La Salvetat-Peyral\u00e8s<\/span><span class=\"criteres\"><span class=\"periode\">- From Monday 06\/07\/2026 to Saturday 11\/07\/2026<\/span><span class=\"jour\"> - Tous the jours<\/span>  <br><\/span><\/a><\/li><li data-tn_identifier=\"12258-FMA-20250328090535514\" data-counterTxt=\"90\" data-tn_code=|02.01.03|02.01.03.01.23|02.01.03.03.62 ><a href=\"https:\/\/www.tourisme-aveyron-segala.fr\/en\/oit\/visite-avec-les-habitants-le-bourg-dautrefois-et-leglise-ste-croix-2\/?lis_id=7\" title=\"Read more...\"><span class=\"symbole imageAgenda\"><\/span><span class=\"vignette\" style=\"background-image:url(https:\/\/www.tourisme-aveyron-segala.fr\/wp-content\/uploads\/2026\/02\/600-165.webp);\"><\/span><span class=\"counter\">90<\/span><span class=\"picto\"><img src=\"https:\/\/www.tourisme-aveyron-segala.fr\/wp-content\/plugins\/sc_travelnode\/im\/clairs\/pictoAgenda.png\"><\/span><h4 class=\"titreFiche\">Visite avec les habitants \"le bourg d'autrefois et l'\u00e9glise Ste Croix\"<\/h4><span class=\"commmune\">La Salvetat-Peyral\u00e8s<\/span><span class=\"criteres\"><span class=\"periode\">- Wednesday 08\/07\/2026<\/span><span class=\"comment\"> 14h<\/span> <span class=\"periode\">- Wednesday 05\/08\/2026<\/span><span class=\"comment\"> 14h<\/span> <span class=\"periode\">- Wednesday 02\/09\/2026<\/span><span class=\"comment\"> 14h<\/span>  <br><\/span><\/a><\/li><li data-tn_identifier=\"12190-FMA-20220709184931449\" data-counterTxt=\"91\" data-tn_code=|02.01.03|02.01.03.01.23|02.01.03.03.62 ><a href=\"https:\/\/www.tourisme-aveyron-segala.fr\/en\/oit\/visite-avec-les-habitants-previnquieres-village-medieval-2\/?lis_id=7\" title=\"Read more...\"><span class=\"symbole imageAgenda\"><\/span><span class=\"vignette\" style=\"background-image:url(https:\/\/www.tourisme-aveyron-segala.fr\/wp-content\/uploads\/2026\/02\/600-141.webp);\"><\/span><span class=\"counter\">91<\/span><span class=\"picto\"><img src=\"https:\/\/www.tourisme-aveyron-segala.fr\/wp-content\/plugins\/sc_travelnode\/im\/clairs\/pictoAgenda.png\"><\/span><h4 class=\"titreFiche\">Visite avec les habitants \"Pr\u00e9vinqui\u00e8res, village m\u00e9di\u00e9val\"<\/h4><span class=\"commmune\">Pr\u00e9vinqui\u00e8res<\/span><span class=\"criteres\"><span class=\"periode\">- Thursday 09\/07\/2026<\/span><span class=\"comment\"> 17h30<\/span> <span class=\"periode\">- Thursday 23\/07\/2026<\/span><span class=\"comment\"> 17h30<\/span> <span class=\"periode\">- Thursday 06\/08\/2026<\/span><span class=\"comment\"> 17h30<\/span> <span class=\"periode\">- [...]<br><\/span><\/a><\/li><li data-tn_identifier=\"12021-FMA-20240118092628858\" data-counterTxt=\"92\" data-tn_code=|02.01.03|02.01.03.01.05|02.01.03.01.10|02.01.03.01.22|02.01.03.01.19|02.01.03.04.12 ><a href=\"https:\/\/www.tourisme-aveyron-segala.fr\/en\/oit\/festival-les-detours-metaphoniques-a-saint-salvadou-2\/?lis_id=7\" title=\"Read more...\"><span class=\"symbole imageAgenda\"><\/span><span class=\"vignette\" style=\"background-image:url(https:\/\/www.tourisme-aveyron-segala.fr\/wp-content\/uploads\/2025\/12\/600-43.webp);\"><\/span><span class=\"counter\">92<\/span><span class=\"picto\"><img src=\"https:\/\/www.tourisme-aveyron-segala.fr\/wp-content\/plugins\/sc_travelnode\/im\/clairs\/pictoAgenda.png\"><\/span><h4 class=\"titreFiche\">Festival \"Les d\u00e9tours m\u00e9taphoniques\" \u00e0 Saint-Salvadou<\/h4><span class=\"commmune\">Le Bas S\u00e9gala<\/span><span class=\"criteres\"><span class=\"periode\">- From Friday 10\/07\/2026 to Sunday 12\/07\/2026<\/span><span class=\"jour\"> - Sunday<\/span><span class=\"jour\"> - Friday<\/span><span class=\"jour\"> - Saturday<\/span>  <br><\/span><\/a><\/li><li data-tn_identifier=\"12258-FMA-20260119162512333\" data-counterTxt=\"93\" data-tn_code=|02.01.03|02.01.03.01.25|02.01.03.01.05|02.01.03.05.04|02.01.03.05.05|02.01.03.04.02 ><a href=\"https:\/\/www.tourisme-aveyron-segala.fr\/en\/oit\/apero-concert-dansant-venez-valser-2\/?lis_id=7\" title=\"Read more...\"><span class=\"symbole imageAgenda\"><\/span><span class=\"vignette\" style=\"background-image:url(https:\/\/www.tourisme-aveyron-segala.fr\/wp-content\/uploads\/2026\/01\/600-77.webp);\"><\/span><span class=\"counter\">93<\/span><span class=\"picto\"><img src=\"https:\/\/www.tourisme-aveyron-segala.fr\/wp-content\/plugins\/sc_travelnode\/im\/clairs\/pictoAgenda.png\"><\/span><h4 class=\"titreFiche\">Ap\u00e9ro-concert dansant - \"venez valser !\"<\/h4><span class=\"commmune\">La Salvetat-Peyral\u00e8s<\/span><span class=\"criteres\"><span class=\"periode\">- Saturday 11\/07\/2026<\/span><span class=\"comment\"> 12h<\/span>  <br><\/span><\/a><\/li><li data-tn_identifier=\"12021-FMA-20171122095837442\" data-counterTxt=\"94\" data-tn_code=|02.01.03|02.01.03.01.26|02.01.03.01.22|02.01.03.03.16 ><a href=\"https:\/\/www.tourisme-aveyron-segala.fr\/en\/oit\/soiree-du-13-juillet-a-vabre-tizac-2\/?lis_id=7\" title=\"Read more...\"><span class=\"symbole imageAgenda\"><\/span><span class=\"vignette\" style=\"background-image:url(https:\/\/www.tourisme-aveyron-segala.fr\/wp-content\/uploads\/2025\/11\/600-76.webp);\"><\/span><span class=\"counter\">94<\/span><span class=\"picto\"><img src=\"https:\/\/www.tourisme-aveyron-segala.fr\/wp-content\/plugins\/sc_travelnode\/im\/clairs\/pictoAgenda.png\"><\/span><h4 class=\"titreFiche\">Soir\u00e9e du 13 juillet \u00e0 Vabre-Tizac<\/h4><span class=\"commmune\">Le Bas S\u00e9gala<\/span><span class=\"criteres\"><span class=\"periode\">- Monday 13\/07\/2026<\/span><span class=\"comment\"> d\u00e8s 19h<\/span>  <br><\/span><\/a><\/li><li data-tn_identifier=\"12258-FMA-20260119160412074\" data-counterTxt=\"95\" data-tn_code=|02.01.03|02.01.03.01.24|02.01.03.05.04|02.01.03.05.05|02.01.03.05.03 ><a href=\"https:\/\/www.tourisme-aveyron-segala.fr\/en\/oit\/stage-dorchestre-tous-instruments-et-tous-niveaux-4\/?lis_id=7\" title=\"Read more...\"><span class=\"symbole imageAgenda\"><\/span><span class=\"vignette\" style=\"background-image:url(https:\/\/www.tourisme-aveyron-segala.fr\/wp-content\/uploads\/2026\/01\/600-74.webp);\"><\/span><span class=\"counter\">95<\/span><span class=\"picto\"><img src=\"https:\/\/www.tourisme-aveyron-segala.fr\/wp-content\/plugins\/sc_travelnode\/im\/clairs\/pictoAgenda.png\"><\/span><h4 class=\"titreFiche\">Stage d'orchestre tous instruments et tous niveaux<\/h4><span class=\"commmune\">La Salvetat-Peyral\u00e8s<\/span><span class=\"criteres\"><span class=\"periode\">- From Monday 13\/07\/2026 to Saturday 18\/07\/2026<\/span><span class=\"jour\"> - Tous the jours<\/span>  <br><\/span><\/a><\/li><li data-tn_identifier=\"12198-FMA-20230217100907563\" data-counterTxt=\"96\" data-tn_code=|02.01.03|02.01.03.01.23|02.01.03.05.04|02.01.03.05.05|02.01.03.05.03|02.01.03.03.62 ><a href=\"https:\/\/www.tourisme-aveyron-segala.fr\/en\/oit\/rieupeyroux-balade-en-sauvete-2\/?lis_id=7\" title=\"Read more...\"><span class=\"symbole imageAgenda\"><\/span><span class=\"vignette\" style=\"background-image:url(https:\/\/www.tourisme-aveyron-segala.fr\/wp-content\/uploads\/2026\/02\/600-149.webp);\"><\/span><span class=\"counter\">96<\/span><span class=\"picto\"><img src=\"https:\/\/www.tourisme-aveyron-segala.fr\/wp-content\/plugins\/sc_travelnode\/im\/clairs\/pictoAgenda.png\"><\/span><h4 class=\"titreFiche\">Rieupeyroux \"balade en sauvet\u00e9\"<\/h4><span class=\"commmune\">Rieupeyroux<\/span><span class=\"criteres\"><span class=\"periode\">- Wednesday 15\/07\/2026<\/span><span class=\"comment\"> 10h<\/span> <span class=\"periode\">- Wednesday 22\/07\/2026<\/span><span class=\"comment\"> 10h<\/span> <span class=\"periode\">- Wednesday 19\/08\/2026<\/span><span class=\"comment\"> 10h<\/span>  <br><\/span><\/a><\/li><li data-tn_identifier=\"12021-FMA-20171109163838785\" data-counterTxt=\"97\" data-tn_code=|02.01.03|02.01.03.01.25|02.01.03.01.05|02.01.03.01.26|02.01.03.01.22|02.01.03.05.04|02.01.03.05.05|02.01.03.03.68|02.01.03.03.38|02.01.03.04.12|02.01.03.04.11|02.01.03.04.10 ><a href=\"https:\/\/www.tourisme-aveyron-segala.fr\/en\/oit\/la-bastide-leveque-en-fete-2\/?lis_id=7\" title=\"Read more...\"><span class=\"symbole imageAgenda\"><\/span><span class=\"vignette\" style=\"background-image:url(https:\/\/www.tourisme-aveyron-segala.fr\/wp-content\/uploads\/2025\/11\/600-58.webp);\"><\/span><span class=\"counter\">97<\/span><span class=\"picto\"><img src=\"https:\/\/www.tourisme-aveyron-segala.fr\/wp-content\/plugins\/sc_travelnode\/im\/clairs\/pictoAgenda.png\"><\/span><h4 class=\"titreFiche\">La Bastide l'Ev\u00eaque en f\u00eate<\/h4><span class=\"commmune\">Le Bas S\u00e9gala<\/span><span class=\"criteres\"><span class=\"periode\">- From Thursday 16\/07\/2026 to Sunday 19\/07\/2026<\/span><span class=\"jour\"> - Sunday<\/span><span class=\"jour\"> - Thirsday<\/span><span class=\"jour\"> - Friday<\/span><span class=\"jour\"> - Saturday<\/span> [...]<br><\/span><\/a><\/li><li data-tn_identifier=\"12021-FMA-20220512155354125\" data-counterTxt=\"98\" data-tn_code=|02.01.03|02.01.03.01.23|02.01.03.03.62|02.01.03.03.38|02.01.03.04.14 ><a href=\"https:\/\/www.tourisme-aveyron-segala.fr\/en\/oit\/la-bastide-leveque-visitrando-de-la-bastide-aux-martinets-du-lezert-2\/?lis_id=7\" title=\"Read more...\"><span class=\"symbole imageAgenda\"><\/span><span class=\"vignette\" style=\"background-image:url(https:\/\/www.tourisme-aveyron-segala.fr\/wp-content\/uploads\/2026\/02\/600-150.webp);\"><\/span><span class=\"counter\">98<\/span><span class=\"picto\"><img src=\"https:\/\/www.tourisme-aveyron-segala.fr\/wp-content\/plugins\/sc_travelnode\/im\/clairs\/pictoAgenda.png\"><\/span><h4 class=\"titreFiche\">La Bastide l'Ev\u00eaque \"visit'rando de la bastide aux martinets du L\u00e9zert\"<\/h4><span class=\"commmune\">Le Bas S\u00e9gala<\/span><span class=\"criteres\"><span class=\"periode\">- Thursday 16\/07\/2026<\/span><span class=\"comment\"> 14h30<\/span> <span class=\"periode\">- Thursday 23\/07\/2026<\/span><span class=\"comment\"> 14h30<\/span> <span class=\"periode\">- Thursday 30\/07\/2026<\/span><span class=\"comment\"> 14h30<\/span> <span class=\"periode\">- [...]<br><\/span><\/a><\/li><li data-tn_identifier=\"12021-FMA-2022051216012854\" data-counterTxt=\"99\" data-tn_code=|02.01.03|02.01.03.01.23|02.01.03.03.62 ><a href=\"https:\/\/www.tourisme-aveyron-segala.fr\/en\/oit\/visite-avec-les-habitants-vabre-tizac-fort-villageois-et-vie-dautrefois-2\/?lis_id=7\" title=\"Read more...\"><span class=\"symbole imageAgenda\"><\/span><span class=\"vignette\" style=\"background-image:url(https:\/\/www.tourisme-aveyron-segala.fr\/wp-content\/uploads\/2026\/02\/600-147.webp);\"><\/span><span class=\"counter\">99<\/span><span class=\"picto\"><img src=\"https:\/\/www.tourisme-aveyron-segala.fr\/wp-content\/plugins\/sc_travelnode\/im\/clairs\/pictoAgenda.png\"><\/span><h4 class=\"titreFiche\">Visite avec les habitants \"Vabre-Tizac, fort villageois et vie d'autrefois\"<\/h4><span class=\"commmune\">Le Bas S\u00e9gala<\/span><span class=\"criteres\"><span class=\"periode\">- Friday 17\/07\/2026<\/span><span class=\"comment\"> 14h<\/span> <span class=\"periode\">- Friday 07\/08\/2026<\/span><span class=\"comment\"> 14h<\/span> <span class=\"periode\">- Friday 21\/08\/2026<\/span><span class=\"comment\"> 14h<\/span>  <br><\/span><\/a><\/li><li data-tn_identifier=\"12085-FMA-20260310141445098\" data-counterTxt=\"100\" data-tn_code=|02.01.03|02.01.03.01.05|02.01.03.01.19|02.01.03.05.04 ><a href=\"https:\/\/www.tourisme-aveyron-segala.fr\/en\/oit\/compagnie-du-griffe-a-lostal-joan-bodon-2\/?lis_id=7\" title=\"Read more...\"><span class=\"symbole imageAgenda\"><\/span><span class=\"vignette\" style=\"background-image:url(https:\/\/www.tourisme-aveyron-segala.fr\/wp-content\/uploads\/2026\/03\/600-17.webp);\"><\/span><span class=\"counter\">100<\/span><span class=\"picto\"><img src=\"https:\/\/www.tourisme-aveyron-segala.fr\/wp-content\/plugins\/sc_travelnode\/im\/clairs\/pictoAgenda.png\"><\/span><h4 class=\"titreFiche\">Compagnie du Griffe \u00e0 l'Ostal Joan Bodon<\/h4><span class=\"commmune\">Crespin<\/span><span class=\"criteres\"><span class=\"periode\">- Friday 17\/07\/2026<\/span><span class=\"comment\"> \u00c0 partir de 18h30<\/span>  <br><\/span><\/a><\/li><li data-tn_identifier=\"12198-FMA-20220307091832296\" data-counterTxt=\"101\" data-tn_code=|02.01.03|02.01.03.01.25|02.01.03.01.05|02.01.03.01.26|02.01.03.01.22|02.01.03.01.19|02.01.03.03.38|02.01.03.04.11 ><a href=\"https:\/\/www.tourisme-aveyron-segala.fr\/en\/oit\/le-theron-en-fete-2\/?lis_id=7\" title=\"Read more...\"><span class=\"symbole imageAgenda\"><\/span><span class=\"vignette indisponible\">No photo<\/span><span class=\"counter\">101<\/span><span class=\"picto\"><img src=\"https:\/\/www.tourisme-aveyron-segala.fr\/wp-content\/plugins\/sc_travelnode\/im\/clairs\/pictoAgenda.png\"><\/span><h4 class=\"titreFiche\">Le Th\u00e9ron en f\u00eate<\/h4><span class=\"commmune\">Rieupeyroux<\/span><span class=\"criteres\"><span class=\"periode\">- From Saturday 18\/07\/2026 to Sunday 19\/07\/2026<\/span><span class=\"jour\"> - Sunday<\/span><span class=\"jour\"> - Saturday<\/span>  <br><\/span><\/a><\/li><li data-tn_identifier=\"12021-FMA-20171109164106330\" data-counterTxt=\"102\" data-tn_code=|02.01.03|02.01.03.01.25|02.01.03.01.26|02.01.03.01.22|02.01.03.05.04|02.01.03.05.05 ><a href=\"https:\/\/www.tourisme-aveyron-segala.fr\/en\/oit\/tizac-en-fete-2\/?lis_id=7\" title=\"Read more...\"><span class=\"symbole imageAgenda\"><\/span><span class=\"vignette\" style=\"background-image:url(https:\/\/www.tourisme-aveyron-segala.fr\/wp-content\/uploads\/2025\/11\/600-57.webp);\"><\/span><span class=\"counter\">102<\/span><span class=\"picto\"><img src=\"https:\/\/www.tourisme-aveyron-segala.fr\/wp-content\/plugins\/sc_travelnode\/im\/clairs\/pictoAgenda.png\"><\/span><h4 class=\"titreFiche\">Tizac en f\u00eate<\/h4><span class=\"commmune\">Le Bas S\u00e9gala<\/span><span class=\"criteres\"><span class=\"periode\">- Saturday 18\/07\/2026<\/span>  <br><\/span><\/a><\/li><li data-tn_identifier=\"12021-FMA-20251124123539296\" data-counterTxt=\"103\" data-tn_code=|02.01.03|02.01.03.01.05|02.01.03.05.04|02.01.03.05.05 ><a href=\"https:\/\/www.tourisme-aveyron-segala.fr\/en\/oit\/concert-piano-a-la-grange-musicale-la-bastide-leveque-2\/?lis_id=7\" title=\"Read more...\"><span class=\"symbole imageAgenda\"><\/span><span class=\"vignette\" style=\"background-image:url(https:\/\/www.tourisme-aveyron-segala.fr\/wp-content\/uploads\/2025\/11\/600-68.webp);\"><\/span><span class=\"counter\">103<\/span><span class=\"picto\"><img src=\"https:\/\/www.tourisme-aveyron-segala.fr\/wp-content\/plugins\/sc_travelnode\/im\/clairs\/pictoAgenda.png\"><\/span><h4 class=\"titreFiche\">Concert piano \u00e0 La Grange Musicale - La Bastide l'Ev\u00eaque<\/h4><span class=\"commmune\">Le Bas S\u00e9gala<\/span><span class=\"criteres\"><span class=\"periode\">- Saturday 18\/07\/2026<\/span>  <br><\/span><\/a><\/li><li data-tn_identifier=\"12258-FMA-20260119162830397\" data-counterTxt=\"104\" data-tn_code=|02.01.03|02.01.03.01.25|02.01.03.01.05|02.01.03.05.04|02.01.03.05.05|02.01.03.04.02 ><a href=\"https:\/\/www.tourisme-aveyron-segala.fr\/en\/oit\/apero-concert-petites-et-grandes-heroines-2\/?lis_id=7\" title=\"Read more...\"><span class=\"symbole imageAgenda\"><\/span><span class=\"vignette\" style=\"background-image:url(https:\/\/www.tourisme-aveyron-segala.fr\/wp-content\/uploads\/2026\/01\/600-78.webp);\"><\/span><span class=\"counter\">104<\/span><span class=\"picto\"><img src=\"https:\/\/www.tourisme-aveyron-segala.fr\/wp-content\/plugins\/sc_travelnode\/im\/clairs\/pictoAgenda.png\"><\/span><h4 class=\"titreFiche\">Ap\u00e9ro-concert  - \"Petites et grandes h\u00e9ro\u00efnes\"<\/h4><span class=\"commmune\">La Salvetat-Peyral\u00e8s<\/span><span class=\"criteres\"><span class=\"periode\">- Saturday 18\/07\/2026<\/span><span class=\"comment\"> 12h<\/span>  <br><\/span><\/a><\/li><li data-tn_identifier=\"12258-FMA-20260209153511271\" data-counterTxt=\"105\" data-tn_code=|02.01.03|02.01.03.01.22|02.01.03.05.04|02.01.03.05.05|02.01.03.03.38 ><a href=\"https:\/\/www.tourisme-aveyron-segala.fr\/en\/oit\/rando-pizza-2\/?lis_id=7\" title=\"Read more...\"><span class=\"symbole imageAgenda\"><\/span><span class=\"vignette indisponible\">No photo<\/span><span class=\"counter\">105<\/span><span class=\"picto\"><img src=\"https:\/\/www.tourisme-aveyron-segala.fr\/wp-content\/plugins\/sc_travelnode\/im\/clairs\/pictoAgenda.png\"><\/span><h4 class=\"titreFiche\">Rando Pizza<\/h4><span class=\"commmune\">La Salvetat-Peyral\u00e8s<\/span><span class=\"criteres\"><span class=\"periode\">- Sunday 19\/07\/2026<\/span>  <br><\/span><\/a><\/li><li data-tn_identifier=\"12258-FMA-20230621150244821\" data-counterTxt=\"106\" data-tn_code=|02.01.03|02.01.03.01.23|02.01.03.03.62 ><a href=\"https:\/\/www.tourisme-aveyron-segala.fr\/en\/oit\/visite-avec-les-habitants-la-chapelle-de-murat-et-les-papes-du-viaur-2\/?lis_id=7\" title=\"Read more...\"><span class=\"symbole imageAgenda\"><\/span><span class=\"vignette\" style=\"background-image:url(https:\/\/www.tourisme-aveyron-segala.fr\/wp-content\/uploads\/2026\/02\/600-102.webp);\"><\/span><span class=\"counter\">106<\/span><span class=\"picto\"><img src=\"https:\/\/www.tourisme-aveyron-segala.fr\/wp-content\/plugins\/sc_travelnode\/im\/clairs\/pictoAgenda.png\"><\/span><h4 class=\"titreFiche\">Visite avec les habitants \"la chapelle de Murat et les papes du Viaur\"<\/h4><span class=\"commmune\">La Salvetat-Peyral\u00e8s<\/span><span class=\"criteres\"><span class=\"periode\">- Wednesday 22\/07\/2026<\/span><span class=\"comment\"> 10h30<\/span> <span class=\"periode\">- Wednesday 19\/08\/2026<\/span><span class=\"comment\"> 10h30<\/span> <span class=\"periode\">- Wednesday 16\/09\/2026<\/span><span class=\"comment\"> 10h30<\/span>  <br><\/span><\/a><\/li><li data-tn_identifier=\"12021-FMA-20220524164151627\" data-counterTxt=\"107\" data-tn_code=|02.01.03|02.01.03.05.05|02.01.03.01.32|02.01.03.01.23|02.01.03.05.04|02.01.03.05.03|02.01.03.04.12|02.01.03.03.62 ><a href=\"https:\/\/www.tourisme-aveyron-segala.fr\/en\/oit\/visite-ludique-en-famille-de-la-bastide-leveque-2\/?lis_id=7\" title=\"Read more...\"><span class=\"symbole imageAgenda\"><\/span><span class=\"vignette\" style=\"background-image:url(https:\/\/www.tourisme-aveyron-segala.fr\/wp-content\/uploads\/2026\/02\/600-131.webp);\"><\/span><span class=\"counter\">107<\/span><span class=\"picto\"><img src=\"https:\/\/www.tourisme-aveyron-segala.fr\/wp-content\/plugins\/sc_travelnode\/im\/clairs\/pictoAgenda.png\"><\/span><h4 class=\"titreFiche\">Visite curieuse en famille de La Bastide l'Ev\u00eaque<\/h4><span class=\"commmune\">Le Bas S\u00e9gala<\/span><span class=\"criteres\"><span class=\"periode\">- Friday 24\/07\/2026<\/span><span class=\"comment\"> 15h<\/span> <span class=\"periode\">- Friday 07\/08\/2026<\/span><span class=\"comment\"> 15h<\/span> <span class=\"periode\">- Friday 21\/08\/2026<\/span><span class=\"comment\"> 15h<\/span>  <br><\/span><\/a><\/li><li data-tn_identifier=\"12258-FMA-20260119163307238\" data-counterTxt=\"108\" data-tn_code=|02.01.03|02.01.03.01.25|02.01.03.01.05|02.01.03.05.04|02.01.03.05.05|02.01.03.04.02 ><a href=\"https:\/\/www.tourisme-aveyron-segala.fr\/en\/oit\/apero-concert-fostival-2\/?lis_id=7\" title=\"Read more...\"><span class=\"symbole imageAgenda\"><\/span><span class=\"vignette\" style=\"background-image:url(https:\/\/www.tourisme-aveyron-segala.fr\/wp-content\/uploads\/2026\/01\/600-79.webp);\"><\/span><span class=\"counter\">108<\/span><span class=\"picto\"><img src=\"https:\/\/www.tourisme-aveyron-segala.fr\/wp-content\/plugins\/sc_travelnode\/im\/clairs\/pictoAgenda.png\"><\/span><h4 class=\"titreFiche\">Ap\u00e9ro-concert  - Fos'tival<\/h4><span class=\"commmune\">La Salvetat-Peyral\u00e8s<\/span><span class=\"criteres\"><span class=\"periode\">- Saturday 25\/07\/2026<\/span><span class=\"comment\"> 18h30<\/span>  <br><\/span><\/a><\/li><li data-tn_identifier=\"12198-FMA-20230130095255982\" data-counterTxt=\"109\" data-tn_code=|02.01.03|02.01.03.05.05|02.01.03.01.32|02.01.03.01.23|02.01.03.05.04|02.01.03.05.03|02.01.03.04.12|02.01.03.03.62 ><a href=\"https:\/\/www.tourisme-aveyron-segala.fr\/en\/oit\/visite-familiale-dans-tous-les-sens-2\/?lis_id=7\" title=\"Read more...\"><span class=\"symbole imageAgenda\"><\/span><span class=\"vignette\" style=\"background-image:url(https:\/\/www.tourisme-aveyron-segala.fr\/wp-content\/uploads\/2026\/02\/600-140.webp);\"><\/span><span class=\"counter\">109<\/span><span class=\"picto\"><img src=\"https:\/\/www.tourisme-aveyron-segala.fr\/wp-content\/plugins\/sc_travelnode\/im\/clairs\/pictoAgenda.png\"><\/span><h4 class=\"titreFiche\">Visite en famille \"Dans tous les sens\"<\/h4><span class=\"commmune\">Rieupeyroux<\/span><span class=\"criteres\"><span class=\"periode\">- Wednesday 29\/07\/2026<\/span><span class=\"comment\"> 15h<\/span> <span class=\"periode\">- Wednesday 12\/08\/2026<\/span><span class=\"comment\"> 15h<\/span> <span class=\"periode\">- Wednesday 26\/08\/2026<\/span><span class=\"comment\"> 15h<\/span>  <br><\/span><\/a><\/li><li data-tn_identifier=\"12021-FMA-20260319141520238\" data-counterTxt=\"110\" data-tn_code=|02.01.03|02.01.03.01.05|02.01.03.05.04|02.01.03.05.05 ><a href=\"https:\/\/www.tourisme-aveyron-segala.fr\/en\/oit\/recital-piano-a-la-grange-musicale-la-bastide-leveque-3-2\/?lis_id=7\" title=\"Read more...\"><span class=\"symbole imageAgenda\"><\/span><span class=\"vignette\" style=\"background-image:url(https:\/\/www.tourisme-aveyron-segala.fr\/wp-content\/uploads\/2026\/03\/600-42.webp);\"><\/span><span class=\"counter\">110<\/span><span class=\"picto\"><img src=\"https:\/\/www.tourisme-aveyron-segala.fr\/wp-content\/plugins\/sc_travelnode\/im\/clairs\/pictoAgenda.png\"><\/span><h4 class=\"titreFiche\">R\u00e9cital piano \u00e0 La Grange Musicale - La Bastide l'Ev\u00eaque<\/h4><span class=\"commmune\">Le Bas S\u00e9gala<\/span><span class=\"criteres\"><span class=\"periode\">- Wednesday 29\/07\/2026<\/span><span class=\"comment\"> 18h30<\/span>  <br><\/span><\/a><\/li><li data-tn_identifier=\"12021-FMA-20260319141520238\" data-counterTxt=\"111\" data-tn_code=|02.01.03|02.01.03.01.05|02.01.03.05.04|02.01.03.05.05 ><a href=\"https:\/\/www.tourisme-aveyron-segala.fr\/en\/oit\/recital-piano-a-la-grange-musicale-la-bastide-leveque-3\/?lis_id=7\" title=\"Read more...\"><span class=\"symbole imageAgenda\"><\/span><span class=\"vignette\" style=\"background-image:url(https:\/\/www.tourisme-aveyron-segala.fr\/wp-content\/uploads\/2026\/03\/600-43.webp);\"><\/span><span class=\"counter\">111<\/span><span class=\"picto\"><img src=\"https:\/\/www.tourisme-aveyron-segala.fr\/wp-content\/plugins\/sc_travelnode\/im\/clairs\/pictoAgenda.png\"><\/span><h4 class=\"titreFiche\">R\u00e9cital piano \u00e0 La Grange Musicale - La Bastide l'Ev\u00eaque<\/h4><span class=\"commmune\">Le Bas S\u00e9gala<\/span><span class=\"criteres\"><span class=\"periode\">- Wednesday 29\/07\/2026<\/span><span class=\"comment\"> 18h30<\/span>  <br><\/span><\/a><\/li><li data-tn_identifier=\"12021-FMA-20220531155514757\" data-counterTxt=\"112\" data-tn_code=|02.01.03|02.01.03.05.04|02.01.03.05.05|02.01.03.03.66 ><a href=\"https:\/\/www.tourisme-aveyron-segala.fr\/en\/oit\/soiree-cinema-en-plein-air-a-la-bastide-leveque-2\/?lis_id=7\" title=\"Read more...\"><span class=\"symbole imageAgenda\"><\/span><span class=\"vignette\" style=\"background-image:url(https:\/\/www.tourisme-aveyron-segala.fr\/wp-content\/uploads\/2025\/12\/600-8.webp);\"><\/span><span class=\"counter\">112<\/span><span class=\"picto\"><img src=\"https:\/\/www.tourisme-aveyron-segala.fr\/wp-content\/plugins\/sc_travelnode\/im\/clairs\/pictoAgenda.png\"><\/span><h4 class=\"titreFiche\">Soir\u00e9e cin\u00e9ma en plein air \u00e0 La Bastide l'Ev\u00eaque<\/h4><span class=\"commmune\">Le Bas S\u00e9gala<\/span><span class=\"criteres\"><span class=\"periode\">- Friday 31\/07\/2026<\/span><span class=\"comment\"> d\u00e8s 20h<\/span>  <br><\/span><\/a><\/li><li data-tn_identifier=\"12198-FMA-20260226152737102\" data-counterTxt=\"113\" data-tn_code=|02.01.03|02.01.03.05.04|02.01.03.03.38 ><a href=\"https:\/\/www.tourisme-aveyron-segala.fr\/en\/oit\/le-chemin-de-la-bessiere-2\/?lis_id=7\" title=\"Read more...\"><span class=\"symbole imageAgenda\"><\/span><span class=\"vignette\" style=\"background-image:url(https:\/\/www.tourisme-aveyron-segala.fr\/wp-content\/uploads\/2026\/02\/600-67.webp);\"><\/span><span class=\"counter\">113<\/span><span class=\"picto\"><img src=\"https:\/\/www.tourisme-aveyron-segala.fr\/wp-content\/plugins\/sc_travelnode\/im\/clairs\/pictoAgenda.png\"><\/span><h4 class=\"titreFiche\">Randonn\u00e9e - Le chemin de la Bessi\u00e8re<\/h4><span class=\"commmune\">Rieupeyroux<\/span><span class=\"criteres\"><span class=\"periode\">- Sunday 02\/08\/2026<\/span>  <br><\/span><\/a><\/li><li data-tn_identifier=\"12065-FMA-20260226153111446\" data-counterTxt=\"114\" data-tn_code=|02.01.03|02.01.03.05.04|02.01.03.03.38 ><a href=\"https:\/\/www.tourisme-aveyron-segala.fr\/en\/oit\/rando-matinale-2\/?lis_id=7\" title=\"Read more...\"><span class=\"symbole imageAgenda\"><\/span><span class=\"vignette\" style=\"background-image:url(https:\/\/www.tourisme-aveyron-segala.fr\/wp-content\/uploads\/2026\/02\/600-71.webp);\"><\/span><span class=\"counter\">114<\/span><span class=\"picto\"><img src=\"https:\/\/www.tourisme-aveyron-segala.fr\/wp-content\/plugins\/sc_travelnode\/im\/clairs\/pictoAgenda.png\"><\/span><h4 class=\"titreFiche\">Rando Matinale<\/h4><span class=\"commmune\">Centr\u00e8s<\/span><span class=\"criteres\"><span class=\"periode\">- Sunday 02\/08\/2026<\/span>  <br><\/span><\/a><\/li><li data-tn_identifier=\"12128-FMA-20230314093658972\" data-counterTxt=\"115\" data-tn_code=|02.01.03|02.01.03.01.23|02.01.03.03.62 ><a href=\"https:\/\/www.tourisme-aveyron-segala.fr\/en\/oit\/visite-de-lusine-hydroelectrique-2\/?lis_id=7\" title=\"Read more...\"><span class=\"symbole imageAgenda\"><\/span><span class=\"vignette\" style=\"background-image:url(https:\/\/www.tourisme-aveyron-segala.fr\/wp-content\/uploads\/2026\/02\/600-130.webp);\"><\/span><span class=\"counter\">115<\/span><span class=\"picto\"><img src=\"https:\/\/www.tourisme-aveyron-segala.fr\/wp-content\/plugins\/sc_travelnode\/im\/clairs\/pictoAgenda.png\"><\/span><h4 class=\"titreFiche\">Visite de l'usine hydro\u00e9lectrique<\/h4><span class=\"commmune\">Lescure-Jaoul<\/span><span class=\"criteres\"><span class=\"periode\">- Tuesday 04\/08\/2026<\/span><span class=\"comment\"> 10h<\/span>  <br><\/span><\/a><\/li><li data-tn_identifier=\"12198-FMA-20240626113031994\" data-counterTxt=\"116\" data-tn_code=|02.01.03|02.01.03.01.10|02.01.03.01.19|02.01.03.01.20|02.01.03.05.04|02.01.03.05.05|02.01.03.03.12|02.01.03.04.12|02.01.03.04.02 ><a href=\"https:\/\/www.tourisme-aveyron-segala.fr\/en\/oit\/festival-en-bastides-a-rieupeyroux-2\/?lis_id=7\" title=\"Read more...\"><span class=\"symbole imageAgenda\"><\/span><span class=\"vignette\" style=\"background-image:url(https:\/\/www.tourisme-aveyron-segala.fr\/wp-content\/uploads\/2026\/04\/600-107.webp);\"><\/span><span class=\"counter\">116<\/span><span class=\"picto\"><img src=\"https:\/\/www.tourisme-aveyron-segala.fr\/wp-content\/plugins\/sc_travelnode\/im\/clairs\/pictoAgenda.png\"><\/span><h4 class=\"titreFiche\">Festival en Bastides \u00e0 Rieupeyroux<\/h4><span class=\"commmune\">Rieupeyroux<\/span><span class=\"criteres\"><span class=\"periode\">- Tuesday 04\/08\/2026<\/span>  <br><\/span><\/a><\/li><li data-tn_identifier=\"12021-FMA-20180104155519784\" data-counterTxt=\"117\" data-tn_code=|02.01.03|02.01.03.01.25|02.01.03.01.05|02.01.03.01.26|02.01.03.01.29|02.01.03.01.30|02.01.03.01.22|02.01.03.05.04|02.01.03.05.05|02.01.03.03.68 ><a href=\"https:\/\/www.tourisme-aveyron-segala.fr\/en\/oit\/saint-salvadou-en-fete-2\/?lis_id=7\" title=\"Read more...\"><span class=\"symbole imageAgenda\"><\/span><span class=\"vignette\" style=\"background-image:url(https:\/\/www.tourisme-aveyron-segala.fr\/wp-content\/uploads\/2025\/11\/600-60.webp);\"><\/span><span class=\"counter\">117<\/span><span class=\"picto\"><img src=\"https:\/\/www.tourisme-aveyron-segala.fr\/wp-content\/plugins\/sc_travelnode\/im\/clairs\/pictoAgenda.png\"><\/span><h4 class=\"titreFiche\">Saint-Salvadou en f\u00eate<\/h4><span class=\"commmune\">Le Bas S\u00e9gala<\/span><span class=\"criteres\"><span class=\"periode\">- From Friday 07\/08\/2026 to Sunday 09\/08\/2026<\/span><span class=\"jour\"> - Sunday<\/span><span class=\"jour\"> - Friday<\/span><span class=\"jour\"> - Saturday<\/span>  <br><\/span><\/a><\/li><li data-tn_identifier=\"12085-FMA-20260310142256622\" data-counterTxt=\"118\" data-tn_code=|02.01.03|02.01.03.01.05|02.01.03.01.19|02.01.03.05.04 ><a href=\"https:\/\/www.tourisme-aveyron-segala.fr\/en\/oit\/soiree-festive-a-lostal-joan-bodon-2\/?lis_id=7\" title=\"Read more...\"><span class=\"symbole imageAgenda\"><\/span><span class=\"vignette\" style=\"background-image:url(https:\/\/www.tourisme-aveyron-segala.fr\/wp-content\/uploads\/2026\/03\/600-18.webp);\"><\/span><span class=\"counter\">118<\/span><span class=\"picto\"><img src=\"https:\/\/www.tourisme-aveyron-segala.fr\/wp-content\/plugins\/sc_travelnode\/im\/clairs\/pictoAgenda.png\"><\/span><h4 class=\"titreFiche\">Soir\u00e9e festive \u00e0 l'Ostal Joan Bodon<\/h4><span class=\"commmune\">Crespin<\/span><span class=\"criteres\"><span class=\"periode\">- Friday 07\/08\/2026<\/span><span class=\"comment\"> \u00c0 partir de 18h30<\/span>  <br><\/span><\/a><\/li><li data-tn_identifier=\"12021-FMA-20230117145555486\" data-counterTxt=\"119\" data-tn_code=|02.01.03|02.01.03.01.26|02.01.03.05.04|02.01.03.05.05 ><a href=\"https:\/\/www.tourisme-aveyron-segala.fr\/en\/oit\/exposition-de-retrocyclettes-a-saint-salvadou-2\/?lis_id=7\" title=\"Read more...\"><span class=\"symbole imageAgenda\"><\/span><span class=\"vignette\" style=\"background-image:url(https:\/\/www.tourisme-aveyron-segala.fr\/wp-content\/uploads\/2025\/11\/600-59.webp);\"><\/span><span class=\"counter\">119<\/span><span class=\"picto\"><img src=\"https:\/\/www.tourisme-aveyron-segala.fr\/wp-content\/plugins\/sc_travelnode\/im\/clairs\/pictoAgenda.png\"><\/span><h4 class=\"titreFiche\">Exposition de r\u00e9trocyclettes \u00e0 Saint-Salvadou<\/h4><span class=\"commmune\">Le Bas S\u00e9gala<\/span><span class=\"criteres\"><span class=\"periode\">- Sunday 09\/08\/2026<\/span>  <br><\/span><\/a><\/li><li data-tn_identifier=\"12021-FMA-20260116162321204\" data-counterTxt=\"120\" data-tn_code=|02.01.03|02.01.03.01.05|02.01.03.05.04|02.01.03.05.05 ><a href=\"https:\/\/www.tourisme-aveyron-segala.fr\/en\/oit\/concert-recital-piano-a-la-grange-musicale-la-bastide-leveque-2\/?lis_id=7\" title=\"Read more...\"><span class=\"symbole imageAgenda\"><\/span><span class=\"vignette\" style=\"background-image:url(https:\/\/www.tourisme-aveyron-segala.fr\/wp-content\/uploads\/2026\/01\/600-60.webp);\"><\/span><span class=\"counter\">120<\/span><span class=\"picto\"><img src=\"https:\/\/www.tourisme-aveyron-segala.fr\/wp-content\/plugins\/sc_travelnode\/im\/clairs\/pictoAgenda.png\"><\/span><h4 class=\"titreFiche\">R\u00e9cital piano \u00e0 La Grange Musicale - La Bastide l'Ev\u00eaque<\/h4><span class=\"commmune\">Le Bas S\u00e9gala<\/span><span class=\"criteres\"><span class=\"periode\">- Saturday 15\/08\/2026<\/span>  <br><\/span><\/a><\/li><li data-tn_identifier=\"12258-FMA-20260119160648514\" data-counterTxt=\"121\" data-tn_code=|02.01.03|02.01.03.01.24|02.01.03.05.04|02.01.03.05.05|02.01.03.05.03 ><a href=\"https:\/\/www.tourisme-aveyron-segala.fr\/en\/oit\/stage-de-violoncelle-et-claviers-percussions-2\/?lis_id=7\" title=\"Read more...\"><span class=\"symbole imageAgenda\"><\/span><span class=\"vignette\" style=\"background-image:url(https:\/\/www.tourisme-aveyron-segala.fr\/wp-content\/uploads\/2026\/01\/600-75.webp);\"><\/span><span class=\"counter\">121<\/span><span class=\"picto\"><img src=\"https:\/\/www.tourisme-aveyron-segala.fr\/wp-content\/plugins\/sc_travelnode\/im\/clairs\/pictoAgenda.png\"><\/span><h4 class=\"titreFiche\">Stage de violoncelle et claviers\/percussions<\/h4><span class=\"commmune\">La Salvetat-Peyral\u00e8s<\/span><span class=\"criteres\"><span class=\"periode\">- From Monday 17\/08\/2026 to Saturday 22\/08\/2026<\/span><span class=\"jour\"> - Tous the jours<\/span>  <br><\/span><\/a><\/li><li data-tn_identifier=\"12021-FMA-20260319141715261\" data-counterTxt=\"122\" data-tn_code=|02.01.03|02.01.03.01.05|02.01.03.05.04|02.01.03.05.05 ><a href=\"https:\/\/www.tourisme-aveyron-segala.fr\/en\/oit\/concert-cordes-de-musiques-traditionnelles-scandinaves-a-la-grange-musicale-la-bastide-leveque-2\/?lis_id=7\" title=\"Read more...\"><span class=\"symbole imageAgenda\"><\/span><span class=\"vignette\" style=\"background-image:url(https:\/\/www.tourisme-aveyron-segala.fr\/wp-content\/uploads\/2026\/03\/600-44.webp);\"><\/span><span class=\"counter\">122<\/span><span class=\"picto\"><img src=\"https:\/\/www.tourisme-aveyron-segala.fr\/wp-content\/plugins\/sc_travelnode\/im\/clairs\/pictoAgenda.png\"><\/span><h4 class=\"titreFiche\">Concert cordes de musiques traditionnelles scandinaves \u00e0 La Grange Musicale - La Bastide l'Ev\u00eaque<\/h4><span class=\"commmune\">Le Bas S\u00e9gala<\/span><span class=\"criteres\"><span class=\"periode\">- Monday 17\/08\/2026<\/span><span class=\"comment\"> 18h30<\/span>  <br><\/span><\/a><\/li><li data-tn_identifier=\"12021-FMA-20260319141715261\" data-counterTxt=\"123\" data-tn_code=|02.01.03|02.01.03.01.05|02.01.03.05.04|02.01.03.05.05 ><a href=\"https:\/\/www.tourisme-aveyron-segala.fr\/en\/oit\/concert-cordes-de-musiques-traditionnelles-scandinaves-a-la-grange-musicale-la-bastide-leveque-3\/?lis_id=7\" title=\"Read more...\"><span class=\"symbole imageAgenda\"><\/span><span class=\"vignette\" style=\"background-image:url(https:\/\/www.tourisme-aveyron-segala.fr\/wp-content\/uploads\/2026\/03\/600-44.webp);\"><\/span><span class=\"counter\">123<\/span><span class=\"picto\"><img src=\"https:\/\/www.tourisme-aveyron-segala.fr\/wp-content\/plugins\/sc_travelnode\/im\/clairs\/pictoAgenda.png\"><\/span><h4 class=\"titreFiche\">Concert cordes de musiques traditionnelles scandinaves \u00e0 La Grange Musicale - La Bastide l'Ev\u00eaque<\/h4><span class=\"commmune\">Le Bas S\u00e9gala<\/span><span class=\"criteres\"><span class=\"periode\">- Monday 17\/08\/2026<\/span><span class=\"comment\"> 18h30<\/span>  <br><\/span><\/a><\/li><li data-tn_identifier=\"12021-FMA-20200124102520281\" data-counterTxt=\"124\" data-tn_code=|02.01.03|02.01.03.03.38 ><a href=\"https:\/\/www.tourisme-aveyron-segala.fr\/en\/oit\/randonnee-semi-nocturne-autour-de-la-bastide-leveque-2\/?lis_id=7\" title=\"Read more...\"><span class=\"symbole imageAgenda\"><\/span><span class=\"vignette\" style=\"background-image:url(https:\/\/www.tourisme-aveyron-segala.fr\/wp-content\/uploads\/2025\/12\/600-9.webp);\"><\/span><span class=\"counter\">124<\/span><span class=\"picto\"><img src=\"https:\/\/www.tourisme-aveyron-segala.fr\/wp-content\/plugins\/sc_travelnode\/im\/clairs\/pictoAgenda.png\"><\/span><h4 class=\"titreFiche\">Randonn\u00e9e semi-nocturne autour de La Bastide l'Ev\u00eaque<\/h4><span class=\"commmune\">Le Bas S\u00e9gala<\/span><span class=\"criteres\"><span class=\"periode\">- Friday 21\/08\/2026<\/span><span class=\"comment\"> 19h<\/span>  <br><\/span><\/a><\/li><li data-tn_identifier=\"12258-FMA-20260119163647825\" data-counterTxt=\"125\" data-tn_code=|02.01.03|02.01.03.01.05|02.01.03.05.04|02.01.03.05.05 ><a href=\"https:\/\/www.tourisme-aveyron-segala.fr\/en\/oit\/apero-concert-les-grands-airs-de-la-musique-classique-2\/?lis_id=7\" title=\"Read more...\"><span class=\"symbole imageAgenda\"><\/span><span class=\"vignette\" style=\"background-image:url(https:\/\/www.tourisme-aveyron-segala.fr\/wp-content\/uploads\/2026\/01\/600-80.webp);\"><\/span><span class=\"counter\">125<\/span><span class=\"picto\"><img src=\"https:\/\/www.tourisme-aveyron-segala.fr\/wp-content\/plugins\/sc_travelnode\/im\/clairs\/pictoAgenda.png\"><\/span><h4 class=\"titreFiche\">Ap\u00e9ro-concert  - Les grands airs de la musique classique<\/h4><span class=\"commmune\">La Salvetat-Peyral\u00e8s<\/span><span class=\"criteres\"><span class=\"periode\">- Saturday 22\/08\/2026<\/span><span class=\"comment\"> 18h30<\/span>  <br><\/span><\/a><\/li><li data-tn_identifier=\"12021-FMA-20210204095919875\" data-counterTxt=\"126\" data-tn_code=|02.01.03|02.01.03.01.05|02.01.03.01.26|02.01.03.01.29|02.01.03.01.22|02.01.03.05.04|02.01.03.05.05|02.01.03.03.66|02.01.03.04.02 ><a href=\"https:\/\/www.tourisme-aveyron-segala.fr\/en\/oit\/vabre-tizac-en-fete-2\/?lis_id=7\" title=\"Read more...\"><span class=\"symbole imageAgenda\"><\/span><span class=\"vignette\" style=\"background-image:url(https:\/\/www.tourisme-aveyron-segala.fr\/wp-content\/uploads\/2025\/11\/600-75.webp);\"><\/span><span class=\"counter\">126<\/span><span class=\"picto\"><img src=\"https:\/\/www.tourisme-aveyron-segala.fr\/wp-content\/plugins\/sc_travelnode\/im\/clairs\/pictoAgenda.png\"><\/span><h4 class=\"titreFiche\">Vabre-Tizac en f\u00eate<\/h4><span class=\"commmune\">Le Bas S\u00e9gala<\/span><span class=\"criteres\"><span class=\"periode\">- From Friday 28\/08\/2026 to Sunday 30\/08\/2026<\/span><span class=\"jour\"> - Sunday<\/span><span class=\"jour\"> - Friday<\/span><span class=\"jour\"> - Saturday<\/span>  <br><\/span><\/a><\/li><li data-tn_identifier=\"12021-FMA-20210204100053939\" data-counterTxt=\"127\" data-tn_code=|02.01.03|02.01.03.05.04|02.01.03.05.05|02.01.03.04.10 ><a href=\"https:\/\/www.tourisme-aveyron-segala.fr\/en\/oit\/rando-tracteurs-anciens-a-la-bastide-leveque-2\/?lis_id=7\" title=\"Read more...\"><span class=\"symbole imageAgenda\"><\/span><span class=\"vignette\" style=\"background-image:url(https:\/\/www.tourisme-aveyron-segala.fr\/wp-content\/uploads\/2025\/11\/600-61.webp);\"><\/span><span class=\"counter\">127<\/span><span class=\"picto\"><img src=\"https:\/\/www.tourisme-aveyron-segala.fr\/wp-content\/plugins\/sc_travelnode\/im\/clairs\/pictoAgenda.png\"><\/span><h4 class=\"titreFiche\">Rando tracteurs anciens \u00e0 La Bastide l'Ev\u00eaque<\/h4><span class=\"commmune\">Le Bas S\u00e9gala<\/span><span class=\"criteres\"><span class=\"periode\">- Sunday 06\/09\/2026<\/span><span class=\"comment\"> 8h30<\/span>  <br><\/span><\/a><\/li><li data-tn_identifier=\"12198-FMA-20210814112223844\" data-counterTxt=\"128\" data-tn_code=|02.01.03|02.01.03.01.05|02.01.03.01.06|02.01.03.01.34|02.01.03.01.10|02.01.03.01.22|02.01.03.01.19|02.01.03.05.04|02.01.03.03.11|02.01.03.04.12 ><a href=\"https:\/\/www.tourisme-aveyron-segala.fr\/en\/oit\/festival-de-cinema-rencontres-a-la-campagne-2\/?lis_id=7\" title=\"Read more...\"><span class=\"symbole imageAgenda\"><\/span><span class=\"vignette\" style=\"background-image:url(https:\/\/www.tourisme-aveyron-segala.fr\/wp-content\/uploads\/2026\/02\/600-50.webp);\"><\/span><span class=\"counter\">128<\/span><span class=\"picto\"><img src=\"https:\/\/www.tourisme-aveyron-segala.fr\/wp-content\/plugins\/sc_travelnode\/im\/clairs\/pictoAgenda.png\"><\/span><h4 class=\"titreFiche\">Festival de cin\u00e9ma Rencontres...\u00e0 la campagne<\/h4><span class=\"commmune\">Rieupeyroux<\/span><span class=\"criteres\"><span class=\"periode\">- From Wednesday 09\/09\/2026 to Sunday 13\/09\/2026<\/span><span class=\"jour\"> - Sunday<\/span><span class=\"jour\"> - Wednesday<\/span><span class=\"jour\"> - Thirsday<\/span><span class=\"jour\"> - Friday<\/span><span [...]<br><\/span><\/a><\/li><li data-tn_identifier=\"12021-FMA-20260409145331948\" data-counterTxt=\"129\" data-tn_code=|02.01.03|02.01.03.02.11|02.01.03.05.04|02.01.03.05.03|02.01.03.03.62|02.01.03.01.06 ><a href=\"https:\/\/www.tourisme-aveyron-segala.fr\/en\/oit\/conference-limage-dans-le-livre-la-bastide-leveque-2\/?lis_id=7\" title=\"Read more...\"><span class=\"symbole imageAgenda\"><\/span><span class=\"vignette\" style=\"background-image:url(https:\/\/www.tourisme-aveyron-segala.fr\/wp-content\/uploads\/2026\/04\/600-18.webp);\"><\/span><span class=\"counter\">129<\/span><span class=\"picto\"><img src=\"https:\/\/www.tourisme-aveyron-segala.fr\/wp-content\/plugins\/sc_travelnode\/im\/clairs\/pictoAgenda.png\"><\/span><h4 class=\"titreFiche\">Conf\u00e9rence \"L'image dans le livre\" - La Bastide l'Ev\u00eaque<\/h4><span class=\"commmune\">Le Bas S\u00e9gala<\/span><span class=\"criteres\"><span class=\"periode\">- Friday 18\/09\/2026<\/span><span class=\"comment\"> 20h30<\/span>  <br><\/span><\/a><\/li><li data-tn_identifier=\"12021-FMA-20190212110511927\" data-counterTxt=\"130\" data-tn_code=|02.01.03|02.01.03.05.04|02.01.03.05.05|02.01.03.03.61|02.01.03.04.10 ><a href=\"https:\/\/www.tourisme-aveyron-segala.fr\/en\/oit\/rassemblement-motos-ancetres-a-saint-salvadou-2\/?lis_id=7\" title=\"Read more...\"><span class=\"symbole imageAgenda\"><\/span><span class=\"vignette\" style=\"background-image:url(https:\/\/www.tourisme-aveyron-segala.fr\/wp-content\/uploads\/2025\/11\/600-62.webp);\"><\/span><span class=\"counter\">130<\/span><span class=\"picto\"><img src=\"https:\/\/www.tourisme-aveyron-segala.fr\/wp-content\/plugins\/sc_travelnode\/im\/clairs\/pictoAgenda.png\"><\/span><h4 class=\"titreFiche\">Rassemblement motos \"anc\u00eatres\" \u00e0 Saint-Salvadou<\/h4><span class=\"commmune\">Le Bas S\u00e9gala<\/span><span class=\"criteres\"><span class=\"periode\">- From Saturday 03\/10\/2026 to Sunday 04\/10\/2026<\/span><span class=\"jour\"> - Sunday<\/span><span class=\"jour\"> - Saturday<\/span>  <br><\/span><\/a><\/li><li data-tn_identifier=\"12194-FMA-20260226155451604\" data-counterTxt=\"131\" data-tn_code=|02.01.03|02.01.03.05.04|02.01.03.03.38 ><a href=\"https:\/\/www.tourisme-aveyron-segala.fr\/en\/oit\/la-quinsoise-2\/?lis_id=7\" title=\"Read more...\"><span class=\"symbole imageAgenda\"><\/span><span class=\"vignette\" style=\"background-image:url(https:\/\/www.tourisme-aveyron-segala.fr\/wp-content\/uploads\/2026\/02\/600-72.webp);\"><\/span><span class=\"counter\">131<\/span><span class=\"picto\"><img src=\"https:\/\/www.tourisme-aveyron-segala.fr\/wp-content\/plugins\/sc_travelnode\/im\/clairs\/pictoAgenda.png\"><\/span><h4 class=\"titreFiche\">La Quinsoise<\/h4><span class=\"commmune\">Quins<\/span><span class=\"criteres\"><span class=\"periode\">- Sunday 04\/10\/2026<\/span>  <br><\/span><\/a><\/li><li data-tn_identifier=\"12021-FMA-20250922100659794\" data-counterTxt=\"132\" data-tn_code=|02.01.03|02.01.03.01.05|02.01.03.05.04|02.01.03.05.05 ><a href=\"https:\/\/www.tourisme-aveyron-segala.fr\/en\/oit\/soiree-chantons-tous-en-choeur-a-la-bastide-leveque-2\/?lis_id=7\" title=\"Read more...\"><span class=\"symbole imageAgenda\"><\/span><span class=\"vignette\" style=\"background-image:url(https:\/\/www.tourisme-aveyron-segala.fr\/wp-content\/uploads\/2025\/12\/600-12.webp);\"><\/span><span class=\"counter\">132<\/span><span class=\"picto\"><img src=\"https:\/\/www.tourisme-aveyron-segala.fr\/wp-content\/plugins\/sc_travelnode\/im\/clairs\/pictoAgenda.png\"><\/span><h4 class=\"titreFiche\">Soir\u00e9e \"chantons tous en choeur\" \u00e0 La Bastide l'Ev\u00eaque<\/h4><span class=\"commmune\">Le Bas S\u00e9gala<\/span><span class=\"criteres\"><span class=\"periode\">- Friday 09\/10\/2026<\/span><span class=\"comment\"> 20h30<\/span>  <br><\/span><\/a><\/li><li data-tn_identifier=\"12198-FMA-20260409145906495\" data-counterTxt=\"133\" data-tn_code=|02.01.03|02.01.03.05.03|02.01.03.03.62|02.01.03.01.06|02.01.03.05.04 ><a href=\"https:\/\/www.tourisme-aveyron-segala.fr\/en\/oit\/conference-patrimoines-et-ruralite-2\/?lis_id=7\" title=\"Read more...\"><span class=\"symbole imageAgenda\"><\/span><span class=\"vignette indisponible\">No photo<\/span><span class=\"counter\">133<\/span><span class=\"picto\"><img src=\"https:\/\/www.tourisme-aveyron-segala.fr\/wp-content\/plugins\/sc_travelnode\/im\/clairs\/pictoAgenda.png\"><\/span><h4 class=\"titreFiche\">Conf\u00e9rence \"Patrimoine(s) et ruralit\u00e9\"<\/h4><span class=\"commmune\">Rieupeyroux<\/span><span class=\"criteres\"><span class=\"periode\">- Friday 09\/10\/2026<\/span><span class=\"comment\"> 20h<\/span>  <br><\/span><\/a><\/li><li data-tn_identifier=\"12021-FMA-20181017095617543\" data-counterTxt=\"134\" data-tn_code=|02.01.03|02.01.03.05.04|02.01.03.04.11 ><a href=\"https:\/\/www.tourisme-aveyron-segala.fr\/en\/oit\/quine-de-animation-culture-patrimoine-a-la-bastide-leveque-2\/?lis_id=7\" title=\"Read more...\"><span class=\"symbole imageAgenda\"><\/span><span class=\"vignette\" style=\"background-image:url(https:\/\/www.tourisme-aveyron-segala.fr\/wp-content\/uploads\/2025\/12\/600-10.webp);\"><\/span><span class=\"counter\">134<\/span><span class=\"picto\"><img src=\"https:\/\/www.tourisme-aveyron-segala.fr\/wp-content\/plugins\/sc_travelnode\/im\/clairs\/pictoAgenda.png\"><\/span><h4 class=\"titreFiche\">Quine de Animation Culture Patrimoine \u00e0 La Bastide l'Ev\u00eaque<\/h4><span class=\"commmune\">Le Bas S\u00e9gala<\/span><span class=\"criteres\"><span class=\"periode\">- Saturday 17\/10\/2026<\/span><span class=\"comment\"> 20h30<\/span>  <br><\/span><\/a><\/li><li data-tn_identifier=\"12021-FMA-20260409152502511\" data-counterTxt=\"135\" data-tn_code=|02.01.03|02.01.03.05.03|02.01.03.01.23|02.01.03.03.62|02.01.03.05.04 ><a href=\"https:\/\/www.tourisme-aveyron-segala.fr\/en\/oit\/visite-thematique-le-renouveau-des-eglises-au-xixe-siecle-saint-salvadou-2\/?lis_id=7\" title=\"Read more...\"><span class=\"symbole imageAgenda\"><\/span><span class=\"vignette\" style=\"background-image:url(https:\/\/www.tourisme-aveyron-segala.fr\/wp-content\/uploads\/2026\/04\/600-20.webp);\"><\/span><span class=\"counter\">135<\/span><span class=\"picto\"><img src=\"https:\/\/www.tourisme-aveyron-segala.fr\/wp-content\/plugins\/sc_travelnode\/im\/clairs\/pictoAgenda.png\"><\/span><h4 class=\"titreFiche\">Visite th\u00e9matique \"Le renouveau des \u00e9glises au XIXe si\u00e8cle\" - Saint-Salvadou<\/h4><span class=\"commmune\">Le Bas S\u00e9gala<\/span><span class=\"criteres\"><span class=\"periode\">- Saturday 17\/10\/2026<\/span><span class=\"comment\"> 10h<\/span>  <br><\/span><\/a><\/li><li data-tn_identifier=\"12262-FMA-20261017154655068\" data-counterTxt=\"136\" data-tn_code=|02.01.03|02.01.03.04.19|02.01.03.01.36 ><a href=\"https:\/\/www.tourisme-aveyron-segala.fr\/en\/oit\/atelier-ceramique-7\/?lis_id=7\" title=\"Read more...\"><span class=\"symbole imageAgenda\"><\/span><span class=\"vignette\" style=\"background-image:url(https:\/\/www.tourisme-aveyron-segala.fr\/wp-content\/uploads\/2026\/04\/600-70.webp);\"><\/span><span class=\"counter\">136<\/span><span class=\"picto\"><img src=\"https:\/\/www.tourisme-aveyron-segala.fr\/wp-content\/plugins\/sc_travelnode\/im\/clairs\/pictoAgenda.png\"><\/span><h4 class=\"titreFiche\">Atelier c\u00e9ramique<\/h4><span class=\"commmune\">Sauveterre-de-Rouergue<\/span><span class=\"criteres\"><span class=\"periode\">- Saturday 17\/10\/2026<\/span><span class=\"comment\"> de 10 h 30 \u00e0 12 h 30 et de 14 h \u00e0 16 h<\/span> [...]<br><\/span><\/a><\/li><li data-tn_identifier=\"12065-FMA-20260226155833010\" data-counterTxt=\"137\" data-tn_code=|02.01.03|02.01.03.05.04|02.01.03.03.38 ><a href=\"https:\/\/www.tourisme-aveyron-segala.fr\/en\/oit\/rando-gourmande-2\/?lis_id=7\" title=\"Read more...\"><span class=\"symbole imageAgenda\"><\/span><span class=\"vignette\" style=\"background-image:url(https:\/\/www.tourisme-aveyron-segala.fr\/wp-content\/uploads\/2026\/02\/600-97.webp);\"><\/span><span class=\"counter\">137<\/span><span class=\"picto\"><img src=\"https:\/\/www.tourisme-aveyron-segala.fr\/wp-content\/plugins\/sc_travelnode\/im\/clairs\/pictoAgenda.png\"><\/span><h4 class=\"titreFiche\">Rando Gourmande<\/h4><span class=\"commmune\">Centr\u00e8s<\/span><span class=\"criteres\"><span class=\"periode\">- Sunday 18\/10\/2026<\/span>  <br><\/span><\/a><\/li><li data-tn_identifier=\"12262-FMA-20260226160149616\" data-counterTxt=\"138\" data-tn_code=|02.01.03|02.01.03.05.04|02.01.03.03.38 ><a href=\"https:\/\/www.tourisme-aveyron-segala.fr\/en\/oit\/decouverte-des-travers-segali-2\/?lis_id=7\" title=\"Read more...\"><span class=\"symbole imageAgenda\"><\/span><span class=\"vignette\" style=\"background-image:url(https:\/\/www.tourisme-aveyron-segala.fr\/wp-content\/uploads\/2026\/02\/600-98.webp);\"><\/span><span class=\"counter\">138<\/span><span class=\"picto\"><img src=\"https:\/\/www.tourisme-aveyron-segala.fr\/wp-content\/plugins\/sc_travelnode\/im\/clairs\/pictoAgenda.png\"><\/span><h4 class=\"titreFiche\">D\u00e9couverte des travers S\u00e9gali<\/h4><span class=\"commmune\">Sauveterre-de-Rouergue<\/span><span class=\"criteres\"><span class=\"periode\">- Saturday 24\/10\/2026<\/span>  <br><\/span><\/a><\/li><li data-tn_identifier=\"12262-FMA-20261024154655374\" data-counterTxt=\"139\" data-tn_code=|02.01.03|02.01.03.04.19|02.01.03.01.36 ><a href=\"https:\/\/www.tourisme-aveyron-segala.fr\/en\/oit\/atelier-ceramique-6\/?lis_id=7\" title=\"Read more...\"><span class=\"symbole imageAgenda\"><\/span><span class=\"vignette\" style=\"background-image:url(https:\/\/www.tourisme-aveyron-segala.fr\/wp-content\/uploads\/2026\/04\/600-69.webp);\"><\/span><span class=\"counter\">139<\/span><span class=\"picto\"><img src=\"https:\/\/www.tourisme-aveyron-segala.fr\/wp-content\/plugins\/sc_travelnode\/im\/clairs\/pictoAgenda.png\"><\/span><h4 class=\"titreFiche\">Atelier c\u00e9ramique<\/h4><span class=\"commmune\">Sauveterre-de-Rouergue<\/span><span class=\"criteres\"><span class=\"periode\">- Saturday 24\/10\/2026<\/span><span class=\"comment\"> de 10 h 30 \u00e0 12 h 30 et de 14 h \u00e0 16 h<\/span> [...]<br><\/span><\/a><\/li><li data-tn_identifier=\"12085-FMA-20260310143530358\" data-counterTxt=\"140\" data-tn_code=|02.01.03|02.01.03.05.04|02.01.03.04.12 ><a href=\"https:\/\/www.tourisme-aveyron-segala.fr\/en\/oit\/halloween-a-lostal-joan-bodon-2\/?lis_id=7\" title=\"Read more...\"><span class=\"symbole imageAgenda\"><\/span><span class=\"vignette\" style=\"background-image:url(https:\/\/www.tourisme-aveyron-segala.fr\/wp-content\/uploads\/2026\/03\/600-19.webp);\"><\/span><span class=\"counter\">140<\/span><span class=\"picto\"><img src=\"https:\/\/www.tourisme-aveyron-segala.fr\/wp-content\/plugins\/sc_travelnode\/im\/clairs\/pictoAgenda.png\"><\/span><h4 class=\"titreFiche\">Halloween \u00e0 l'Ostal Joan Bodon<\/h4><span class=\"commmune\">Crespin<\/span><span class=\"criteres\"><span class=\"periode\">- From Thursday 29\/10\/2026 to Friday 30\/10\/2026<\/span><span class=\"comment\"> Horaires nc<\/span><span class=\"jour\"> - Thirsday<\/span><span class=\"jour\"> - Friday<\/span>  <br><\/span><\/a><\/li><li data-tn_identifier=\"12262-FMA-20261031154655164\" data-counterTxt=\"141\" data-tn_code=|02.01.03|02.01.03.04.19|02.01.03.01.36 ><a href=\"https:\/\/www.tourisme-aveyron-segala.fr\/en\/oit\/atelier-ceramique-5\/?lis_id=7\" title=\"Read more...\"><span class=\"symbole imageAgenda\"><\/span><span class=\"vignette\" style=\"background-image:url(https:\/\/www.tourisme-aveyron-segala.fr\/wp-content\/uploads\/2026\/04\/600-68.webp);\"><\/span><span class=\"counter\">141<\/span><span class=\"picto\"><img src=\"https:\/\/www.tourisme-aveyron-segala.fr\/wp-content\/plugins\/sc_travelnode\/im\/clairs\/pictoAgenda.png\"><\/span><h4 class=\"titreFiche\">Atelier c\u00e9ramique<\/h4><span class=\"commmune\">Sauveterre-de-Rouergue<\/span><span class=\"criteres\"><span class=\"periode\">- Saturday 31\/10\/2026<\/span><span class=\"comment\"> de 10 h 30 \u00e0 12 h 30 et de 14 h \u00e0 16 h<\/span> [...]<br><\/span><\/a><\/li><li data-tn_identifier=\"12021-FMA-20251201095645678\" data-counterTxt=\"142\" data-tn_code=|02.01.03|02.01.03.01.22|02.01.03.05.04 ><a href=\"https:\/\/www.tourisme-aveyron-segala.fr\/en\/oit\/repas-fritons-de-canards-vabre-tizac-3\/?lis_id=7\" title=\"Read more...\"><span class=\"symbole imageAgenda\"><\/span><span class=\"vignette\" style=\"background-image:url(https:\/\/www.tourisme-aveyron-segala.fr\/wp-content\/uploads\/2025\/12\/600-1.webp);\"><\/span><span class=\"counter\">142<\/span><span class=\"picto\"><img src=\"https:\/\/www.tourisme-aveyron-segala.fr\/wp-content\/plugins\/sc_travelnode\/im\/clairs\/pictoAgenda.png\"><\/span><h4 class=\"titreFiche\">Repas fritons de canards - Vabre-Tizac<\/h4><span class=\"commmune\">Le Bas S\u00e9gala<\/span><span class=\"criteres\"><span class=\"periode\">- Saturday 14\/11\/2026<\/span><span class=\"comment\"> en soir\u00e9e<\/span>  <br><\/span><\/a><\/li><li data-tn_identifier=\"12021-FMA-2023011715090994\" data-counterTxt=\"143\" data-tn_code=|02.01.03|02.01.03.01.25|02.01.03.01.22|02.01.03.05.04|02.01.03.05.05 ><a href=\"https:\/\/www.tourisme-aveyron-segala.fr\/en\/oit\/soiree-beaujolais-fritons-de-canards-a-saint-salvadou-2\/?lis_id=7\" title=\"Read more...\"><span class=\"symbole imageAgenda\"><\/span><span class=\"vignette\" style=\"background-image:url(https:\/\/www.tourisme-aveyron-segala.fr\/wp-content\/uploads\/2025\/02\/600-33.webp);\"><\/span><span class=\"counter\">143<\/span><span class=\"picto\"><img src=\"https:\/\/www.tourisme-aveyron-segala.fr\/wp-content\/plugins\/sc_travelnode\/im\/clairs\/pictoAgenda.png\"><\/span><h4 class=\"titreFiche\">Soir\u00e9e beaujolais\/fritons de canards \u00e0 Saint-Salvadou<\/h4><span class=\"commmune\">Le Bas S\u00e9gala<\/span><span class=\"criteres\"><span class=\"periode\">- Friday 20\/11\/2026<\/span><span class=\"comment\"> 20h<\/span>  <br><\/span><\/a><\/li><\/ul>\n\t<script type=\"text\/javascript\">\n\t\/* <![CDATA[ *\/\n\t\tvar sc_page = {};\n\t\tsc_page.fichesPage = [\"12262-FMA-20220602152705510\",\"12144-FMA-20250331160447505\",\"12198-FMA-2024052410011540\",\"12144-FMA-20251125114959321\",\"12262-FMA-20191212121506213\",\"12198-FMA-20210820101043286\",\"12198-FMA-20260219154644633\",\"12128-FMA-20220620150450339\",\"12258-FMA-20230831170706514\",\"12198-FMA-202308311652063\",\"12262-FMA-20250115113207722\",\"12162-FMA-20260307154650206\",\"12056-FMA-20200103164041149\",\"12057-FMA-20200506113903499\",\"12056-FMA-20250707162926332\",\"12169-FMA-20161210103302194\",\"12021-FMA-20260220084958688\",\"12056-FMA-20220413100734560\",\"12262-FMA-20250426122222686\",\"12198-FMA-20260317143532200\",\"12262-FMA-20260330111846408\",\"12262-FMA-20260330154044267\",\"12198-FMA-20260324145737110\",\"12198-FMA-20260410154654870\",\"12278-FMA-20260209133222782\",\"12262-FMA-20260326101946356\",\"12258-FMA-20260220164227975\",\"12021-FMA-20210502085323245\",\"12045-FMA-20260414105517645\",\"12021-FMA-20260409085334312\",\"12262-FMA-20260502154655391\",\"12056-FMA-20190423123123250\",\"12258-FMA-20260428091707680\",\"12278-FMA-20260423091055809\",\"12258-FMA-20250922102527369\",\"12144-FMA-20260417111700941\",\"12021-FMA-20260423091340195\",\"12198-FMA-20250801112510420\",\"12198-FMA-20260409144632476\",\"12021-FMA-20260424165518120\",\"12262-FMA-20260211152712961\",\"12262-FMA-20260226150011882\",\"12059-FMA-20220216103350490\",\"12021-FMA-20260510154634925\",\"12258-FMA-20250331141859111\",\"12258-FMA-20250708171559297\",\"12258-FMA-20260416142825001\",\"12021-FMA-20251124122440964\",\"12128-FMA-20250417171943922\",\"12258-FMA-20260416143511739\",\"12169-FMA-20190424115144144\",\"12056-FMA-20260424153243290\",\"12258-FMA-20250905095334640\",\"12258-FMA-20241211111832266\",\"12262-FMA-20260424155108765\",\"12021-FMA-20260122143222631\",\"12262-FMA-20260525154701784\",\"12190-FMA-20260424141536330\",\"12198-FMA-20230314182010294\",\"12021-FMA-20250516160618998\",\"12278-FMA-20251223134254735\",\"12056-FMA-20260119144342696\",\"12169-FMA-20260119145543554\",\"12169-FMA-20260303155003327\",\"12198-FMA-20260409150458343\",\"12234-FMA-20260414103040026\",\"12258-FMA-20260416144610281\",\"12258-FMA-20260416162528661\",\"12162-FMA-20250509102327314\",\"12258-FMA-20260416145045000\",\"12021-FMA-20240118090403539\",\"12169-FMA-20260119150425774\",\"12262-FMA-20260608154701962\",\"12278-FMA-20250407105441794\",\"12258-FMA-20260209151730374\",\"12189-FMA-20260330112324889\",\"12169-FMA-20260303155918383\",\"12065-FMA-20260330105001671\",\"12021-FMA-20240530084126313\",\"12258-FMA-20260209153707719\",\"12021-FMA-20240118091335672\",\"12198-FMA-20240206143312847\",\"12258-FMA-20260119162103087\",\"12190-FMA-20260407145628623\",\"12085-FMA-20260310140432978\",\"12021-FMA-20251124123249087\",\"12021-FMA-20210525145629875\",\"12258-FMA-20260119155611221\",\"12258-FMA-20260119160412079\",\"12258-FMA-20250328090535514\",\"12190-FMA-20220709184931449\",\"12021-FMA-20240118092628858\",\"12258-FMA-20260119162512333\",\"12021-FMA-20171122095837442\",\"12258-FMA-20260119160412074\",\"12198-FMA-20230217100907563\",\"12021-FMA-20171109163838785\",\"12021-FMA-20220512155354125\",\"12021-FMA-2022051216012854\",\"12085-FMA-20260310141445098\",\"12198-FMA-20220307091832296\",\"12021-FMA-20171109164106330\",\"12021-FMA-20251124123539296\",\"12258-FMA-20260119162830397\",\"12258-FMA-20260209153511271\",\"12258-FMA-20230621150244821\",\"12021-FMA-20220524164151627\",\"12258-FMA-20260119163307238\",\"12198-FMA-20230130095255982\",\"12021-FMA-20260319141520238\",\"12021-FMA-20260319141520238\",\"12021-FMA-20220531155514757\",\"12198-FMA-20260226152737102\",\"12065-FMA-20260226153111446\",\"12128-FMA-20230314093658972\",\"12198-FMA-20240626113031994\",\"12021-FMA-20180104155519784\",\"12085-FMA-20260310142256622\",\"12021-FMA-20230117145555486\",\"12021-FMA-20260116162321204\",\"12258-FMA-20260119160648514\",\"12021-FMA-20260319141715261\",\"12021-FMA-20260319141715261\",\"12021-FMA-20200124102520281\",\"12258-FMA-20260119163647825\",\"12021-FMA-20210204095919875\",\"12021-FMA-20210204100053939\",\"12198-FMA-20210814112223844\",\"12021-FMA-20260409145331948\",\"12021-FMA-20190212110511927\",\"12194-FMA-20260226155451604\",\"12021-FMA-20250922100659794\",\"12198-FMA-20260409145906495\",\"12021-FMA-20181017095617543\",\"12021-FMA-20260409152502511\",\"12262-FMA-20261017154655068\",\"12065-FMA-20260226155833010\",\"12262-FMA-20260226160149616\",\"12262-FMA-20261024154655374\",\"12085-FMA-20260310143530358\",\"12262-FMA-20261031154655164\",\"12021-FMA-20251201095645678\",\"12021-FMA-2023011715090994\"];\n\t\tsc_page.zoom = 11;\n\t\tsc_page.lis_id = 7;\n\t\tsc_page.current_tn_identifier = \"\";\n\t\tsc_page.current_counter_text = \"\";\n\t\/* ]]> *\/\n\t<\/script>\n\t<div id=\"carto\"><\/div>\n","protected":false},"excerpt":{"rendered":"<p> [&#8230;]<\/p>\n<p><a class=\"btn btn-secondary understrap-read-more-link\" href=\"https:\/\/www.tourisme-aveyron-segala.fr\/en\/agenda\/dates-for-your-diary\/\">Read More&#8230;<\/a><\/p>\n","protected":false},"author":1,"featured_media":15391,"parent":15250,"menu_order":0,"comment_status":"closed","ping_status":"closed","template":"page-templates\/page-listeAgenda.php","meta":[],"_links":{"self":[{"href":"https:\/\/www.tourisme-aveyron-segala.fr\/en\/wp-json\/wp\/v2\/pages\/13584"}],"collection":[{"href":"https:\/\/www.tourisme-aveyron-segala.fr\/en\/wp-json\/wp\/v2\/pages"}],"about":[{"href":"https:\/\/www.tourisme-aveyron-segala.fr\/en\/wp-json\/wp\/v2\/types\/page"}],"author":[{"embeddable":true,"href":"https:\/\/www.tourisme-aveyron-segala.fr\/en\/wp-json\/wp\/v2\/users\/1"}],"replies":[{"embeddable":true,"href":"https:\/\/www.tourisme-aveyron-segala.fr\/en\/wp-json\/wp\/v2\/comments?post=13584"}],"version-history":[{"count":2,"href":"https:\/\/www.tourisme-aveyron-segala.fr\/en\/wp-json\/wp\/v2\/pages\/13584\/revisions"}],"predecessor-version":[{"id":15268,"href":"https:\/\/www.tourisme-aveyron-segala.fr\/en\/wp-json\/wp\/v2\/pages\/13584\/revisions\/15268"}],"up":[{"embeddable":true,"href":"https:\/\/www.tourisme-aveyron-segala.fr\/en\/wp-json\/wp\/v2\/pages\/15250"}],"wp:featuredmedia":[{"embeddable":true,"href":"https:\/\/www.tourisme-aveyron-segala.fr\/en\/wp-json\/wp\/v2\/media\/15391"}],"wp:attachment":[{"href":"https:\/\/www.tourisme-aveyron-segala.fr\/en\/wp-json\/wp\/v2\/media?parent=13584"}],"curies":[{"name":"wp","href":"https:\/\/api.w.org\/{rel}","templated":true}]}}