{"version":"1.0","provider_name":"Aveyron S\u00e9gala Tourisme","provider_url":"https:\/\/www.tourisme-aveyron-segala.fr\/en\/","author_name":"ric_hochets","author_url":"https:\/\/www.tourisme-aveyron-segala.fr\/en\/author\/ric_hochets\/","title":"Cabanes \u2013 Le Martinet &gt; Aveyron S\u00e9gala Tourisme","type":"rich","width":600,"height":338,"html":"<blockquote class=\"wp-embedded-content\" data-secret=\"uPiP9t6T1H\"><a href=\"https:\/\/www.tourisme-aveyron-segala.fr\/en\/topoguides\/cabanes-le-martinet\/\">Cabanes \u2013 Le Martinet<\/a><\/blockquote><iframe sandbox=\"allow-scripts\" security=\"restricted\" src=\"https:\/\/www.tourisme-aveyron-segala.fr\/en\/topoguides\/cabanes-le-martinet\/embed\/#?secret=uPiP9t6T1H\" width=\"600\" height=\"338\" title=\"&#8220;Cabanes \u2013 Le Martinet&#8221; &#8212; Aveyron S\u00e9gala Tourisme\" data-secret=\"uPiP9t6T1H\" frameborder=\"0\" marginwidth=\"0\" marginheight=\"0\" scrolling=\"no\" class=\"wp-embedded-content\"><\/iframe><script type=\"text\/javascript\">\n\/*! This file is auto-generated *\/\n!function(d,l){\"use strict\";var e=!1,o=!1;if(l.querySelector)if(d.addEventListener)e=!0;if(d.wp=d.wp||{},!d.wp.receiveEmbedMessage)if(d.wp.receiveEmbedMessage=function(e){var t=e.data;if(t)if(t.secret||t.message||t.value)if(!\/[^a-zA-Z0-9]\/.test(t.secret)){for(var r,a,i,s=l.querySelectorAll('iframe[data-secret=\"'+t.secret+'\"]'),n=l.querySelectorAll('blockquote[data-secret=\"'+t.secret+'\"]'),o=new RegExp(\"^https?:$\",\"i\"),c=0;c<n.length;c++)n[c].style.display=\"none\";for(c=0;c<s.length;c++)if(r=s[c],e.source===r.contentWindow){if(r.removeAttribute(\"style\"),\"height\"===t.message){if(1e3<(i=parseInt(t.value,10)))i=1e3;else if(~~i<200)i=200;r.height=i}if(\"link\"===t.message)if(a=l.createElement(\"a\"),i=l.createElement(\"a\"),a.href=r.getAttribute(\"src\"),i.href=t.value,o.test(i.protocol))if(i.host===a.host)if(l.activeElement===r)d.top.location.href=t.value}}},e)d.addEventListener(\"message\",d.wp.receiveEmbedMessage,!1),l.addEventListener(\"DOMContentLoaded\",t,!1),d.addEventListener(\"load\",t,!1);function t(){if(!o){o=!0;for(var e,t,r,a=-1!==navigator.appVersion.indexOf(\"MSIE 10\"),i=!!navigator.userAgent.match(\/Trident.*rv:11\\.\/),s=l.querySelectorAll(\"iframe.wp-embedded-content\"),n=0;n<s.length;n++){if(!(r=(t=s[n]).getAttribute(\"data-secret\")))r=Math.random().toString(36).substr(2,10),t.src+=\"#?secret=\"+r,t.setAttribute(\"data-secret\",r);if(a||i)(e=t.cloneNode(!0)).removeAttribute(\"security\"),t.parentNode.replaceChild(e,t);t.contentWindow.postMessage({message:\"ready\",secret:r},\"*\")}}}}(window,document);\n<\/script>\n","thumbnail_url":"https:\/\/www.tourisme-aveyron-segala.fr\/wp-content\/uploads\/LBL-MHM-001-1.jpg","thumbnail_width":1000,"thumbnail_height":667,"description":"Cette balade est une invitation \u00e0 d\u00e9couvrir les richesses du patrimoine rural du Pays Bastidien avec tout d\u2019abord l\u2019organisation urbaine de la Bastide, le ch\u00e2teau de R\u00e9quista du XVIIe s., le village de Cabanes qui a su conserver son caract\u00e8re traditionnel, les paysages et hameaux typiques, ainsi qu\u2019une activit\u00e9 en plein essor au Moyen \u00c2ge, [...]Read More..."}