{"version":"1.0","provider_name":"Aveyron S\u00e9gala Tourisme","provider_url":"https:\/\/www.tourisme-aveyron-segala.fr\/en\/","author_name":"travelnode","author_url":"https:\/\/www.tourisme-aveyron-segala.fr\/en\/author\/travelnode\/","title":"Caminada, randonn\u00e9es organis\u00e9es (groupes) &gt; Aveyron S\u00e9gala Tourisme","type":"rich","width":600,"height":338,"html":"<blockquote class=\"wp-embedded-content\" data-secret=\"Iiebrlc8Lh\"><a href=\"https:\/\/www.tourisme-aveyron-segala.fr\/en\/oit\/caminada-randonnees-organisees-groupes-2\/\">Caminada, randonn\u00e9es organis\u00e9es (groupes)<\/a><\/blockquote><iframe sandbox=\"allow-scripts\" security=\"restricted\" src=\"https:\/\/www.tourisme-aveyron-segala.fr\/en\/oit\/caminada-randonnees-organisees-groupes-2\/embed\/#?secret=Iiebrlc8Lh\" width=\"600\" height=\"338\" title=\"&#8220;Caminada, randonn\u00e9es organis\u00e9es (groupes)&#8221; &#8212; Aveyron S\u00e9gala Tourisme\" data-secret=\"Iiebrlc8Lh\" frameborder=\"0\" marginwidth=\"0\" marginheight=\"0\" scrolling=\"no\" class=\"wp-embedded-content\"><\/iframe><script type=\"text\/javascript\">\n\/*! This file is auto-generated *\/\n!function(d,l){\"use strict\";var e=!1,o=!1;if(l.querySelector)if(d.addEventListener)e=!0;if(d.wp=d.wp||{},!d.wp.receiveEmbedMessage)if(d.wp.receiveEmbedMessage=function(e){var t=e.data;if(t)if(t.secret||t.message||t.value)if(!\/[^a-zA-Z0-9]\/.test(t.secret)){for(var r,a,i,s=l.querySelectorAll('iframe[data-secret=\"'+t.secret+'\"]'),n=l.querySelectorAll('blockquote[data-secret=\"'+t.secret+'\"]'),o=new RegExp(\"^https?:$\",\"i\"),c=0;c<n.length;c++)n[c].style.display=\"none\";for(c=0;c<s.length;c++)if(r=s[c],e.source===r.contentWindow){if(r.removeAttribute(\"style\"),\"height\"===t.message){if(1e3<(i=parseInt(t.value,10)))i=1e3;else if(~~i<200)i=200;r.height=i}if(\"link\"===t.message)if(a=l.createElement(\"a\"),i=l.createElement(\"a\"),a.href=r.getAttribute(\"src\"),i.href=t.value,o.test(i.protocol))if(i.host===a.host)if(l.activeElement===r)d.top.location.href=t.value}}},e)d.addEventListener(\"message\",d.wp.receiveEmbedMessage,!1),l.addEventListener(\"DOMContentLoaded\",t,!1),d.addEventListener(\"load\",t,!1);function t(){if(!o){o=!0;for(var e,t,r,a=-1!==navigator.appVersion.indexOf(\"MSIE 10\"),i=!!navigator.userAgent.match(\/Trident.*rv:11\\.\/),s=l.querySelectorAll(\"iframe.wp-embedded-content\"),n=0;n<s.length;n++){if(!(r=(t=s[n]).getAttribute(\"data-secret\")))r=Math.random().toString(36).substr(2,10),t.src+=\"#?secret=\"+r,t.setAttribute(\"data-secret\",r);if(a||i)(e=t.cloneNode(!0)).removeAttribute(\"security\"),t.parentNode.replaceChild(e,t);t.contentWindow.postMessage({message:\"ready\",secret:r},\"*\")}}}}(window,document);\n<\/script>\n","description":"At the Pays des Cent Vall\u00e9es, I invite you to discover the history, the legends, the past life, but also the fauna, flora and many other encounters await you. Maximum number of persons 20, possibility of more persons with an additional hiking guide. [...]Read More..."}